{"id":86,"date":"2023-01-14T14:34:42","date_gmt":"2023-01-14T14:34:42","guid":{"rendered":"https:\/\/www.combattenti-interalleati.it\/?page_id=86"},"modified":"2026-06-04T17:44:59","modified_gmt":"2026-06-04T17:44:59","slug":"foto","status":"publish","type":"page","link":"https:\/\/www.combattenti-interalleati.it\/?page_id=86","title":{"rendered":"foto"},"content":{"rendered":"<h3 style=\"text-align: center;\"><span style=\"color: #0000ff;\">SFILATA DEL 2 GIUGNO 2026\u00a0<\/span><\/h3>\n<h3 style=\"text-align: center;\"><span style=\"color: #0000ff;\"> ROMA FORI IMPERIALI<\/span><\/h3>\n<div class=\"wp-playlist wp-video-playlist wp-playlist-light\">\n\t\t<video controls=\"controls\" preload=\"none\" width=\"728\"\n\t\t height=\"410\"\t><\/video>\n\t<div class=\"wp-playlist-next\"><\/div>\n\t<div class=\"wp-playlist-prev\"><\/div>\n\t<noscript>\n\t<ol>\n\t\t<li><a href='https:\/\/www.combattenti-interalleati.it\/wp-content\/uploads\/2026\/06\/VIDEO-2026-06-02-12-55-08.mp4'>VIDEO-2026-06-02-12-55-08<\/a><\/li>\t<\/ol>\n\t<\/noscript>\n\t<script type=\"application\/json\" class=\"wp-playlist-script\">{\"type\":\"video\",\"tracklist\":true,\"tracknumbers\":true,\"images\":true,\"artists\":true,\"tracks\":[{\"src\":\"https:\/\/www.combattenti-interalleati.it\/wp-content\/uploads\/2026\/06\/VIDEO-2026-06-02-12-55-08.mp4\",\"type\":\"video\/mp4\",\"title\":\"VIDEO-2026-06-02-12-55-08\",\"caption\":\"\",\"description\":\"\",\"meta\":{\"length_formatted\":\"0:59\"},\"dimensions\":{\"original\":{\"width\":1024,\"height\":576},\"resized\":{\"width\":728,\"height\":410}},\"image\":{\"src\":\"https:\/\/www.combattenti-interalleati.it\/wp-includes\/images\/media\/video.svg\",\"width\":48,\"height\":64},\"thumb\":{\"src\":\"https:\/\/www.combattenti-interalleati.it\/wp-includes\/images\/media\/video.svg\",\"width\":48,\"height\":64}}]}<\/script>\n<\/div>\n\t\n<p>&nbsp;<\/p>\n<p>&nbsp;<\/p>\n<p>&nbsp;<\/p>\n<div id='gallery-1' class='gallery galleryid-86 gallery-columns-3 gallery-size-thumbnail'><figure class='gallery-item'>\n\t\t\t<div class='gallery-icon portrait'>\n\t\t\t\t<a href='https:\/\/www.combattenti-interalleati.it\/?attachment_id=1105'><img loading=\"lazy\" decoding=\"async\" width=\"150\" height=\"150\" src=\"https:\/\/www.combattenti-interalleati.it\/wp-content\/uploads\/2026\/06\/WhatsApp-Image-2026-06-02-at-08.19.21-150x150.jpeg\" class=\"attachment-thumbnail size-thumbnail\" alt=\"\" style=\"width:100%;height:147.17%;max-width:725px;\" \/><\/a>\n\t\t\t<\/div><\/figure><figure class='gallery-item'>\n\t\t\t<div class='gallery-icon landscape'>\n\t\t\t\t<a href='https:\/\/www.combattenti-interalleati.it\/?attachment_id=1113'><img loading=\"lazy\" decoding=\"async\" width=\"150\" height=\"150\" src=\"https:\/\/www.combattenti-interalleati.it\/wp-content\/uploads\/2026\/06\/PHOTO-2026-06-02-06-33-53-150x150.jpg\" class=\"attachment-thumbnail size-thumbnail\" alt=\"\" style=\"width:100%;height:56.25%;max-width:1600px;\" \/><\/a>\n\t\t\t<\/div><\/figure><figure class='gallery-item'>\n\t\t\t<div class='gallery-icon portrait'>\n\t\t\t\t<a href='https:\/\/www.combattenti-interalleati.it\/?attachment_id=1112'><img loading=\"lazy\" decoding=\"async\" width=\"150\" height=\"150\" src=\"https:\/\/www.combattenti-interalleati.it\/wp-content\/uploads\/2026\/06\/PHOTO-2026-06-02-06-33-15-150x150.jpg\" class=\"attachment-thumbnail size-thumbnail\" alt=\"\" style=\"width:100%;height:177.78%;max-width:900px;\" \/><\/a>\n\t\t\t<\/div><\/figure><figure class='gallery-item'>\n\t\t\t<div class='gallery-icon landscape'>\n\t\t\t\t<a href='https:\/\/www.combattenti-interalleati.it\/?attachment_id=1111'><img loading=\"lazy\" decoding=\"async\" width=\"150\" height=\"150\" src=\"https:\/\/www.combattenti-interalleati.it\/wp-content\/uploads\/2026\/06\/8-150x150.jpeg\" class=\"attachment-thumbnail size-thumbnail\" alt=\"\" style=\"width:100%;height:75%;max-width:2048px;\" \/><\/a>\n\t\t\t<\/div><\/figure><figure class='gallery-item'>\n\t\t\t<div class='gallery-icon landscape'>\n\t\t\t\t<a href='https:\/\/www.combattenti-interalleati.it\/?attachment_id=1106'><img loading=\"lazy\" decoding=\"async\" width=\"150\" height=\"150\" src=\"https:\/\/www.combattenti-interalleati.it\/wp-content\/uploads\/2026\/06\/2-150x150.jpeg\" class=\"attachment-thumbnail size-thumbnail\" alt=\"\" style=\"width:100%;height:75%;max-width:2048px;\" \/><\/a>\n\t\t\t<\/div><\/figure><figure class='gallery-item'>\n\t\t\t<div class='gallery-icon landscape'>\n\t\t\t\t<a href='https:\/\/www.combattenti-interalleati.it\/?attachment_id=1107'><img loading=\"lazy\" decoding=\"async\" width=\"150\" height=\"150\" src=\"https:\/\/www.combattenti-interalleati.it\/wp-content\/uploads\/2026\/06\/3-150x150.jpeg\" class=\"attachment-thumbnail size-thumbnail\" alt=\"\" style=\"width:100%;height:75%;max-width:2048px;\" \/><\/a>\n\t\t\t<\/div><\/figure><figure class='gallery-item'>\n\t\t\t<div class='gallery-icon landscape'>\n\t\t\t\t<a href='https:\/\/www.combattenti-interalleati.it\/?attachment_id=1108'><img loading=\"lazy\" decoding=\"async\" width=\"150\" height=\"150\" src=\"https:\/\/www.combattenti-interalleati.it\/wp-content\/uploads\/2026\/06\/4-150x150.jpeg\" class=\"attachment-thumbnail size-thumbnail\" alt=\"\" style=\"width:100%;height:75%;max-width:2048px;\" \/><\/a>\n\t\t\t<\/div><\/figure><figure class='gallery-item'>\n\t\t\t<div class='gallery-icon landscape'>\n\t\t\t\t<a href='https:\/\/www.combattenti-interalleati.it\/?attachment_id=1109'><img loading=\"lazy\" decoding=\"async\" width=\"150\" height=\"150\" src=\"https:\/\/www.combattenti-interalleati.it\/wp-content\/uploads\/2026\/06\/5-150x150.jpeg\" class=\"attachment-thumbnail size-thumbnail\" alt=\"\" style=\"width:100%;height:75%;max-width:2048px;\" \/><\/a>\n\t\t\t<\/div><\/figure><figure class='gallery-item'>\n\t\t\t<div class='gallery-icon landscape'>\n\t\t\t\t<a href='https:\/\/www.combattenti-interalleati.it\/?attachment_id=1110'><img loading=\"lazy\" decoding=\"async\" width=\"150\" height=\"150\" src=\"https:\/\/www.combattenti-interalleati.it\/wp-content\/uploads\/2026\/06\/7-150x150.jpeg\" class=\"attachment-thumbnail size-thumbnail\" alt=\"\" style=\"width:100%;height:75%;max-width:2048px;\" \/><\/a>\n\t\t\t<\/div><\/figure><figure class='gallery-item'>\n\t\t\t<div class='gallery-icon landscape'>\n\t\t\t\t<a href='https:\/\/www.combattenti-interalleati.it\/?attachment_id=1114'><img loading=\"lazy\" decoding=\"async\" width=\"150\" height=\"150\" src=\"https:\/\/www.combattenti-interalleati.it\/wp-content\/uploads\/2026\/06\/6-150x150.jpeg\" class=\"attachment-thumbnail size-thumbnail\" alt=\"\" style=\"width:100%;height:75%;max-width:2048px;\" \/><\/a>\n\t\t\t<\/div><\/figure><figure class='gallery-item'>\n\t\t\t<div class='gallery-icon landscape'>\n\t\t\t\t<a href='https:\/\/www.combattenti-interalleati.it\/?attachment_id=1118'><img loading=\"lazy\" decoding=\"async\" width=\"150\" height=\"150\" src=\"https:\/\/www.combattenti-interalleati.it\/wp-content\/uploads\/2026\/06\/10-150x150.jpeg\" class=\"attachment-thumbnail size-thumbnail\" alt=\"\" style=\"width:100%;height:75%;max-width:2048px;\" \/><\/a>\n\t\t\t<\/div><\/figure><figure class='gallery-item'>\n\t\t\t<div class='gallery-icon portrait'>\n\t\t\t\t<a href='https:\/\/www.combattenti-interalleati.it\/?attachment_id=1120'><img loading=\"lazy\" decoding=\"async\" width=\"150\" height=\"150\" src=\"https:\/\/www.combattenti-interalleati.it\/wp-content\/uploads\/2026\/06\/13-150x150.jpeg\" class=\"attachment-thumbnail size-thumbnail\" alt=\"\" style=\"width:100%;height:133.33%;max-width:1536px;\" \/><\/a>\n\t\t\t<\/div><\/figure><figure class='gallery-item'>\n\t\t\t<div class='gallery-icon portrait'>\n\t\t\t\t<a href='https:\/\/www.combattenti-interalleati.it\/?attachment_id=1122'><img loading=\"lazy\" decoding=\"async\" width=\"150\" height=\"150\" src=\"https:\/\/www.combattenti-interalleati.it\/wp-content\/uploads\/2026\/06\/WhatsApp-Image-2026-06-02-at-18.23.29-150x150.jpeg\" class=\"attachment-thumbnail size-thumbnail\" alt=\"\" style=\"width:100%;height:133.33%;max-width:1536px;\" \/><\/a>\n\t\t\t<\/div><\/figure><figure class='gallery-item'>\n\t\t\t<div class='gallery-icon landscape'>\n\t\t\t\t<a href='https:\/\/www.combattenti-interalleati.it\/?attachment_id=1121'><img loading=\"lazy\" decoding=\"async\" width=\"150\" height=\"150\" src=\"https:\/\/www.combattenti-interalleati.it\/wp-content\/uploads\/2026\/06\/14-150x150.jpeg\" class=\"attachment-thumbnail size-thumbnail\" alt=\"\" style=\"width:100%;height:75%;max-width:2048px;\" \/><\/a>\n\t\t\t<\/div><\/figure>\n\t\t<\/div>\n\n<h5><\/h5>\n<h5><\/h5>\n<h5><span style=\"font-size: 12pt;\">Presidenza nazionale (Pres. Vittorio Galoppini di Carpenedolo)<\/span><\/h5>\n<p class=\"date\"><span style=\"font-size: 12pt;\"><strong><span style=\"color: #ff0000;\"><span id=\"ctl00_PlaceHolderMain_ctl00_LocationContainer\">Roma <\/span> <span id=\"ctl00_PlaceHolderMain_ctl00_lblArticleStartDate\">15 dicembre 2015<\/span><\/span><\/strong><\/span><\/p>\n<p><span style=\"font-size: 12pt;\"><img loading=\"lazy\" decoding=\"async\" class=\" wp-image-97 alignnone\" src=\"https:\/\/www.combattenti-interalleati.it\/wp-content\/uploads\/2023\/01\/vittorio-300x220.jpg\" alt=\"\" width=\"300\" height=\"220\" srcset=\"https:\/\/www.combattenti-interalleati.it\/wp-content\/uploads\/2023\/01\/vittorio-300x220.jpg 300w, https:\/\/www.combattenti-interalleati.it\/wp-content\/uploads\/2023\/01\/vittorio.jpg 580w\" sizes=\"auto, (max-width: 300px) 100vw, 300px\" \/> <img loading=\"lazy\" decoding=\"async\" class=\" wp-image-99 alignnone\" src=\"https:\/\/www.combattenti-interalleati.it\/wp-content\/uploads\/2023\/01\/vittorio2-300x220.jpg\" alt=\"\" width=\"300\" height=\"220\" srcset=\"https:\/\/www.combattenti-interalleati.it\/wp-content\/uploads\/2023\/01\/vittorio2-300x220.jpg 300w, https:\/\/www.combattenti-interalleati.it\/wp-content\/uploads\/2023\/01\/vittorio2.jpg 580w\" sizes=\"auto, (max-width: 300px) 100vw, 300px\" \/><img loading=\"lazy\" decoding=\"async\" class=\"alignnone size-medium wp-image-100\" src=\"https:\/\/www.combattenti-interalleati.it\/wp-content\/uploads\/2023\/01\/vittorio3-300x220.jpg\" alt=\"\" width=\"300\" height=\"220\" srcset=\"https:\/\/www.combattenti-interalleati.it\/wp-content\/uploads\/2023\/01\/vittorio3-300x220.jpg 300w, https:\/\/www.combattenti-interalleati.it\/wp-content\/uploads\/2023\/01\/vittorio3.jpg 580w\" sizes=\"auto, (max-width: 300px) 100vw, 300px\" \/> <img loading=\"lazy\" decoding=\"async\" class=\"alignnone size-medium wp-image-101\" src=\"https:\/\/www.combattenti-interalleati.it\/wp-content\/uploads\/2023\/01\/vittorio4-300x220.jpg\" alt=\"\" width=\"300\" height=\"220\" srcset=\"https:\/\/www.combattenti-interalleati.it\/wp-content\/uploads\/2023\/01\/vittorio4-300x220.jpg 300w, https:\/\/www.combattenti-interalleati.it\/wp-content\/uploads\/2023\/01\/vittorio4.jpg 580w\" sizes=\"auto, (max-width: 300px) 100vw, 300px\" \/><\/span><\/p>\n<h4 style=\"text-align: center;\"><span style=\"color: #ff0000; font-size: 12pt; font-family: times new roman, times, serif;\"><em><img loading=\"lazy\" decoding=\"async\" class=\"alignnone wp-image-105\" src=\"https:\/\/www.combattenti-interalleati.it\/wp-content\/uploads\/2023\/01\/vittorio1-1-208x300.jpg\" alt=\"\" width=\"302\" height=\"436\" srcset=\"https:\/\/www.combattenti-interalleati.it\/wp-content\/uploads\/2023\/01\/vittorio1-1-208x300.jpg 208w, https:\/\/www.combattenti-interalleati.it\/wp-content\/uploads\/2023\/01\/vittorio1-1.jpg 290w\" sizes=\"auto, (max-width: 302px) 100vw, 302px\" \/><\/em><\/span><\/h4>\n<h4 style=\"text-align: center;\"><a href=\"https:\/\/www.anmig.it\/medaglia-della-liberazione-oggi-la-consegna-a-12-associazioni\/\"><span style=\"color: #ff0000; font-size: 12pt; font-family: times new roman, times, serif;\"><em>Articolo pubblicato sul sito web dell&#8217;Associazione nazionale fra mutilati ed invalidi di guerra (ANMIG)<\/em><\/span><\/a><\/h4>\n<hr \/>\n<h4 style=\"text-align: center;\"><span style=\"font-family: times new roman, times, serif; font-size: 12pt; color: #0000ff;\">Medaglia della Liberazione: oggi la consegna a 12 Associazioni<\/span><\/h4>\n<pre><span style=\"font-family: times new roman, times, serif; font-size: 12pt;\">Questa mattina, a Palazzo Barberini, si \u00e8 svolta la cerimonia di consegna della medaglia \r\ndella Liberazione ai labari di12 associazioni combattentistiche e partigiane, in memoria dei\r\n loro caduti<\/span><\/pre>\n<p><span style=\"font-family: times new roman, times, serif; font-size: 12pt;\">L\u2019iniziativa <strong>fortemente voluta dal Ministro della Difesa, Roberta Pinotti<\/strong>,\u00a0vuole riaffermare come la <strong>lotta di liberazione<\/strong> sia stata un movimento collettivo volto a ristabilire i principi di libert\u00e0 e indipendenza, e al contempo riconoscere il ruolo fondamentale delle realt\u00e0 associazionistiche che da allora si impegnano per mantenere viva la <strong>memoria<\/strong> di quelle vicende fondanti della Repubblica e trasmetterne i valori alle nuove generazioni.<\/span><\/p>\n<p><span style=\"font-family: times new roman, times, serif; font-size: 12pt;\">La medaglia, che riporta un <strong>dettaglio della monumentale della cancellata in bronzo del Mausoleo delle Fosse Ardeatine<\/strong>, realizzata dallo scultore Mirko Basaldella, venne consegnata <strong><a href=\"https:\/\/www.difesa.it\/Primo_Piano\/Pagine\/20150422consegna_medaglia_commemorativa_liberazione.aspx\">lo scorso 22 aprile<\/a><\/strong> alle sei associazioni combattentistiche che raccolgono quanti parteciparono alla Liberazione, e a\u00a0<strong>51 reduci<\/strong> scelti e segnalati dalle stesse associazioni. Riconoscimento che successivamente \u00e8 stato assegnato anche ai reduci della Liberazione attraverso singole cerimonie organizzate in tutta Italia dalle autorit\u00e0 locali.<\/span><\/p>\n<p><span style=\"font-family: times new roman, times, serif; font-size: 12pt;\"><strong>Oggi una nuova cerimonia<\/strong>, nata dall\u2019idea di conferire l\u2019onorificenza alle associazioni che nello spirito della Liberazione si prodigano per mantenere viva la memoria di quelle vicende fondanti della Repubblica.<\/span><\/p>\n<p><span style=\"font-family: times new roman, times, serif; font-size: 12pt;\">Alla presenza, tra gli altri, del Sottosegretario di Stato alla Difesa, <strong>Domenico Rossi<\/strong>, del Capo di Stato Maggiore della Difesa, <strong>Generale Claudio Graziano<\/strong>, e del Presidente della confederazione italiana tra le associazioni combattentistiche e Partigiane, <strong>Claudio Betti<\/strong>, il Ministro Pinotti ha consegnato la medaglia ai Labari di 12 associazioni:<\/span><\/p>\n<p><span style=\"font-family: times new roman, times, serif; font-size: 12pt;\">Associazione italiana ciechi di Guerra (AICG);<\/span><br \/>\n<span style=\"font-family: times new roman, times, serif; font-size: 12pt;\">Associazione italiani combattenti interalleati (AICI);<\/span><br \/>\n<span style=\"font-family: times new roman, times, serif; font-size: 12pt;\">Associazione nazionale combattenti e reduci (ANCR);<\/span><br \/>\n<span style=\"font-family: times new roman, times, serif; font-size: 12pt;\">Associazione nazionale famiglie dei Caduti e dispersi in guerra (ANFCDG);<\/span><br \/>\n<span style=\"font-family: times new roman, times, serif; font-size: 12pt;\">Associazione nazionale tra le famiglie italiane dei martiri caduti per la libert\u00e0 della patria (ANFIM);<\/span><br \/>\n<span style=\"font-family: times new roman, times, serif; font-size: 12pt;\">Associazione nazionale fra mutilati ed invalidi di guerra (ANMIG);<\/span><br \/>\n<span style=\"font-family: times new roman, times, serif; font-size: 12pt;\">Associazione nazionale veterani e reduci garibaldini (ANVRG);<\/span><br \/>\n<span style=\"font-family: times new roman, times, serif; font-size: 12pt;\">Associazione nazionale ex internati (ANEI);<\/span><br \/>\n<span style=\"font-family: times new roman, times, serif; font-size: 12pt;\">Federazione italiana dei combattenti alleati (FIDCA);<\/span><br \/>\n<span style=\"font-family: times new roman, times, serif; font-size: 12pt;\">Associazione nazionale perseguitati politici italiani antifascisti (ANPPIA);<\/span><br \/>\n<span style=\"font-family: times new roman, times, serif; font-size: 12pt;\">Associazione nazionale deportati politici nei campi nazisti (ANED);<\/span><br \/>\n<span style=\"font-family: times new roman, times, serif; font-size: 12pt;\">Associazione nazionale vittime civili di guerra (ANVCG).<\/span><\/p>\n<p><span style=\"font-size: 12pt;\">^^^^^^^^<\/span><\/p>\n<h5><span style=\"font-size: 12pt;\">Anni &#8217;90 &#8211; Savona (Presidente Frumento)<\/span><\/h5>\n<p><span style=\"font-size: 12pt;\"><img loading=\"lazy\" decoding=\"async\" class=\"alignnone size-medium wp-image-147\" src=\"https:\/\/www.combattenti-interalleati.it\/wp-content\/uploads\/2023\/01\/38773_138617339505922_2309467_n-300x224.jpg\" alt=\"\" width=\"300\" height=\"224\" srcset=\"https:\/\/www.combattenti-interalleati.it\/wp-content\/uploads\/2023\/01\/38773_138617339505922_2309467_n-300x224.jpg 300w, https:\/\/www.combattenti-interalleati.it\/wp-content\/uploads\/2023\/01\/38773_138617339505922_2309467_n.jpg 720w\" sizes=\"auto, (max-width: 300px) 100vw, 300px\" \/> <img loading=\"lazy\" decoding=\"async\" class=\"alignnone size-medium wp-image-148\" src=\"https:\/\/www.combattenti-interalleati.it\/wp-content\/uploads\/2023\/01\/38773_138617346172588_1933835_n-300x200.jpg\" alt=\"\" width=\"300\" height=\"200\" srcset=\"https:\/\/www.combattenti-interalleati.it\/wp-content\/uploads\/2023\/01\/38773_138617346172588_1933835_n-300x200.jpg 300w, https:\/\/www.combattenti-interalleati.it\/wp-content\/uploads\/2023\/01\/38773_138617346172588_1933835_n.jpg 720w\" sizes=\"auto, (max-width: 300px) 100vw, 300px\" \/> <img loading=\"lazy\" decoding=\"async\" class=\"alignnone size-medium wp-image-149\" src=\"https:\/\/www.combattenti-interalleati.it\/wp-content\/uploads\/2023\/01\/38773_138617349505921_4525694_n-300x208.jpg\" alt=\"\" width=\"300\" height=\"208\" srcset=\"https:\/\/www.combattenti-interalleati.it\/wp-content\/uploads\/2023\/01\/38773_138617349505921_4525694_n-300x208.jpg 300w, https:\/\/www.combattenti-interalleati.it\/wp-content\/uploads\/2023\/01\/38773_138617349505921_4525694_n.jpg 720w\" sizes=\"auto, (max-width: 300px) 100vw, 300px\" \/> <img loading=\"lazy\" decoding=\"async\" class=\"alignnone size-medium wp-image-150\" src=\"https:\/\/www.combattenti-interalleati.it\/wp-content\/uploads\/2023\/01\/38773_138617352839254_6192606_n-300x213.jpg\" alt=\"\" width=\"300\" height=\"213\" srcset=\"https:\/\/www.combattenti-interalleati.it\/wp-content\/uploads\/2023\/01\/38773_138617352839254_6192606_n-300x213.jpg 300w, https:\/\/www.combattenti-interalleati.it\/wp-content\/uploads\/2023\/01\/38773_138617352839254_6192606_n.jpg 720w\" sizes=\"auto, (max-width: 300px) 100vw, 300px\" \/> <img loading=\"lazy\" decoding=\"async\" class=\"alignnone size-medium wp-image-151\" src=\"https:\/\/www.combattenti-interalleati.it\/wp-content\/uploads\/2023\/01\/38773_138617356172587_1299853_n-300x230.jpg\" alt=\"\" width=\"300\" height=\"230\" srcset=\"https:\/\/www.combattenti-interalleati.it\/wp-content\/uploads\/2023\/01\/38773_138617356172587_1299853_n-300x230.jpg 300w, https:\/\/www.combattenti-interalleati.it\/wp-content\/uploads\/2023\/01\/38773_138617356172587_1299853_n.jpg 720w\" sizes=\"auto, (max-width: 300px) 100vw, 300px\" \/> <img loading=\"lazy\" decoding=\"async\" class=\"alignnone size-medium wp-image-152\" src=\"https:\/\/www.combattenti-interalleati.it\/wp-content\/uploads\/2023\/01\/38773_138617359505920_7715174_n-300x230.jpg\" alt=\"\" width=\"300\" height=\"230\" srcset=\"https:\/\/www.combattenti-interalleati.it\/wp-content\/uploads\/2023\/01\/38773_138617359505920_7715174_n-300x230.jpg 300w, https:\/\/www.combattenti-interalleati.it\/wp-content\/uploads\/2023\/01\/38773_138617359505920_7715174_n.jpg 720w\" sizes=\"auto, (max-width: 300px) 100vw, 300px\" \/> <img loading=\"lazy\" decoding=\"async\" class=\"alignnone size-medium wp-image-153\" src=\"https:\/\/www.combattenti-interalleati.it\/wp-content\/uploads\/2023\/01\/39797_138617219505934_1383885_n.jpg\" alt=\"\" width=\"200\" height=\"200\" srcset=\"https:\/\/www.combattenti-interalleati.it\/wp-content\/uploads\/2023\/01\/39797_138617219505934_1383885_n.jpg 200w, https:\/\/www.combattenti-interalleati.it\/wp-content\/uploads\/2023\/01\/39797_138617219505934_1383885_n-150x150.jpg 150w\" sizes=\"auto, (max-width: 200px) 100vw, 200px\" \/> <img loading=\"lazy\" decoding=\"async\" class=\"alignnone size-medium wp-image-154\" src=\"https:\/\/www.combattenti-interalleati.it\/wp-content\/uploads\/2023\/01\/Convegno-del-24-Febbraio-1992-Cavalcata-di-Mezzo-Secolo-1-300x200.jpg\" alt=\"\" width=\"300\" height=\"200\" srcset=\"https:\/\/www.combattenti-interalleati.it\/wp-content\/uploads\/2023\/01\/Convegno-del-24-Febbraio-1992-Cavalcata-di-Mezzo-Secolo-1-300x200.jpg 300w, https:\/\/www.combattenti-interalleati.it\/wp-content\/uploads\/2023\/01\/Convegno-del-24-Febbraio-1992-Cavalcata-di-Mezzo-Secolo-1.jpg 720w\" sizes=\"auto, (max-width: 300px) 100vw, 300px\" \/> <img loading=\"lazy\" decoding=\"async\" class=\"alignnone size-medium wp-image-155\" src=\"https:\/\/www.combattenti-interalleati.it\/wp-content\/uploads\/2023\/01\/Convegno-del-24-Febbraio-1992-Cavalcata-di-Mezzo-Secolo-2-300x200.jpg\" alt=\"\" width=\"300\" height=\"200\" srcset=\"https:\/\/www.combattenti-interalleati.it\/wp-content\/uploads\/2023\/01\/Convegno-del-24-Febbraio-1992-Cavalcata-di-Mezzo-Secolo-2-300x200.jpg 300w, https:\/\/www.combattenti-interalleati.it\/wp-content\/uploads\/2023\/01\/Convegno-del-24-Febbraio-1992-Cavalcata-di-Mezzo-Secolo-2.jpg 720w\" sizes=\"auto, (max-width: 300px) 100vw, 300px\" \/> <img loading=\"lazy\" decoding=\"async\" class=\"alignnone size-medium wp-image-156\" src=\"https:\/\/www.combattenti-interalleati.it\/wp-content\/uploads\/2023\/01\/Santa-Messa-del-23-Gennaio-1993-300x201.jpg\" alt=\"\" width=\"300\" height=\"201\" srcset=\"https:\/\/www.combattenti-interalleati.it\/wp-content\/uploads\/2023\/01\/Santa-Messa-del-23-Gennaio-1993-300x201.jpg 300w, https:\/\/www.combattenti-interalleati.it\/wp-content\/uploads\/2023\/01\/Santa-Messa-del-23-Gennaio-1993.jpg 719w\" sizes=\"auto, (max-width: 300px) 100vw, 300px\" \/><\/span><\/p>\n<h5><span style=\"font-size: 12pt;\">Anni 2000 -Savona (Guardia d&#8217;Onore al Monumento ai caduti) (Presidente Francesco Aloi)<\/span><\/h5>\n<p><span style=\"font-size: 12pt;\"><img loading=\"lazy\" decoding=\"async\" class=\"alignnone size-medium wp-image-157\" src=\"https:\/\/www.combattenti-interalleati.it\/wp-content\/uploads\/2023\/01\/Servizio-di-Guardia-dOnore-al-Monumento-ai-Caduti-di-Piazza-Mameli-in-Savona.-30-03-2011-2-300x200.jpg\" alt=\"\" width=\"300\" height=\"200\" srcset=\"https:\/\/www.combattenti-interalleati.it\/wp-content\/uploads\/2023\/01\/Servizio-di-Guardia-dOnore-al-Monumento-ai-Caduti-di-Piazza-Mameli-in-Savona.-30-03-2011-2-300x200.jpg 300w, https:\/\/www.combattenti-interalleati.it\/wp-content\/uploads\/2023\/01\/Servizio-di-Guardia-dOnore-al-Monumento-ai-Caduti-di-Piazza-Mameli-in-Savona.-30-03-2011-2.jpg 720w\" sizes=\"auto, (max-width: 300px) 100vw, 300px\" \/> <img loading=\"lazy\" decoding=\"async\" class=\"alignnone size-medium wp-image-158\" src=\"https:\/\/www.combattenti-interalleati.it\/wp-content\/uploads\/2023\/01\/Servizio-di-Guardia-dOnore-al-Monumento-ai-Caduti-di-Piazza-Mameli-in-Savona.-30-03-2011-3-300x200.jpg\" alt=\"\" width=\"300\" height=\"200\" srcset=\"https:\/\/www.combattenti-interalleati.it\/wp-content\/uploads\/2023\/01\/Servizio-di-Guardia-dOnore-al-Monumento-ai-Caduti-di-Piazza-Mameli-in-Savona.-30-03-2011-3-300x200.jpg 300w, https:\/\/www.combattenti-interalleati.it\/wp-content\/uploads\/2023\/01\/Servizio-di-Guardia-dOnore-al-Monumento-ai-Caduti-di-Piazza-Mameli-in-Savona.-30-03-2011-3.jpg 720w\" sizes=\"auto, (max-width: 300px) 100vw, 300px\" \/> <img loading=\"lazy\" decoding=\"async\" class=\"alignnone size-medium wp-image-159\" src=\"https:\/\/www.combattenti-interalleati.it\/wp-content\/uploads\/2023\/01\/Servizio-di-Guardia-dOnore-al-Monumento-ai-Caduti-di-Piazza-Mameli-in-Savona.-30-03-2011-300x200.jpg\" alt=\"\" width=\"300\" height=\"200\" srcset=\"https:\/\/www.combattenti-interalleati.it\/wp-content\/uploads\/2023\/01\/Servizio-di-Guardia-dOnore-al-Monumento-ai-Caduti-di-Piazza-Mameli-in-Savona.-30-03-2011-300x200.jpg 300w, https:\/\/www.combattenti-interalleati.it\/wp-content\/uploads\/2023\/01\/Servizio-di-Guardia-dOnore-al-Monumento-ai-Caduti-di-Piazza-Mameli-in-Savona.-30-03-2011.jpg 720w\" sizes=\"auto, (max-width: 300px) 100vw, 300px\" \/><\/span><\/p>\n<h5><span style=\"font-size: 12pt;\">Anni 2010 -Bolzano\u00a0 (Presidente Sciullo della Rocca)<\/span><\/h5>\n<h4><span style=\"font-size: 12pt;\"><img loading=\"lazy\" decoding=\"async\" class=\"alignnone size-medium wp-image-163\" src=\"https:\/\/www.combattenti-interalleati.it\/wp-content\/uploads\/2023\/01\/1280px-NATALE_DEL_COMBATTENTE-300x225.jpg\" alt=\"\" width=\"300\" height=\"225\" srcset=\"https:\/\/www.combattenti-interalleati.it\/wp-content\/uploads\/2023\/01\/1280px-NATALE_DEL_COMBATTENTE-300x225.jpg 300w, https:\/\/www.combattenti-interalleati.it\/wp-content\/uploads\/2023\/01\/1280px-NATALE_DEL_COMBATTENTE-1024x768.jpg 1024w, https:\/\/www.combattenti-interalleati.it\/wp-content\/uploads\/2023\/01\/1280px-NATALE_DEL_COMBATTENTE-768x576.jpg 768w, https:\/\/www.combattenti-interalleati.it\/wp-content\/uploads\/2023\/01\/1280px-NATALE_DEL_COMBATTENTE.jpg 1280w\" sizes=\"auto, (max-width: 300px) 100vw, 300px\" \/><\/span><\/h4>\n<h5><span style=\"font-size: 12pt;\">Anni 2010 -Firenze<\/span><\/h5>\n<p><img loading=\"lazy\" decoding=\"async\" class=\"alignnone size-medium wp-image-1054\" src=\"https:\/\/www.combattenti-interalleati.it\/wp-content\/uploads\/2025\/11\/IMG-20251125-WA0056-300x225.jpg\" alt=\"\" width=\"300\" height=\"225\" srcset=\"https:\/\/www.combattenti-interalleati.it\/wp-content\/uploads\/2025\/11\/IMG-20251125-WA0056-300x225.jpg 300w, https:\/\/www.combattenti-interalleati.it\/wp-content\/uploads\/2025\/11\/IMG-20251125-WA0056-1024x768.jpg 1024w, https:\/\/www.combattenti-interalleati.it\/wp-content\/uploads\/2025\/11\/IMG-20251125-WA0056-768x576.jpg 768w, https:\/\/www.combattenti-interalleati.it\/wp-content\/uploads\/2025\/11\/IMG-20251125-WA0056-1536x1152.jpg 1536w, https:\/\/www.combattenti-interalleati.it\/wp-content\/uploads\/2025\/11\/IMG-20251125-WA0056-1568x1176.jpg 1568w, https:\/\/www.combattenti-interalleati.it\/wp-content\/uploads\/2025\/11\/IMG-20251125-WA0056.jpg 2048w\" sizes=\"auto, (max-width: 300px) 100vw, 300px\" \/> <img loading=\"lazy\" decoding=\"async\" class=\"alignnone size-medium wp-image-1055\" src=\"https:\/\/www.combattenti-interalleati.it\/wp-content\/uploads\/2025\/11\/IMG-20251125-WA0057-300x225.jpg\" alt=\"\" width=\"300\" height=\"225\" srcset=\"https:\/\/www.combattenti-interalleati.it\/wp-content\/uploads\/2025\/11\/IMG-20251125-WA0057-300x225.jpg 300w, https:\/\/www.combattenti-interalleati.it\/wp-content\/uploads\/2025\/11\/IMG-20251125-WA0057.jpg 720w\" sizes=\"auto, (max-width: 300px) 100vw, 300px\" \/><\/p>\n<h5><span style=\"font-size: 12pt;\">2015 &#8211; Delegazione provinciale di L&#8217;Aquila (Delegato Giuseppe Del Zoppo)<\/span><\/h5>\n<p><span style=\"font-size: 12pt;\">Commemorazione dei Caduti presso il Sacello Militare della Madonna degli Angeli a Badia Morronese<\/span><\/p>\n<p><span style=\"font-size: 12pt;\"><img loading=\"lazy\" decoding=\"async\" class=\"alignnone size-medium wp-image-183\" src=\"https:\/\/www.combattenti-interalleati.it\/wp-content\/uploads\/2023\/01\/6.2.11.13-300x238.jpg\" alt=\"\" width=\"300\" height=\"238\" srcset=\"https:\/\/www.combattenti-interalleati.it\/wp-content\/uploads\/2023\/01\/6.2.11.13-300x238.jpg 300w, https:\/\/www.combattenti-interalleati.it\/wp-content\/uploads\/2023\/01\/6.2.11.13.jpg 390w\" sizes=\"auto, (max-width: 300px) 100vw, 300px\" \/><\/span><\/p>\n<h4><span style=\"font-size: 12pt;\"><img loading=\"lazy\" decoding=\"async\" class=\"alignnone size-medium wp-image-185\" src=\"https:\/\/www.combattenti-interalleati.it\/wp-content\/uploads\/2023\/01\/CH.MAD_.ANGELI-300x173.jpg\" alt=\"\" width=\"300\" height=\"173\" srcset=\"https:\/\/www.combattenti-interalleati.it\/wp-content\/uploads\/2023\/01\/CH.MAD_.ANGELI-300x173.jpg 300w, https:\/\/www.combattenti-interalleati.it\/wp-content\/uploads\/2023\/01\/CH.MAD_.ANGELI.jpg 360w\" sizes=\"auto, (max-width: 300px) 100vw, 300px\" \/><\/span><\/h4>\n<p><span style=\"font-size: 12pt;\"><img loading=\"lazy\" decoding=\"async\" class=\"alignnone size-medium wp-image-187\" src=\"https:\/\/www.combattenti-interalleati.it\/wp-content\/uploads\/2023\/01\/BADIA-.B.20155-300x201.jpg\" alt=\"\" width=\"300\" height=\"201\" srcset=\"https:\/\/www.combattenti-interalleati.it\/wp-content\/uploads\/2023\/01\/BADIA-.B.20155-300x201.jpg 300w, https:\/\/www.combattenti-interalleati.it\/wp-content\/uploads\/2023\/01\/BADIA-.B.20155.jpg 400w\" sizes=\"auto, (max-width: 300px) 100vw, 300px\" \/><\/span><\/p>\n<p><img loading=\"lazy\" decoding=\"async\" class=\"alignnone size-medium wp-image-210\" src=\"https:\/\/www.combattenti-interalleati.it\/wp-content\/uploads\/2023\/01\/279219190_452911306609437_7580701625944997761_n-214x300.jpg\" alt=\"\" width=\"214\" height=\"300\" srcset=\"https:\/\/www.combattenti-interalleati.it\/wp-content\/uploads\/2023\/01\/279219190_452911306609437_7580701625944997761_n-214x300.jpg 214w, https:\/\/www.combattenti-interalleati.it\/wp-content\/uploads\/2023\/01\/279219190_452911306609437_7580701625944997761_n.jpg 549w\" sizes=\"auto, (max-width: 214px) 100vw, 214px\" \/> <img loading=\"lazy\" decoding=\"async\" class=\"alignnone size-medium wp-image-211\" src=\"https:\/\/www.combattenti-interalleati.it\/wp-content\/uploads\/2023\/01\/288649835_1448675452261202_1699902582550145478_n-300x169.jpg\" alt=\"\" width=\"300\" height=\"169\" srcset=\"https:\/\/www.combattenti-interalleati.it\/wp-content\/uploads\/2023\/01\/288649835_1448675452261202_1699902582550145478_n-300x169.jpg 300w, https:\/\/www.combattenti-interalleati.it\/wp-content\/uploads\/2023\/01\/288649835_1448675452261202_1699902582550145478_n-1024x576.jpg 1024w, https:\/\/www.combattenti-interalleati.it\/wp-content\/uploads\/2023\/01\/288649835_1448675452261202_1699902582550145478_n-768x432.jpg 768w, https:\/\/www.combattenti-interalleati.it\/wp-content\/uploads\/2023\/01\/288649835_1448675452261202_1699902582550145478_n.jpg 1280w\" sizes=\"auto, (max-width: 300px) 100vw, 300px\" \/> <img loading=\"lazy\" decoding=\"async\" class=\"alignnone size-medium wp-image-212\" src=\"https:\/\/www.combattenti-interalleati.it\/wp-content\/uploads\/2023\/01\/288806429_1467677906994362_7411018126825871417_n-209x300.jpg\" alt=\"\" width=\"209\" height=\"300\" srcset=\"https:\/\/www.combattenti-interalleati.it\/wp-content\/uploads\/2023\/01\/288806429_1467677906994362_7411018126825871417_n-209x300.jpg 209w, https:\/\/www.combattenti-interalleati.it\/wp-content\/uploads\/2023\/01\/288806429_1467677906994362_7411018126825871417_n-713x1024.jpg 713w, https:\/\/www.combattenti-interalleati.it\/wp-content\/uploads\/2023\/01\/288806429_1467677906994362_7411018126825871417_n.jpg 736w\" sizes=\"auto, (max-width: 209px) 100vw, 209px\" \/> <img loading=\"lazy\" decoding=\"async\" class=\"alignnone size-medium wp-image-213\" src=\"https:\/\/www.combattenti-interalleati.it\/wp-content\/uploads\/2023\/01\/323736453_640641684179834_3947773707054871793_n-1-169x300.jpg\" alt=\"\" width=\"169\" height=\"300\" srcset=\"https:\/\/www.combattenti-interalleati.it\/wp-content\/uploads\/2023\/01\/323736453_640641684179834_3947773707054871793_n-1-169x300.jpg 169w, https:\/\/www.combattenti-interalleati.it\/wp-content\/uploads\/2023\/01\/323736453_640641684179834_3947773707054871793_n-1-576x1024.jpg 576w, https:\/\/www.combattenti-interalleati.it\/wp-content\/uploads\/2023\/01\/323736453_640641684179834_3947773707054871793_n-1-768x1365.jpg 768w, https:\/\/www.combattenti-interalleati.it\/wp-content\/uploads\/2023\/01\/323736453_640641684179834_3947773707054871793_n-1-864x1536.jpg 864w, https:\/\/www.combattenti-interalleati.it\/wp-content\/uploads\/2023\/01\/323736453_640641684179834_3947773707054871793_n-1.jpg 1152w\" sizes=\"auto, (max-width: 169px) 100vw, 169px\" \/> <img loading=\"lazy\" decoding=\"async\" class=\"alignnone size-medium wp-image-215\" src=\"https:\/\/www.combattenti-interalleati.it\/wp-content\/uploads\/2023\/01\/323954274_2416783758476400_7517294995746631941_n-300x200.jpg\" alt=\"\" width=\"300\" height=\"200\" srcset=\"https:\/\/www.combattenti-interalleati.it\/wp-content\/uploads\/2023\/01\/323954274_2416783758476400_7517294995746631941_n-300x200.jpg 300w, https:\/\/www.combattenti-interalleati.it\/wp-content\/uploads\/2023\/01\/323954274_2416783758476400_7517294995746631941_n-1024x682.jpg 1024w, https:\/\/www.combattenti-interalleati.it\/wp-content\/uploads\/2023\/01\/323954274_2416783758476400_7517294995746631941_n-768x512.jpg 768w, https:\/\/www.combattenti-interalleati.it\/wp-content\/uploads\/2023\/01\/323954274_2416783758476400_7517294995746631941_n-1536x1023.jpg 1536w, https:\/\/www.combattenti-interalleati.it\/wp-content\/uploads\/2023\/01\/323954274_2416783758476400_7517294995746631941_n-1568x1045.jpg 1568w, https:\/\/www.combattenti-interalleati.it\/wp-content\/uploads\/2023\/01\/323954274_2416783758476400_7517294995746631941_n.jpg 1600w\" sizes=\"auto, (max-width: 300px) 100vw, 300px\" \/> <img loading=\"lazy\" decoding=\"async\" class=\"alignnone size-medium wp-image-216\" src=\"https:\/\/www.combattenti-interalleati.it\/wp-content\/uploads\/2023\/01\/323970005_743514513773451_5736289653621681378_n-268x300.jpg\" alt=\"\" width=\"268\" height=\"300\" srcset=\"https:\/\/www.combattenti-interalleati.it\/wp-content\/uploads\/2023\/01\/323970005_743514513773451_5736289653621681378_n-268x300.jpg 268w, https:\/\/www.combattenti-interalleati.it\/wp-content\/uploads\/2023\/01\/323970005_743514513773451_5736289653621681378_n.jpg 720w\" sizes=\"auto, (max-width: 268px) 100vw, 268px\" \/> <img loading=\"lazy\" decoding=\"async\" class=\"alignnone size-medium wp-image-217\" src=\"https:\/\/www.combattenti-interalleati.it\/wp-content\/uploads\/2023\/01\/324042188_1580297335813988_8589988655049925392_n-300x200.jpg\" alt=\"\" width=\"300\" height=\"200\" srcset=\"https:\/\/www.combattenti-interalleati.it\/wp-content\/uploads\/2023\/01\/324042188_1580297335813988_8589988655049925392_n-300x200.jpg 300w, https:\/\/www.combattenti-interalleati.it\/wp-content\/uploads\/2023\/01\/324042188_1580297335813988_8589988655049925392_n-1024x682.jpg 1024w, https:\/\/www.combattenti-interalleati.it\/wp-content\/uploads\/2023\/01\/324042188_1580297335813988_8589988655049925392_n-768x512.jpg 768w, https:\/\/www.combattenti-interalleati.it\/wp-content\/uploads\/2023\/01\/324042188_1580297335813988_8589988655049925392_n-1536x1023.jpg 1536w, https:\/\/www.combattenti-interalleati.it\/wp-content\/uploads\/2023\/01\/324042188_1580297335813988_8589988655049925392_n-1568x1045.jpg 1568w, https:\/\/www.combattenti-interalleati.it\/wp-content\/uploads\/2023\/01\/324042188_1580297335813988_8589988655049925392_n.jpg 1600w\" sizes=\"auto, (max-width: 300px) 100vw, 300px\" \/> <img loading=\"lazy\" decoding=\"async\" class=\"alignnone size-medium wp-image-218\" src=\"https:\/\/www.combattenti-interalleati.it\/wp-content\/uploads\/2023\/01\/324158584_1240367089902926_790042385095158330_n-205x300.jpg\" alt=\"\" width=\"205\" height=\"300\" srcset=\"https:\/\/www.combattenti-interalleati.it\/wp-content\/uploads\/2023\/01\/324158584_1240367089902926_790042385095158330_n-205x300.jpg 205w, https:\/\/www.combattenti-interalleati.it\/wp-content\/uploads\/2023\/01\/324158584_1240367089902926_790042385095158330_n.jpg 630w\" sizes=\"auto, (max-width: 205px) 100vw, 205px\" \/> <img loading=\"lazy\" decoding=\"async\" class=\"alignnone size-medium wp-image-219\" src=\"https:\/\/www.combattenti-interalleati.it\/wp-content\/uploads\/2023\/01\/324378381_564931671989142_6902232276314889129_n-300x200.jpg\" alt=\"\" width=\"300\" height=\"200\" srcset=\"https:\/\/www.combattenti-interalleati.it\/wp-content\/uploads\/2023\/01\/324378381_564931671989142_6902232276314889129_n-300x200.jpg 300w, https:\/\/www.combattenti-interalleati.it\/wp-content\/uploads\/2023\/01\/324378381_564931671989142_6902232276314889129_n-1024x682.jpg 1024w, https:\/\/www.combattenti-interalleati.it\/wp-content\/uploads\/2023\/01\/324378381_564931671989142_6902232276314889129_n-768x512.jpg 768w, https:\/\/www.combattenti-interalleati.it\/wp-content\/uploads\/2023\/01\/324378381_564931671989142_6902232276314889129_n-1536x1023.jpg 1536w, https:\/\/www.combattenti-interalleati.it\/wp-content\/uploads\/2023\/01\/324378381_564931671989142_6902232276314889129_n-1568x1045.jpg 1568w, https:\/\/www.combattenti-interalleati.it\/wp-content\/uploads\/2023\/01\/324378381_564931671989142_6902232276314889129_n.jpg 1600w\" sizes=\"auto, (max-width: 300px) 100vw, 300px\" \/> <img loading=\"lazy\" decoding=\"async\" class=\"alignnone size-medium wp-image-220\" src=\"https:\/\/www.combattenti-interalleati.it\/wp-content\/uploads\/2023\/01\/324427455_937958904301780_6284082891432860237_n-169x300.jpg\" alt=\"\" width=\"169\" height=\"300\" srcset=\"https:\/\/www.combattenti-interalleati.it\/wp-content\/uploads\/2023\/01\/324427455_937958904301780_6284082891432860237_n-169x300.jpg 169w, https:\/\/www.combattenti-interalleati.it\/wp-content\/uploads\/2023\/01\/324427455_937958904301780_6284082891432860237_n-576x1024.jpg 576w, https:\/\/www.combattenti-interalleati.it\/wp-content\/uploads\/2023\/01\/324427455_937958904301780_6284082891432860237_n-768x1366.jpg 768w, https:\/\/www.combattenti-interalleati.it\/wp-content\/uploads\/2023\/01\/324427455_937958904301780_6284082891432860237_n-864x1536.jpg 864w, https:\/\/www.combattenti-interalleati.it\/wp-content\/uploads\/2023\/01\/324427455_937958904301780_6284082891432860237_n.jpg 899w\" sizes=\"auto, (max-width: 169px) 100vw, 169px\" \/> <img loading=\"lazy\" decoding=\"async\" class=\"alignnone size-medium wp-image-221\" src=\"https:\/\/www.combattenti-interalleati.it\/wp-content\/uploads\/2023\/01\/324454751_577817263868733_2104399677326409555_n-300x200.jpg\" alt=\"\" width=\"300\" height=\"200\" srcset=\"https:\/\/www.combattenti-interalleati.it\/wp-content\/uploads\/2023\/01\/324454751_577817263868733_2104399677326409555_n-300x200.jpg 300w, https:\/\/www.combattenti-interalleati.it\/wp-content\/uploads\/2023\/01\/324454751_577817263868733_2104399677326409555_n-1024x682.jpg 1024w, https:\/\/www.combattenti-interalleati.it\/wp-content\/uploads\/2023\/01\/324454751_577817263868733_2104399677326409555_n-768x512.jpg 768w, https:\/\/www.combattenti-interalleati.it\/wp-content\/uploads\/2023\/01\/324454751_577817263868733_2104399677326409555_n-1536x1023.jpg 1536w, https:\/\/www.combattenti-interalleati.it\/wp-content\/uploads\/2023\/01\/324454751_577817263868733_2104399677326409555_n-1568x1045.jpg 1568w, https:\/\/www.combattenti-interalleati.it\/wp-content\/uploads\/2023\/01\/324454751_577817263868733_2104399677326409555_n.jpg 1600w\" sizes=\"auto, (max-width: 300px) 100vw, 300px\" \/> <img loading=\"lazy\" decoding=\"async\" class=\"alignnone size-medium wp-image-222\" src=\"https:\/\/www.combattenti-interalleati.it\/wp-content\/uploads\/2023\/01\/324623865_1307207793466453_862621451384281267_n-169x300.jpg\" alt=\"\" width=\"169\" height=\"300\" srcset=\"https:\/\/www.combattenti-interalleati.it\/wp-content\/uploads\/2023\/01\/324623865_1307207793466453_862621451384281267_n-169x300.jpg 169w, https:\/\/www.combattenti-interalleati.it\/wp-content\/uploads\/2023\/01\/324623865_1307207793466453_862621451384281267_n-576x1024.jpg 576w, https:\/\/www.combattenti-interalleati.it\/wp-content\/uploads\/2023\/01\/324623865_1307207793466453_862621451384281267_n-768x1365.jpg 768w, https:\/\/www.combattenti-interalleati.it\/wp-content\/uploads\/2023\/01\/324623865_1307207793466453_862621451384281267_n-864x1536.jpg 864w, https:\/\/www.combattenti-interalleati.it\/wp-content\/uploads\/2023\/01\/324623865_1307207793466453_862621451384281267_n.jpg 1152w\" sizes=\"auto, (max-width: 169px) 100vw, 169px\" \/> <img loading=\"lazy\" decoding=\"async\" class=\"alignnone size-medium wp-image-223\" src=\"https:\/\/www.combattenti-interalleati.it\/wp-content\/uploads\/2023\/01\/324766851_736497264513199_1724930565916783232_n-300x200.jpg\" alt=\"\" width=\"300\" height=\"200\" srcset=\"https:\/\/www.combattenti-interalleati.it\/wp-content\/uploads\/2023\/01\/324766851_736497264513199_1724930565916783232_n-300x200.jpg 300w, https:\/\/www.combattenti-interalleati.it\/wp-content\/uploads\/2023\/01\/324766851_736497264513199_1724930565916783232_n-1024x682.jpg 1024w, https:\/\/www.combattenti-interalleati.it\/wp-content\/uploads\/2023\/01\/324766851_736497264513199_1724930565916783232_n-768x512.jpg 768w, https:\/\/www.combattenti-interalleati.it\/wp-content\/uploads\/2023\/01\/324766851_736497264513199_1724930565916783232_n-1536x1023.jpg 1536w, https:\/\/www.combattenti-interalleati.it\/wp-content\/uploads\/2023\/01\/324766851_736497264513199_1724930565916783232_n-1568x1045.jpg 1568w, https:\/\/www.combattenti-interalleati.it\/wp-content\/uploads\/2023\/01\/324766851_736497264513199_1724930565916783232_n.jpg 1600w\" sizes=\"auto, (max-width: 300px) 100vw, 300px\" \/> <img loading=\"lazy\" decoding=\"async\" class=\"alignnone size-medium wp-image-224\" src=\"https:\/\/www.combattenti-interalleati.it\/wp-content\/uploads\/2023\/01\/325022990_585836582969990_1355282997045199607_n-300x200.jpg\" alt=\"\" width=\"300\" height=\"200\" srcset=\"https:\/\/www.combattenti-interalleati.it\/wp-content\/uploads\/2023\/01\/325022990_585836582969990_1355282997045199607_n-300x200.jpg 300w, https:\/\/www.combattenti-interalleati.it\/wp-content\/uploads\/2023\/01\/325022990_585836582969990_1355282997045199607_n-1024x682.jpg 1024w, https:\/\/www.combattenti-interalleati.it\/wp-content\/uploads\/2023\/01\/325022990_585836582969990_1355282997045199607_n-768x512.jpg 768w, https:\/\/www.combattenti-interalleati.it\/wp-content\/uploads\/2023\/01\/325022990_585836582969990_1355282997045199607_n-1536x1023.jpg 1536w, https:\/\/www.combattenti-interalleati.it\/wp-content\/uploads\/2023\/01\/325022990_585836582969990_1355282997045199607_n-1568x1045.jpg 1568w, https:\/\/www.combattenti-interalleati.it\/wp-content\/uploads\/2023\/01\/325022990_585836582969990_1355282997045199607_n.jpg 1600w\" sizes=\"auto, (max-width: 300px) 100vw, 300px\" \/> <img loading=\"lazy\" decoding=\"async\" class=\"alignnone size-medium wp-image-225\" src=\"https:\/\/www.combattenti-interalleati.it\/wp-content\/uploads\/2023\/01\/325427008_1904641889878055_5414170417428507455_n-300x200.jpg\" alt=\"\" width=\"300\" height=\"200\" srcset=\"https:\/\/www.combattenti-interalleati.it\/wp-content\/uploads\/2023\/01\/325427008_1904641889878055_5414170417428507455_n-300x200.jpg 300w, https:\/\/www.combattenti-interalleati.it\/wp-content\/uploads\/2023\/01\/325427008_1904641889878055_5414170417428507455_n-1024x682.jpg 1024w, https:\/\/www.combattenti-interalleati.it\/wp-content\/uploads\/2023\/01\/325427008_1904641889878055_5414170417428507455_n-768x512.jpg 768w, https:\/\/www.combattenti-interalleati.it\/wp-content\/uploads\/2023\/01\/325427008_1904641889878055_5414170417428507455_n-1536x1023.jpg 1536w, https:\/\/www.combattenti-interalleati.it\/wp-content\/uploads\/2023\/01\/325427008_1904641889878055_5414170417428507455_n-1568x1045.jpg 1568w, https:\/\/www.combattenti-interalleati.it\/wp-content\/uploads\/2023\/01\/325427008_1904641889878055_5414170417428507455_n.jpg 1600w\" sizes=\"auto, (max-width: 300px) 100vw, 300px\" \/> <img loading=\"lazy\" decoding=\"async\" class=\"alignnone size-medium wp-image-226\" src=\"https:\/\/www.combattenti-interalleati.it\/wp-content\/uploads\/2023\/01\/325489848_1356418818476323_4976986236438310247_n-300x200.jpg\" alt=\"\" width=\"300\" height=\"200\" srcset=\"https:\/\/www.combattenti-interalleati.it\/wp-content\/uploads\/2023\/01\/325489848_1356418818476323_4976986236438310247_n-300x200.jpg 300w, https:\/\/www.combattenti-interalleati.it\/wp-content\/uploads\/2023\/01\/325489848_1356418818476323_4976986236438310247_n-1024x682.jpg 1024w, https:\/\/www.combattenti-interalleati.it\/wp-content\/uploads\/2023\/01\/325489848_1356418818476323_4976986236438310247_n-768x512.jpg 768w, https:\/\/www.combattenti-interalleati.it\/wp-content\/uploads\/2023\/01\/325489848_1356418818476323_4976986236438310247_n-1536x1023.jpg 1536w, https:\/\/www.combattenti-interalleati.it\/wp-content\/uploads\/2023\/01\/325489848_1356418818476323_4976986236438310247_n-1568x1045.jpg 1568w, https:\/\/www.combattenti-interalleati.it\/wp-content\/uploads\/2023\/01\/325489848_1356418818476323_4976986236438310247_n.jpg 1600w\" sizes=\"auto, (max-width: 300px) 100vw, 300px\" \/> <img loading=\"lazy\" decoding=\"async\" class=\"alignnone size-medium wp-image-227\" src=\"https:\/\/www.combattenti-interalleati.it\/wp-content\/uploads\/2023\/01\/325587308_2161314117411142_8060598498189750033_n-300x200.jpg\" alt=\"\" width=\"300\" height=\"200\" srcset=\"https:\/\/www.combattenti-interalleati.it\/wp-content\/uploads\/2023\/01\/325587308_2161314117411142_8060598498189750033_n-300x200.jpg 300w, https:\/\/www.combattenti-interalleati.it\/wp-content\/uploads\/2023\/01\/325587308_2161314117411142_8060598498189750033_n-1024x682.jpg 1024w, https:\/\/www.combattenti-interalleati.it\/wp-content\/uploads\/2023\/01\/325587308_2161314117411142_8060598498189750033_n-768x512.jpg 768w, https:\/\/www.combattenti-interalleati.it\/wp-content\/uploads\/2023\/01\/325587308_2161314117411142_8060598498189750033_n-1536x1023.jpg 1536w, https:\/\/www.combattenti-interalleati.it\/wp-content\/uploads\/2023\/01\/325587308_2161314117411142_8060598498189750033_n-1568x1045.jpg 1568w, https:\/\/www.combattenti-interalleati.it\/wp-content\/uploads\/2023\/01\/325587308_2161314117411142_8060598498189750033_n.jpg 1600w\" sizes=\"auto, (max-width: 300px) 100vw, 300px\" \/> <img loading=\"lazy\" decoding=\"async\" class=\"alignnone size-medium wp-image-228\" src=\"https:\/\/www.combattenti-interalleati.it\/wp-content\/uploads\/2023\/01\/326000826_592625568860955_991054004976430041_n-300x200.jpg\" alt=\"\" width=\"300\" height=\"200\" srcset=\"https:\/\/www.combattenti-interalleati.it\/wp-content\/uploads\/2023\/01\/326000826_592625568860955_991054004976430041_n-300x200.jpg 300w, https:\/\/www.combattenti-interalleati.it\/wp-content\/uploads\/2023\/01\/326000826_592625568860955_991054004976430041_n-1024x682.jpg 1024w, https:\/\/www.combattenti-interalleati.it\/wp-content\/uploads\/2023\/01\/326000826_592625568860955_991054004976430041_n-768x512.jpg 768w, https:\/\/www.combattenti-interalleati.it\/wp-content\/uploads\/2023\/01\/326000826_592625568860955_991054004976430041_n-1536x1023.jpg 1536w, https:\/\/www.combattenti-interalleati.it\/wp-content\/uploads\/2023\/01\/326000826_592625568860955_991054004976430041_n-1568x1045.jpg 1568w, https:\/\/www.combattenti-interalleati.it\/wp-content\/uploads\/2023\/01\/326000826_592625568860955_991054004976430041_n.jpg 1600w\" sizes=\"auto, (max-width: 300px) 100vw, 300px\" \/> <img loading=\"lazy\" decoding=\"async\" class=\"alignnone size-medium wp-image-229\" src=\"https:\/\/www.combattenti-interalleati.it\/wp-content\/uploads\/2023\/01\/326513727_526767669548819_1060817173038003154_n-300x200.jpg\" alt=\"\" width=\"300\" height=\"200\" srcset=\"https:\/\/www.combattenti-interalleati.it\/wp-content\/uploads\/2023\/01\/326513727_526767669548819_1060817173038003154_n-300x200.jpg 300w, https:\/\/www.combattenti-interalleati.it\/wp-content\/uploads\/2023\/01\/326513727_526767669548819_1060817173038003154_n-1024x682.jpg 1024w, https:\/\/www.combattenti-interalleati.it\/wp-content\/uploads\/2023\/01\/326513727_526767669548819_1060817173038003154_n-768x512.jpg 768w, https:\/\/www.combattenti-interalleati.it\/wp-content\/uploads\/2023\/01\/326513727_526767669548819_1060817173038003154_n-1536x1023.jpg 1536w, https:\/\/www.combattenti-interalleati.it\/wp-content\/uploads\/2023\/01\/326513727_526767669548819_1060817173038003154_n-1568x1045.jpg 1568w, https:\/\/www.combattenti-interalleati.it\/wp-content\/uploads\/2023\/01\/326513727_526767669548819_1060817173038003154_n.jpg 1600w\" sizes=\"auto, (max-width: 300px) 100vw, 300px\" \/> <img loading=\"lazy\" decoding=\"async\" class=\"alignnone size-medium wp-image-230\" src=\"https:\/\/www.combattenti-interalleati.it\/wp-content\/uploads\/2023\/01\/327343500_482700817360944_568371331132382784_n-225x300.gif\" alt=\"\" width=\"225\" height=\"300\" \/> <img loading=\"lazy\" decoding=\"async\" class=\"alignnone size-medium wp-image-231\" src=\"https:\/\/www.combattenti-interalleati.it\/wp-content\/uploads\/2023\/01\/327345679_663930388818350_7382401128673537274_n-300x225.gif\" alt=\"\" width=\"300\" height=\"225\" \/> <img loading=\"lazy\" decoding=\"async\" class=\"alignnone size-medium wp-image-232\" src=\"https:\/\/www.combattenti-interalleati.it\/wp-content\/uploads\/2023\/01\/327347337_1451404688967519_5618357456557567585_n-225x300.gif\" alt=\"\" width=\"225\" height=\"300\" \/> <img loading=\"lazy\" decoding=\"async\" class=\"alignnone size-medium wp-image-233\" src=\"https:\/\/www.combattenti-interalleati.it\/wp-content\/uploads\/2023\/01\/327350342_1355022875335821_7234967497027997245_n-240x300.gif\" alt=\"\" width=\"240\" height=\"300\" \/> <img loading=\"lazy\" decoding=\"async\" class=\"alignnone size-medium wp-image-234\" src=\"https:\/\/www.combattenti-interalleati.it\/wp-content\/uploads\/2023\/01\/327361088_584379636436855_7401564398952067643_n-300x225.gif\" alt=\"\" width=\"300\" height=\"225\" \/><\/p>\n<h5 class=\"wp-block-heading\"><span style=\"font-size: 12pt;\">FEDERAZIONE PROVINCIALE DI SAVONA (Presidente Antonio Rossello)<\/span><\/h5>\n<p><span style=\"font-size: 12pt;\">SETTEMBRE 2019<\/span><\/p>\n<h4 class=\"wp-block-heading\"><span style=\"font-size: 12pt;\">INSEDIAMENTO NUOVO COMANDANTE GUARDIA COSTIERA (SAVONA) E CERIMONIA SANDRO PERTINI (STELLA)<\/span><\/h4>\n<figure class=\"wp-block-gallery has-nested-images columns-3 is-cropped wp-block-gallery-7 is-layout-flex\" data-carousel-extra=\"{&quot;blog_id&quot;:113475634,&quot;permalink&quot;:&quot;https:\\\/\\\/associazioniriunite.wordpress.com\\\/associazione-italiana-combattenti-interalleati-a-i-c-i-federazione-provinciale-di-savona-sezione-intercomunale-delle-albissole\\\/&quot;}\">\n<figure class=\"wp-block-image size-large\"><span style=\"font-size: 12pt;\"><a class=\"single-image-gallery\" href=\"https:\/\/associazioniriunite.wordpress.com\/associazione-italiana-combattenti-interalleati-a-i-c-i-federazione-provinciale-di-savona-sezione-intercomunale-delle-albissole\/img_20190913_100440\/\" data-carousel-extra=\"{&quot;blog_id&quot;:113475634}\"><img decoding=\"async\" class=\"wp-image-694\" src=\"https:\/\/associazioniriunite.files.wordpress.com\/2019\/09\/img_20190913_100440.jpg?w=1024\" sizes=\"(max-width: 709px) 85vw, (max-width: 909px) 67vw, (max-width: 1362px) 62vw, 840px\" srcset=\"https:\/\/associazioniriunite.files.wordpress.com\/2019\/09\/img_20190913_100440.jpg?w=1024 1024w, https:\/\/associazioniriunite.files.wordpress.com\/2019\/09\/img_20190913_100440.jpg?w=2048 2048w, https:\/\/associazioniriunite.files.wordpress.com\/2019\/09\/img_20190913_100440.jpg?w=150 150w, https:\/\/associazioniriunite.files.wordpress.com\/2019\/09\/img_20190913_100440.jpg?w=300 300w, https:\/\/associazioniriunite.files.wordpress.com\/2019\/09\/img_20190913_100440.jpg?w=768 768w\" alt=\"\" data-attachment-id=\"694\" data-permalink=\"https:\/\/associazioniriunite.wordpress.com\/associazione-italiana-combattenti-interalleati-a-i-c-i-federazione-provinciale-di-savona-sezione-intercomunale-delle-albissole\/img_20190913_100440\/\" data-orig-file=\"https:\/\/associazioniriunite.files.wordpress.com\/2019\/09\/img_20190913_100440.jpg\" data-orig-size=\"4000,3000\" data-comments-opened=\"1\" data-image-meta=\"{&quot;aperture&quot;:&quot;1.9&quot;,&quot;credit&quot;:&quot;&quot;,&quot;camera&quot;:&quot;Redmi Note 6 Pro&quot;,&quot;caption&quot;:&quot;&quot;,&quot;created_timestamp&quot;:&quot;1568369080&quot;,&quot;copyright&quot;:&quot;&quot;,&quot;focal_length&quot;:&quot;3.94&quot;,&quot;iso&quot;:&quot;125&quot;,&quot;shutter_speed&quot;:&quot;0.00038109756097561&quot;,&quot;title&quot;:&quot;&quot;,&quot;orientation&quot;:&quot;1&quot;,&quot;latitude&quot;:&quot;44.315354805556&quot;,&quot;longitude&quot;:&quot;8.49128475&quot;}\" data-image-title=\"IMG_20190913_100440\" data-image-description=\"\" data-image-caption=\"\" data-medium-file=\"https:\/\/associazioniriunite.files.wordpress.com\/2019\/09\/img_20190913_100440.jpg?w=300\" data-large-file=\"https:\/\/associazioniriunite.files.wordpress.com\/2019\/09\/img_20190913_100440.jpg?w=840\" data-id=\"694\" \/><\/a><\/span><\/figure>\n<figure class=\"wp-block-image size-large\"><span style=\"font-size: 12pt;\"><a class=\"single-image-gallery\" href=\"https:\/\/associazioniriunite.wordpress.com\/associazione-italiana-combattenti-interalleati-a-i-c-i-federazione-provinciale-di-savona-sezione-intercomunale-delle-albissole\/img_20190913_100454\/\" data-carousel-extra=\"{&quot;blog_id&quot;:113475634}\"><img decoding=\"async\" class=\"wp-image-695\" src=\"https:\/\/associazioniriunite.files.wordpress.com\/2019\/09\/img_20190913_100454.jpg?w=768\" sizes=\"(max-width: 768px) 85vw, 768px\" srcset=\"https:\/\/associazioniriunite.files.wordpress.com\/2019\/09\/img_20190913_100454.jpg?w=768 768w, https:\/\/associazioniriunite.files.wordpress.com\/2019\/09\/img_20190913_100454.jpg?w=1536 1536w, https:\/\/associazioniriunite.files.wordpress.com\/2019\/09\/img_20190913_100454.jpg?w=113 113w, https:\/\/associazioniriunite.files.wordpress.com\/2019\/09\/img_20190913_100454.jpg?w=225 225w\" alt=\"\" data-attachment-id=\"695\" data-permalink=\"https:\/\/associazioniriunite.wordpress.com\/associazione-italiana-combattenti-interalleati-a-i-c-i-federazione-provinciale-di-savona-sezione-intercomunale-delle-albissole\/img_20190913_100454\/\" data-orig-file=\"https:\/\/associazioniriunite.files.wordpress.com\/2019\/09\/img_20190913_100454.jpg\" data-orig-size=\"3000,4000\" data-comments-opened=\"1\" data-image-meta=\"{&quot;aperture&quot;:&quot;1.9&quot;,&quot;credit&quot;:&quot;&quot;,&quot;camera&quot;:&quot;Redmi Note 6 Pro&quot;,&quot;caption&quot;:&quot;&quot;,&quot;created_timestamp&quot;:&quot;1568369094&quot;,&quot;copyright&quot;:&quot;&quot;,&quot;focal_length&quot;:&quot;3.94&quot;,&quot;iso&quot;:&quot;125&quot;,&quot;shutter_speed&quot;:&quot;0.00028579594169763&quot;,&quot;title&quot;:&quot;&quot;,&quot;orientation&quot;:&quot;1&quot;,&quot;latitude&quot;:&quot;44.315282083333&quot;,&quot;longitude&quot;:&quot;8.4912576666667&quot;}\" data-image-title=\"IMG_20190913_100454\" data-image-description=\"\" data-image-caption=\"\" data-medium-file=\"https:\/\/associazioniriunite.files.wordpress.com\/2019\/09\/img_20190913_100454.jpg?w=225\" data-large-file=\"https:\/\/associazioniriunite.files.wordpress.com\/2019\/09\/img_20190913_100454.jpg?w=768\" data-id=\"695\" \/><\/a><\/span><\/figure>\n<figure class=\"wp-block-image size-large\"><span style=\"font-size: 12pt;\"><a class=\"single-image-gallery\" href=\"https:\/\/associazioniriunite.wordpress.com\/associazione-italiana-combattenti-interalleati-a-i-c-i-federazione-provinciale-di-savona-sezione-intercomunale-delle-albissole\/img_20190913_102021\/\" data-carousel-extra=\"{&quot;blog_id&quot;:113475634}\"><img decoding=\"async\" class=\"wp-image-696\" src=\"https:\/\/associazioniriunite.files.wordpress.com\/2019\/09\/img_20190913_102021.jpg?w=768\" sizes=\"(max-width: 768px) 85vw, 768px\" srcset=\"https:\/\/associazioniriunite.files.wordpress.com\/2019\/09\/img_20190913_102021.jpg?w=768 768w, https:\/\/associazioniriunite.files.wordpress.com\/2019\/09\/img_20190913_102021.jpg?w=1536 1536w, https:\/\/associazioniriunite.files.wordpress.com\/2019\/09\/img_20190913_102021.jpg?w=113 113w, https:\/\/associazioniriunite.files.wordpress.com\/2019\/09\/img_20190913_102021.jpg?w=225 225w\" alt=\"\" data-attachment-id=\"696\" data-permalink=\"https:\/\/associazioniriunite.wordpress.com\/associazione-italiana-combattenti-interalleati-a-i-c-i-federazione-provinciale-di-savona-sezione-intercomunale-delle-albissole\/img_20190913_102021\/\" data-orig-file=\"https:\/\/associazioniriunite.files.wordpress.com\/2019\/09\/img_20190913_102021.jpg\" data-orig-size=\"3000,4000\" data-comments-opened=\"1\" data-image-meta=\"{&quot;aperture&quot;:&quot;1.9&quot;,&quot;credit&quot;:&quot;&quot;,&quot;camera&quot;:&quot;Redmi Note 6 Pro&quot;,&quot;caption&quot;:&quot;&quot;,&quot;created_timestamp&quot;:&quot;1568370021&quot;,&quot;copyright&quot;:&quot;&quot;,&quot;focal_length&quot;:&quot;3.94&quot;,&quot;iso&quot;:&quot;200&quot;,&quot;shutter_speed&quot;:&quot;0.0015873015873016&quot;,&quot;title&quot;:&quot;&quot;,&quot;orientation&quot;:&quot;1&quot;,&quot;latitude&quot;:&quot;44.315407194444&quot;,&quot;longitude&quot;:&quot;8.4913100277778&quot;}\" data-image-title=\"IMG_20190913_102021\" data-image-description=\"\" data-image-caption=\"\" data-medium-file=\"https:\/\/associazioniriunite.files.wordpress.com\/2019\/09\/img_20190913_102021.jpg?w=225\" data-large-file=\"https:\/\/associazioniriunite.files.wordpress.com\/2019\/09\/img_20190913_102021.jpg?w=768\" data-id=\"696\" \/><\/a><\/span><\/figure>\n<figure class=\"wp-block-image size-large\"><span style=\"font-size: 12pt;\"><a class=\"single-image-gallery\" href=\"https:\/\/associazioniriunite.wordpress.com\/associazione-italiana-combattenti-interalleati-a-i-c-i-federazione-provinciale-di-savona-sezione-intercomunale-delle-albissole\/img_20190913_102043\/\" data-carousel-extra=\"{&quot;blog_id&quot;:113475634}\"><img decoding=\"async\" class=\"wp-image-697\" src=\"https:\/\/associazioniriunite.files.wordpress.com\/2019\/09\/img_20190913_102043.jpg?w=768\" sizes=\"(max-width: 768px) 85vw, 768px\" srcset=\"https:\/\/associazioniriunite.files.wordpress.com\/2019\/09\/img_20190913_102043.jpg?w=768 768w, https:\/\/associazioniriunite.files.wordpress.com\/2019\/09\/img_20190913_102043.jpg?w=1536 1536w, https:\/\/associazioniriunite.files.wordpress.com\/2019\/09\/img_20190913_102043.jpg?w=113 113w, https:\/\/associazioniriunite.files.wordpress.com\/2019\/09\/img_20190913_102043.jpg?w=225 225w\" alt=\"\" data-attachment-id=\"697\" data-permalink=\"https:\/\/associazioniriunite.wordpress.com\/associazione-italiana-combattenti-interalleati-a-i-c-i-federazione-provinciale-di-savona-sezione-intercomunale-delle-albissole\/img_20190913_102043\/\" data-orig-file=\"https:\/\/associazioniriunite.files.wordpress.com\/2019\/09\/img_20190913_102043.jpg\" data-orig-size=\"3000,4000\" data-comments-opened=\"1\" data-image-meta=\"{&quot;aperture&quot;:&quot;1.9&quot;,&quot;credit&quot;:&quot;&quot;,&quot;camera&quot;:&quot;Redmi Note 6 Pro&quot;,&quot;caption&quot;:&quot;&quot;,&quot;created_timestamp&quot;:&quot;1568370043&quot;,&quot;copyright&quot;:&quot;&quot;,&quot;focal_length&quot;:&quot;3.94&quot;,&quot;iso&quot;:&quot;250&quot;,&quot;shutter_speed&quot;:&quot;0.001841620626151&quot;,&quot;title&quot;:&quot;&quot;,&quot;orientation&quot;:&quot;1&quot;,&quot;latitude&quot;:&quot;44.315422722222&quot;,&quot;longitude&quot;:&quot;8.4912865555556&quot;}\" data-image-title=\"IMG_20190913_102043\" data-image-description=\"\" data-image-caption=\"\" data-medium-file=\"https:\/\/associazioniriunite.files.wordpress.com\/2019\/09\/img_20190913_102043.jpg?w=225\" data-large-file=\"https:\/\/associazioniriunite.files.wordpress.com\/2019\/09\/img_20190913_102043.jpg?w=768\" data-id=\"697\" \/><\/a><\/span><\/figure>\n<figure class=\"wp-block-image size-large\"><span style=\"font-size: 12pt;\"><a class=\"single-image-gallery\" href=\"https:\/\/associazioniriunite.wordpress.com\/associazione-italiana-combattenti-interalleati-a-i-c-i-federazione-provinciale-di-savona-sezione-intercomunale-delle-albissole\/img_20190913_102216\/\" data-carousel-extra=\"{&quot;blog_id&quot;:113475634}\"><img decoding=\"async\" class=\"wp-image-698\" src=\"https:\/\/associazioniriunite.files.wordpress.com\/2019\/09\/img_20190913_102216.jpg?w=1024\" sizes=\"(max-width: 709px) 85vw, (max-width: 909px) 67vw, (max-width: 1362px) 62vw, 840px\" srcset=\"https:\/\/associazioniriunite.files.wordpress.com\/2019\/09\/img_20190913_102216.jpg?w=1024 1024w, https:\/\/associazioniriunite.files.wordpress.com\/2019\/09\/img_20190913_102216.jpg?w=2048 2048w, https:\/\/associazioniriunite.files.wordpress.com\/2019\/09\/img_20190913_102216.jpg?w=150 150w, https:\/\/associazioniriunite.files.wordpress.com\/2019\/09\/img_20190913_102216.jpg?w=300 300w, https:\/\/associazioniriunite.files.wordpress.com\/2019\/09\/img_20190913_102216.jpg?w=768 768w\" alt=\"\" data-attachment-id=\"698\" data-permalink=\"https:\/\/associazioniriunite.wordpress.com\/associazione-italiana-combattenti-interalleati-a-i-c-i-federazione-provinciale-di-savona-sezione-intercomunale-delle-albissole\/img_20190913_102216\/\" data-orig-file=\"https:\/\/associazioniriunite.files.wordpress.com\/2019\/09\/img_20190913_102216.jpg\" data-orig-size=\"4000,3000\" data-comments-opened=\"1\" data-image-meta=\"{&quot;aperture&quot;:&quot;1.9&quot;,&quot;credit&quot;:&quot;&quot;,&quot;camera&quot;:&quot;Redmi Note 6 Pro&quot;,&quot;caption&quot;:&quot;&quot;,&quot;created_timestamp&quot;:&quot;1568370136&quot;,&quot;copyright&quot;:&quot;&quot;,&quot;focal_length&quot;:&quot;3.94&quot;,&quot;iso&quot;:&quot;100&quot;,&quot;shutter_speed&quot;:&quot;0.000592768227623&quot;,&quot;title&quot;:&quot;&quot;,&quot;orientation&quot;:&quot;1&quot;,&quot;latitude&quot;:&quot;44.315207111111&quot;,&quot;longitude&quot;:&quot;8.4915448888889&quot;}\" data-image-title=\"IMG_20190913_102216\" data-image-description=\"\" data-image-caption=\"\" data-medium-file=\"https:\/\/associazioniriunite.files.wordpress.com\/2019\/09\/img_20190913_102216.jpg?w=300\" data-large-file=\"https:\/\/associazioniriunite.files.wordpress.com\/2019\/09\/img_20190913_102216.jpg?w=840\" data-id=\"698\" \/><\/a><\/span><\/figure>\n<figure class=\"wp-block-image size-large\"><span style=\"font-size: 12pt;\"><a class=\"single-image-gallery\" href=\"https:\/\/associazioniriunite.wordpress.com\/associazione-italiana-combattenti-interalleati-a-i-c-i-federazione-provinciale-di-savona-sezione-intercomunale-delle-albissole\/img_20190913_103636\/\" data-carousel-extra=\"{&quot;blog_id&quot;:113475634}\"><img decoding=\"async\" class=\"wp-image-699\" src=\"https:\/\/associazioniriunite.files.wordpress.com\/2019\/09\/img_20190913_103636.jpg?w=1024\" sizes=\"(max-width: 709px) 85vw, (max-width: 909px) 67vw, (max-width: 1362px) 62vw, 840px\" srcset=\"https:\/\/associazioniriunite.files.wordpress.com\/2019\/09\/img_20190913_103636.jpg?w=1024 1024w, https:\/\/associazioniriunite.files.wordpress.com\/2019\/09\/img_20190913_103636.jpg?w=2048 2048w, https:\/\/associazioniriunite.files.wordpress.com\/2019\/09\/img_20190913_103636.jpg?w=150 150w, https:\/\/associazioniriunite.files.wordpress.com\/2019\/09\/img_20190913_103636.jpg?w=300 300w, https:\/\/associazioniriunite.files.wordpress.com\/2019\/09\/img_20190913_103636.jpg?w=768 768w\" alt=\"\" data-attachment-id=\"699\" data-permalink=\"https:\/\/associazioniriunite.wordpress.com\/associazione-italiana-combattenti-interalleati-a-i-c-i-federazione-provinciale-di-savona-sezione-intercomunale-delle-albissole\/img_20190913_103636\/\" data-orig-file=\"https:\/\/associazioniriunite.files.wordpress.com\/2019\/09\/img_20190913_103636.jpg\" data-orig-size=\"4000,3000\" data-comments-opened=\"1\" data-image-meta=\"{&quot;aperture&quot;:&quot;1.9&quot;,&quot;credit&quot;:&quot;&quot;,&quot;camera&quot;:&quot;Redmi Note 6 Pro&quot;,&quot;caption&quot;:&quot;&quot;,&quot;created_timestamp&quot;:&quot;1568370996&quot;,&quot;copyright&quot;:&quot;&quot;,&quot;focal_length&quot;:&quot;3.94&quot;,&quot;iso&quot;:&quot;250&quot;,&quot;shutter_speed&quot;:&quot;0.00064557779212395&quot;,&quot;title&quot;:&quot;&quot;,&quot;orientation&quot;:&quot;1&quot;,&quot;latitude&quot;:&quot;44.3154905&quot;,&quot;longitude&quot;:&quot;8.4913116666667&quot;}\" data-image-title=\"IMG_20190913_103636\" data-image-description=\"\" data-image-caption=\"\" data-medium-file=\"https:\/\/associazioniriunite.files.wordpress.com\/2019\/09\/img_20190913_103636.jpg?w=300\" data-large-file=\"https:\/\/associazioniriunite.files.wordpress.com\/2019\/09\/img_20190913_103636.jpg?w=840\" data-id=\"699\" \/><\/a><\/span><\/figure>\n<figure class=\"wp-block-image size-large\"><span style=\"font-size: 12pt;\"><a class=\"single-image-gallery\" href=\"https:\/\/associazioniriunite.wordpress.com\/associazione-italiana-combattenti-interalleati-a-i-c-i-federazione-provinciale-di-savona-sezione-intercomunale-delle-albissole\/img_20190913_103731\/\" data-carousel-extra=\"{&quot;blog_id&quot;:113475634}\"><img decoding=\"async\" class=\"wp-image-700\" src=\"https:\/\/associazioniriunite.files.wordpress.com\/2019\/09\/img_20190913_103731.jpg?w=1024\" sizes=\"(max-width: 709px) 85vw, (max-width: 909px) 67vw, (max-width: 1362px) 62vw, 840px\" srcset=\"https:\/\/associazioniriunite.files.wordpress.com\/2019\/09\/img_20190913_103731.jpg?w=1024 1024w, https:\/\/associazioniriunite.files.wordpress.com\/2019\/09\/img_20190913_103731.jpg?w=2048 2048w, https:\/\/associazioniriunite.files.wordpress.com\/2019\/09\/img_20190913_103731.jpg?w=150 150w, https:\/\/associazioniriunite.files.wordpress.com\/2019\/09\/img_20190913_103731.jpg?w=300 300w, https:\/\/associazioniriunite.files.wordpress.com\/2019\/09\/img_20190913_103731.jpg?w=768 768w\" alt=\"\" data-attachment-id=\"700\" data-permalink=\"https:\/\/associazioniriunite.wordpress.com\/associazione-italiana-combattenti-interalleati-a-i-c-i-federazione-provinciale-di-savona-sezione-intercomunale-delle-albissole\/img_20190913_103731\/\" data-orig-file=\"https:\/\/associazioniriunite.files.wordpress.com\/2019\/09\/img_20190913_103731.jpg\" data-orig-size=\"4000,3000\" data-comments-opened=\"1\" data-image-meta=\"{&quot;aperture&quot;:&quot;1.9&quot;,&quot;credit&quot;:&quot;&quot;,&quot;camera&quot;:&quot;Redmi Note 6 Pro&quot;,&quot;caption&quot;:&quot;&quot;,&quot;created_timestamp&quot;:&quot;1568371051&quot;,&quot;copyright&quot;:&quot;&quot;,&quot;focal_length&quot;:&quot;3.94&quot;,&quot;iso&quot;:&quot;250&quot;,&quot;shutter_speed&quot;:&quot;0.0012165450121655&quot;,&quot;title&quot;:&quot;&quot;,&quot;orientation&quot;:&quot;1&quot;,&quot;latitude&quot;:&quot;44.31552225&quot;,&quot;longitude&quot;:&quot;8.4914301944444&quot;}\" data-image-title=\"IMG_20190913_103731\" data-image-description=\"\" data-image-caption=\"\" data-medium-file=\"https:\/\/associazioniriunite.files.wordpress.com\/2019\/09\/img_20190913_103731.jpg?w=300\" data-large-file=\"https:\/\/associazioniriunite.files.wordpress.com\/2019\/09\/img_20190913_103731.jpg?w=840\" data-id=\"700\" \/><\/a><\/span><\/figure>\n<figure class=\"wp-block-image size-large\"><span style=\"font-size: 12pt;\"><a class=\"single-image-gallery\" href=\"https:\/\/associazioniriunite.wordpress.com\/associazione-italiana-combattenti-interalleati-a-i-c-i-federazione-provinciale-di-savona-sezione-intercomunale-delle-albissole\/img_20190921_205815\/\" data-carousel-extra=\"{&quot;blog_id&quot;:113475634}\"><img decoding=\"async\" class=\"wp-image-701\" src=\"https:\/\/associazioniriunite.files.wordpress.com\/2019\/09\/img_20190921_205815.jpg?w=1024\" sizes=\"(max-width: 709px) 85vw, (max-width: 909px) 67vw, (max-width: 1362px) 62vw, 840px\" srcset=\"https:\/\/associazioniriunite.files.wordpress.com\/2019\/09\/img_20190921_205815.jpg?w=1024 1024w, https:\/\/associazioniriunite.files.wordpress.com\/2019\/09\/img_20190921_205815.jpg?w=2048 2048w, https:\/\/associazioniriunite.files.wordpress.com\/2019\/09\/img_20190921_205815.jpg?w=150 150w, https:\/\/associazioniriunite.files.wordpress.com\/2019\/09\/img_20190921_205815.jpg?w=300 300w, https:\/\/associazioniriunite.files.wordpress.com\/2019\/09\/img_20190921_205815.jpg?w=768 768w\" alt=\"\" data-attachment-id=\"701\" data-permalink=\"https:\/\/associazioniriunite.wordpress.com\/associazione-italiana-combattenti-interalleati-a-i-c-i-federazione-provinciale-di-savona-sezione-intercomunale-delle-albissole\/img_20190921_205815\/\" data-orig-file=\"https:\/\/associazioniriunite.files.wordpress.com\/2019\/09\/img_20190921_205815.jpg\" data-orig-size=\"4000,3000\" data-comments-opened=\"1\" data-image-meta=\"{&quot;aperture&quot;:&quot;1.9&quot;,&quot;credit&quot;:&quot;&quot;,&quot;camera&quot;:&quot;Redmi Note 6 Pro&quot;,&quot;caption&quot;:&quot;&quot;,&quot;created_timestamp&quot;:&quot;1569099495&quot;,&quot;copyright&quot;:&quot;&quot;,&quot;focal_length&quot;:&quot;3.94&quot;,&quot;iso&quot;:&quot;2000&quot;,&quot;shutter_speed&quot;:&quot;0.058823529411765&quot;,&quot;title&quot;:&quot;&quot;,&quot;orientation&quot;:&quot;1&quot;,&quot;latitude&quot;:&quot;44.392343027778&quot;,&quot;longitude&quot;:&quot;8.4981774166667&quot;}\" data-image-title=\"IMG_20190921_205815\" data-image-description=\"\" data-image-caption=\"\" data-medium-file=\"https:\/\/associazioniriunite.files.wordpress.com\/2019\/09\/img_20190921_205815.jpg?w=300\" data-large-file=\"https:\/\/associazioniriunite.files.wordpress.com\/2019\/09\/img_20190921_205815.jpg?w=840\" data-id=\"701\" \/><\/a><\/span><\/figure>\n<figure class=\"wp-block-image size-large\"><span style=\"font-size: 12pt;\"><a class=\"single-image-gallery\" href=\"https:\/\/associazioniriunite.wordpress.com\/associazione-italiana-combattenti-interalleati-a-i-c-i-federazione-provinciale-di-savona-sezione-intercomunale-delle-albissole\/img_20190921_205903\/\" data-carousel-extra=\"{&quot;blog_id&quot;:113475634}\"><img decoding=\"async\" class=\"wp-image-702\" src=\"https:\/\/associazioniriunite.files.wordpress.com\/2019\/09\/img_20190921_205903.jpg?w=1024\" sizes=\"(max-width: 709px) 85vw, (max-width: 909px) 67vw, (max-width: 1362px) 62vw, 840px\" srcset=\"https:\/\/associazioniriunite.files.wordpress.com\/2019\/09\/img_20190921_205903.jpg?w=1024 1024w, https:\/\/associazioniriunite.files.wordpress.com\/2019\/09\/img_20190921_205903.jpg?w=2048 2048w, https:\/\/associazioniriunite.files.wordpress.com\/2019\/09\/img_20190921_205903.jpg?w=150 150w, https:\/\/associazioniriunite.files.wordpress.com\/2019\/09\/img_20190921_205903.jpg?w=300 300w, https:\/\/associazioniriunite.files.wordpress.com\/2019\/09\/img_20190921_205903.jpg?w=768 768w\" alt=\"\" data-attachment-id=\"702\" data-permalink=\"https:\/\/associazioniriunite.wordpress.com\/associazione-italiana-combattenti-interalleati-a-i-c-i-federazione-provinciale-di-savona-sezione-intercomunale-delle-albissole\/img_20190921_205903\/\" data-orig-file=\"https:\/\/associazioniriunite.files.wordpress.com\/2019\/09\/img_20190921_205903.jpg\" data-orig-size=\"4000,3000\" data-comments-opened=\"1\" data-image-meta=\"{&quot;aperture&quot;:&quot;1.9&quot;,&quot;credit&quot;:&quot;&quot;,&quot;camera&quot;:&quot;Redmi Note 6 Pro&quot;,&quot;caption&quot;:&quot;&quot;,&quot;created_timestamp&quot;:&quot;1569099543&quot;,&quot;copyright&quot;:&quot;&quot;,&quot;focal_length&quot;:&quot;3.94&quot;,&quot;iso&quot;:&quot;1600&quot;,&quot;shutter_speed&quot;:&quot;0.058823529411765&quot;,&quot;title&quot;:&quot;&quot;,&quot;orientation&quot;:&quot;1&quot;,&quot;latitude&quot;:&quot;44.392414166667&quot;,&quot;longitude&quot;:&quot;8.4981273333333&quot;}\" data-image-title=\"IMG_20190921_205903\" data-image-description=\"\" data-image-caption=\"\" data-medium-file=\"https:\/\/associazioniriunite.files.wordpress.com\/2019\/09\/img_20190921_205903.jpg?w=300\" data-large-file=\"https:\/\/associazioniriunite.files.wordpress.com\/2019\/09\/img_20190921_205903.jpg?w=840\" data-id=\"702\" \/><\/a><\/span><\/figure>\n<figure class=\"wp-block-image size-large\"><span style=\"font-size: 12pt;\"><a class=\"single-image-gallery\" href=\"https:\/\/associazioniriunite.wordpress.com\/associazione-italiana-combattenti-interalleati-a-i-c-i-federazione-provinciale-di-savona-sezione-intercomunale-delle-albissole\/img_20190921_221635\/\" data-carousel-extra=\"{&quot;blog_id&quot;:113475634}\"><img decoding=\"async\" class=\"wp-image-703\" src=\"https:\/\/associazioniriunite.files.wordpress.com\/2019\/09\/img_20190921_221635.jpg?w=768\" sizes=\"(max-width: 768px) 85vw, 768px\" srcset=\"https:\/\/associazioniriunite.files.wordpress.com\/2019\/09\/img_20190921_221635.jpg?w=768 768w, https:\/\/associazioniriunite.files.wordpress.com\/2019\/09\/img_20190921_221635.jpg?w=1536 1536w, https:\/\/associazioniriunite.files.wordpress.com\/2019\/09\/img_20190921_221635.jpg?w=113 113w, https:\/\/associazioniriunite.files.wordpress.com\/2019\/09\/img_20190921_221635.jpg?w=225 225w\" alt=\"\" data-attachment-id=\"703\" data-permalink=\"https:\/\/associazioniriunite.wordpress.com\/associazione-italiana-combattenti-interalleati-a-i-c-i-federazione-provinciale-di-savona-sezione-intercomunale-delle-albissole\/img_20190921_221635\/\" data-orig-file=\"https:\/\/associazioniriunite.files.wordpress.com\/2019\/09\/img_20190921_221635.jpg\" data-orig-size=\"3000,4000\" data-comments-opened=\"1\" data-image-meta=\"{&quot;aperture&quot;:&quot;1.9&quot;,&quot;credit&quot;:&quot;&quot;,&quot;camera&quot;:&quot;Redmi Note 6 Pro&quot;,&quot;caption&quot;:&quot;&quot;,&quot;created_timestamp&quot;:&quot;1569104195&quot;,&quot;copyright&quot;:&quot;&quot;,&quot;focal_length&quot;:&quot;3.94&quot;,&quot;iso&quot;:&quot;200&quot;,&quot;shutter_speed&quot;:&quot;0.03030303030303&quot;,&quot;title&quot;:&quot;&quot;,&quot;orientation&quot;:&quot;1&quot;,&quot;latitude&quot;:&quot;44.402365277778&quot;,&quot;longitude&quot;:&quot;8.490935&quot;}\" data-image-title=\"IMG_20190921_221635\" data-image-description=\"\" data-image-caption=\"\" data-medium-file=\"https:\/\/associazioniriunite.files.wordpress.com\/2019\/09\/img_20190921_221635.jpg?w=225\" data-large-file=\"https:\/\/associazioniriunite.files.wordpress.com\/2019\/09\/img_20190921_221635.jpg?w=768\" data-id=\"703\" \/><\/a><\/span><\/figure>\n<\/figure>\n<p><span style=\"font-size: 12pt;\">^^^^^^^^^^^^^^^<\/span><\/p>\n<p><span style=\"font-size: 12pt;\">RADUNO ALPINI SAVONA 6 ottobre 2019<\/span><\/p>\n<figure class=\"wp-block-gallery has-nested-images columns-3 is-cropped wp-block-gallery-9 is-layout-flex\" data-carousel-extra=\"{&quot;blog_id&quot;:113475634,&quot;permalink&quot;:&quot;https:\\\/\\\/associazioniriunite.wordpress.com\\\/associazione-italiana-combattenti-interalleati-a-i-c-i-federazione-provinciale-di-savona-sezione-intercomunale-delle-albissole\\\/&quot;}\">\n<figure class=\"wp-block-image size-large\"><span style=\"font-size: 12pt;\"><a class=\"single-image-gallery\" href=\"https:\/\/associazioniriunite.wordpress.com\/associazione-italiana-combattenti-interalleati-a-i-c-i-federazione-provinciale-di-savona-sezione-intercomunale-delle-albissole\/71494068_10217440864807063_1149987200130088960_n\/\" data-carousel-extra=\"{&quot;blog_id&quot;:113475634}\"><img decoding=\"async\" class=\"wp-image-710\" src=\"https:\/\/associazioniriunite.files.wordpress.com\/2019\/10\/71494068_10217440864807063_1149987200130088960_n.jpg?w=960\" sizes=\"(max-width: 709px) 85vw, (max-width: 909px) 67vw, (max-width: 1362px) 62vw, 840px\" srcset=\"https:\/\/associazioniriunite.files.wordpress.com\/2019\/10\/71494068_10217440864807063_1149987200130088960_n.jpg 960w, https:\/\/associazioniriunite.files.wordpress.com\/2019\/10\/71494068_10217440864807063_1149987200130088960_n.jpg?w=150 150w, https:\/\/associazioniriunite.files.wordpress.com\/2019\/10\/71494068_10217440864807063_1149987200130088960_n.jpg?w=300 300w, https:\/\/associazioniriunite.files.wordpress.com\/2019\/10\/71494068_10217440864807063_1149987200130088960_n.jpg?w=768 768w\" alt=\"\" data-attachment-id=\"710\" data-permalink=\"https:\/\/associazioniriunite.wordpress.com\/associazione-italiana-combattenti-interalleati-a-i-c-i-federazione-provinciale-di-savona-sezione-intercomunale-delle-albissole\/71494068_10217440864807063_1149987200130088960_n\/\" data-orig-file=\"https:\/\/associazioniriunite.files.wordpress.com\/2019\/10\/71494068_10217440864807063_1149987200130088960_n.jpg\" data-orig-size=\"960,720\" data-comments-opened=\"1\" data-image-meta=\"{&quot;aperture&quot;:&quot;0&quot;,&quot;credit&quot;:&quot;&quot;,&quot;camera&quot;:&quot;&quot;,&quot;caption&quot;:&quot;&quot;,&quot;created_timestamp&quot;:&quot;0&quot;,&quot;copyright&quot;:&quot;&quot;,&quot;focal_length&quot;:&quot;0&quot;,&quot;iso&quot;:&quot;0&quot;,&quot;shutter_speed&quot;:&quot;0&quot;,&quot;title&quot;:&quot;&quot;,&quot;orientation&quot;:&quot;0&quot;}\" data-image-title=\"71494068_10217440864807063_1149987200130088960_n\" data-image-description=\"\" data-image-caption=\"\" data-medium-file=\"https:\/\/associazioniriunite.files.wordpress.com\/2019\/10\/71494068_10217440864807063_1149987200130088960_n.jpg?w=300\" data-large-file=\"https:\/\/associazioniriunite.files.wordpress.com\/2019\/10\/71494068_10217440864807063_1149987200130088960_n.jpg?w=840\" data-id=\"710\" \/><\/a><\/span><\/figure>\n<figure class=\"wp-block-image size-large\"><span style=\"font-size: 12pt;\"><a class=\"single-image-gallery\" href=\"https:\/\/associazioniriunite.wordpress.com\/associazione-italiana-combattenti-interalleati-a-i-c-i-federazione-provinciale-di-savona-sezione-intercomunale-delle-albissole\/71548117_10217440818445904_1143729595988574208_n\/\" data-carousel-extra=\"{&quot;blog_id&quot;:113475634}\"><img decoding=\"async\" class=\"wp-image-711\" src=\"https:\/\/associazioniriunite.files.wordpress.com\/2019\/10\/71548117_10217440818445904_1143729595988574208_n.jpg?w=960\" sizes=\"(max-width: 709px) 85vw, (max-width: 909px) 67vw, (max-width: 1362px) 62vw, 840px\" srcset=\"https:\/\/associazioniriunite.files.wordpress.com\/2019\/10\/71548117_10217440818445904_1143729595988574208_n.jpg 960w, https:\/\/associazioniriunite.files.wordpress.com\/2019\/10\/71548117_10217440818445904_1143729595988574208_n.jpg?w=150 150w, https:\/\/associazioniriunite.files.wordpress.com\/2019\/10\/71548117_10217440818445904_1143729595988574208_n.jpg?w=300 300w, https:\/\/associazioniriunite.files.wordpress.com\/2019\/10\/71548117_10217440818445904_1143729595988574208_n.jpg?w=768 768w\" alt=\"\" data-attachment-id=\"711\" data-permalink=\"https:\/\/associazioniriunite.wordpress.com\/associazione-italiana-combattenti-interalleati-a-i-c-i-federazione-provinciale-di-savona-sezione-intercomunale-delle-albissole\/71548117_10217440818445904_1143729595988574208_n\/\" data-orig-file=\"https:\/\/associazioniriunite.files.wordpress.com\/2019\/10\/71548117_10217440818445904_1143729595988574208_n.jpg\" data-orig-size=\"960,720\" data-comments-opened=\"1\" data-image-meta=\"{&quot;aperture&quot;:&quot;0&quot;,&quot;credit&quot;:&quot;&quot;,&quot;camera&quot;:&quot;&quot;,&quot;caption&quot;:&quot;&quot;,&quot;created_timestamp&quot;:&quot;0&quot;,&quot;copyright&quot;:&quot;&quot;,&quot;focal_length&quot;:&quot;0&quot;,&quot;iso&quot;:&quot;0&quot;,&quot;shutter_speed&quot;:&quot;0&quot;,&quot;title&quot;:&quot;&quot;,&quot;orientation&quot;:&quot;0&quot;}\" data-image-title=\"71548117_10217440818445904_1143729595988574208_n\" data-image-description=\"\" data-image-caption=\"\" data-medium-file=\"https:\/\/associazioniriunite.files.wordpress.com\/2019\/10\/71548117_10217440818445904_1143729595988574208_n.jpg?w=300\" data-large-file=\"https:\/\/associazioniriunite.files.wordpress.com\/2019\/10\/71548117_10217440818445904_1143729595988574208_n.jpg?w=840\" data-id=\"711\" \/><\/a><\/span><\/figure>\n<figure class=\"wp-block-image size-large\"><span style=\"font-size: 12pt;\"><a class=\"single-image-gallery\" href=\"https:\/\/associazioniriunite.wordpress.com\/associazione-italiana-combattenti-interalleati-a-i-c-i-federazione-provinciale-di-savona-sezione-intercomunale-delle-albissole\/71672676_997367760602494_3699165803451514880_n\/\" data-carousel-extra=\"{&quot;blog_id&quot;:113475634}\"><img decoding=\"async\" class=\"wp-image-712\" src=\"https:\/\/associazioniriunite.files.wordpress.com\/2019\/10\/71672676_997367760602494_3699165803451514880_n.jpg?w=960\" sizes=\"(max-width: 709px) 85vw, (max-width: 909px) 67vw, (max-width: 1362px) 62vw, 840px\" srcset=\"https:\/\/associazioniriunite.files.wordpress.com\/2019\/10\/71672676_997367760602494_3699165803451514880_n.jpg 960w, https:\/\/associazioniriunite.files.wordpress.com\/2019\/10\/71672676_997367760602494_3699165803451514880_n.jpg?w=150 150w, https:\/\/associazioniriunite.files.wordpress.com\/2019\/10\/71672676_997367760602494_3699165803451514880_n.jpg?w=300 300w, https:\/\/associazioniriunite.files.wordpress.com\/2019\/10\/71672676_997367760602494_3699165803451514880_n.jpg?w=768 768w\" alt=\"\" data-attachment-id=\"712\" data-permalink=\"https:\/\/associazioniriunite.wordpress.com\/associazione-italiana-combattenti-interalleati-a-i-c-i-federazione-provinciale-di-savona-sezione-intercomunale-delle-albissole\/71672676_997367760602494_3699165803451514880_n\/\" data-orig-file=\"https:\/\/associazioniriunite.files.wordpress.com\/2019\/10\/71672676_997367760602494_3699165803451514880_n.jpg\" data-orig-size=\"960,720\" data-comments-opened=\"1\" data-image-meta=\"{&quot;aperture&quot;:&quot;0&quot;,&quot;credit&quot;:&quot;&quot;,&quot;camera&quot;:&quot;&quot;,&quot;caption&quot;:&quot;&quot;,&quot;created_timestamp&quot;:&quot;0&quot;,&quot;copyright&quot;:&quot;&quot;,&quot;focal_length&quot;:&quot;0&quot;,&quot;iso&quot;:&quot;0&quot;,&quot;shutter_speed&quot;:&quot;0&quot;,&quot;title&quot;:&quot;&quot;,&quot;orientation&quot;:&quot;0&quot;}\" data-image-title=\"71672676_997367760602494_3699165803451514880_n\" data-image-description=\"\" data-image-caption=\"\" data-medium-file=\"https:\/\/associazioniriunite.files.wordpress.com\/2019\/10\/71672676_997367760602494_3699165803451514880_n.jpg?w=300\" data-large-file=\"https:\/\/associazioniriunite.files.wordpress.com\/2019\/10\/71672676_997367760602494_3699165803451514880_n.jpg?w=840\" data-id=\"712\" \/><\/a><\/span><\/figure>\n<figure class=\"wp-block-image size-large\"><span style=\"font-size: 12pt;\"><a class=\"single-image-gallery\" href=\"https:\/\/associazioniriunite.wordpress.com\/associazione-italiana-combattenti-interalleati-a-i-c-i-federazione-provinciale-di-savona-sezione-intercomunale-delle-albissole\/71766213_10217441953034268_2281650661026168832_n\/\" data-carousel-extra=\"{&quot;blog_id&quot;:113475634}\"><img decoding=\"async\" class=\"wp-image-713\" src=\"https:\/\/associazioniriunite.files.wordpress.com\/2019\/10\/71766213_10217441953034268_2281650661026168832_n.jpg?w=960\" sizes=\"(max-width: 709px) 85vw, (max-width: 909px) 67vw, (max-width: 1362px) 62vw, 840px\" srcset=\"https:\/\/associazioniriunite.files.wordpress.com\/2019\/10\/71766213_10217441953034268_2281650661026168832_n.jpg 960w, https:\/\/associazioniriunite.files.wordpress.com\/2019\/10\/71766213_10217441953034268_2281650661026168832_n.jpg?w=150 150w, https:\/\/associazioniriunite.files.wordpress.com\/2019\/10\/71766213_10217441953034268_2281650661026168832_n.jpg?w=300 300w, https:\/\/associazioniriunite.files.wordpress.com\/2019\/10\/71766213_10217441953034268_2281650661026168832_n.jpg?w=768 768w\" alt=\"\" data-attachment-id=\"713\" data-permalink=\"https:\/\/associazioniriunite.wordpress.com\/associazione-italiana-combattenti-interalleati-a-i-c-i-federazione-provinciale-di-savona-sezione-intercomunale-delle-albissole\/71766213_10217441953034268_2281650661026168832_n\/\" data-orig-file=\"https:\/\/associazioniriunite.files.wordpress.com\/2019\/10\/71766213_10217441953034268_2281650661026168832_n.jpg\" data-orig-size=\"960,720\" data-comments-opened=\"1\" data-image-meta=\"{&quot;aperture&quot;:&quot;0&quot;,&quot;credit&quot;:&quot;&quot;,&quot;camera&quot;:&quot;&quot;,&quot;caption&quot;:&quot;&quot;,&quot;created_timestamp&quot;:&quot;0&quot;,&quot;copyright&quot;:&quot;&quot;,&quot;focal_length&quot;:&quot;0&quot;,&quot;iso&quot;:&quot;0&quot;,&quot;shutter_speed&quot;:&quot;0&quot;,&quot;title&quot;:&quot;&quot;,&quot;orientation&quot;:&quot;0&quot;}\" data-image-title=\"71766213_10217441953034268_2281650661026168832_n\" data-image-description=\"\" data-image-caption=\"\" data-medium-file=\"https:\/\/associazioniriunite.files.wordpress.com\/2019\/10\/71766213_10217441953034268_2281650661026168832_n.jpg?w=300\" data-large-file=\"https:\/\/associazioniriunite.files.wordpress.com\/2019\/10\/71766213_10217441953034268_2281650661026168832_n.jpg?w=840\" data-id=\"713\" \/><\/a><\/span><\/figure>\n<figure class=\"wp-block-image size-large\"><span style=\"font-size: 12pt;\"><a class=\"single-image-gallery\" href=\"https:\/\/associazioniriunite.wordpress.com\/associazione-italiana-combattenti-interalleati-a-i-c-i-federazione-provinciale-di-savona-sezione-intercomunale-delle-albissole\/71931941_10217441953234273_6460455927941169152_n\/\" data-carousel-extra=\"{&quot;blog_id&quot;:113475634}\"><img decoding=\"async\" class=\"wp-image-714\" src=\"https:\/\/associazioniriunite.files.wordpress.com\/2019\/10\/71931941_10217441953234273_6460455927941169152_n.jpg?w=960\" sizes=\"(max-width: 709px) 85vw, (max-width: 909px) 67vw, (max-width: 1362px) 62vw, 840px\" srcset=\"https:\/\/associazioniriunite.files.wordpress.com\/2019\/10\/71931941_10217441953234273_6460455927941169152_n.jpg 960w, https:\/\/associazioniriunite.files.wordpress.com\/2019\/10\/71931941_10217441953234273_6460455927941169152_n.jpg?w=150 150w, https:\/\/associazioniriunite.files.wordpress.com\/2019\/10\/71931941_10217441953234273_6460455927941169152_n.jpg?w=300 300w, https:\/\/associazioniriunite.files.wordpress.com\/2019\/10\/71931941_10217441953234273_6460455927941169152_n.jpg?w=768 768w\" alt=\"\" data-attachment-id=\"714\" data-permalink=\"https:\/\/associazioniriunite.wordpress.com\/associazione-italiana-combattenti-interalleati-a-i-c-i-federazione-provinciale-di-savona-sezione-intercomunale-delle-albissole\/71931941_10217441953234273_6460455927941169152_n\/\" data-orig-file=\"https:\/\/associazioniriunite.files.wordpress.com\/2019\/10\/71931941_10217441953234273_6460455927941169152_n.jpg\" data-orig-size=\"960,720\" data-comments-opened=\"1\" data-image-meta=\"{&quot;aperture&quot;:&quot;0&quot;,&quot;credit&quot;:&quot;&quot;,&quot;camera&quot;:&quot;&quot;,&quot;caption&quot;:&quot;&quot;,&quot;created_timestamp&quot;:&quot;0&quot;,&quot;copyright&quot;:&quot;&quot;,&quot;focal_length&quot;:&quot;0&quot;,&quot;iso&quot;:&quot;0&quot;,&quot;shutter_speed&quot;:&quot;0&quot;,&quot;title&quot;:&quot;&quot;,&quot;orientation&quot;:&quot;0&quot;}\" data-image-title=\"71931941_10217441953234273_6460455927941169152_n\" data-image-description=\"\" data-image-caption=\"\" data-medium-file=\"https:\/\/associazioniriunite.files.wordpress.com\/2019\/10\/71931941_10217441953234273_6460455927941169152_n.jpg?w=300\" data-large-file=\"https:\/\/associazioniriunite.files.wordpress.com\/2019\/10\/71931941_10217441953234273_6460455927941169152_n.jpg?w=840\" data-id=\"714\" \/><\/a><\/span><\/figure>\n<figure class=\"wp-block-image size-large\"><span style=\"font-size: 12pt;\"><a class=\"single-image-gallery\" href=\"https:\/\/associazioniriunite.wordpress.com\/associazione-italiana-combattenti-interalleati-a-i-c-i-federazione-provinciale-di-savona-sezione-intercomunale-delle-albissole\/72117959_10217440697722886_4968360310508355584_n\/\" data-carousel-extra=\"{&quot;blog_id&quot;:113475634}\"><img decoding=\"async\" class=\"wp-image-715\" src=\"https:\/\/associazioniriunite.files.wordpress.com\/2019\/10\/72117959_10217440697722886_4968360310508355584_n.jpg?w=960\" sizes=\"(max-width: 709px) 85vw, (max-width: 909px) 67vw, (max-width: 1362px) 62vw, 840px\" srcset=\"https:\/\/associazioniriunite.files.wordpress.com\/2019\/10\/72117959_10217440697722886_4968360310508355584_n.jpg 960w, https:\/\/associazioniriunite.files.wordpress.com\/2019\/10\/72117959_10217440697722886_4968360310508355584_n.jpg?w=150 150w, https:\/\/associazioniriunite.files.wordpress.com\/2019\/10\/72117959_10217440697722886_4968360310508355584_n.jpg?w=300 300w, https:\/\/associazioniriunite.files.wordpress.com\/2019\/10\/72117959_10217440697722886_4968360310508355584_n.jpg?w=768 768w\" alt=\"\" data-attachment-id=\"715\" data-permalink=\"https:\/\/associazioniriunite.wordpress.com\/associazione-italiana-combattenti-interalleati-a-i-c-i-federazione-provinciale-di-savona-sezione-intercomunale-delle-albissole\/72117959_10217440697722886_4968360310508355584_n\/\" data-orig-file=\"https:\/\/associazioniriunite.files.wordpress.com\/2019\/10\/72117959_10217440697722886_4968360310508355584_n.jpg\" data-orig-size=\"960,720\" data-comments-opened=\"1\" data-image-meta=\"{&quot;aperture&quot;:&quot;0&quot;,&quot;credit&quot;:&quot;&quot;,&quot;camera&quot;:&quot;&quot;,&quot;caption&quot;:&quot;&quot;,&quot;created_timestamp&quot;:&quot;0&quot;,&quot;copyright&quot;:&quot;&quot;,&quot;focal_length&quot;:&quot;0&quot;,&quot;iso&quot;:&quot;0&quot;,&quot;shutter_speed&quot;:&quot;0&quot;,&quot;title&quot;:&quot;&quot;,&quot;orientation&quot;:&quot;0&quot;}\" data-image-title=\"72117959_10217440697722886_4968360310508355584_n\" data-image-description=\"\" data-image-caption=\"\" data-medium-file=\"https:\/\/associazioniriunite.files.wordpress.com\/2019\/10\/72117959_10217440697722886_4968360310508355584_n.jpg?w=300\" data-large-file=\"https:\/\/associazioniriunite.files.wordpress.com\/2019\/10\/72117959_10217440697722886_4968360310508355584_n.jpg?w=840\" data-id=\"715\" \/><\/a><\/span><\/figure>\n<p>^^^^^<\/p>\n<p><span style=\"font-size: 12pt;\">Savona 2 novembre Commemorazione.<\/span><\/p>\n<p><span style=\"font-size: 12pt;\">Alla presenza del Sindaco di Savona Ilaria Caprioglio ,dell\u2019 Assesssore Roberto Levrero e del Vice presidente della Provincia Francesco Bonasera. del Prefetto di Savona sua Eccelnza Antonio Canan\u00e0 ,del Questore di Savona Dott.Giannina Roatta. e delle massime autorit\u00e0 civili, militari e religiose della provincia, si \u00e8 svolta la cerimonia di benedizione e deposizione di corone di alloro al Sacrario dei Defunti, al Sacrario dei Partigiani, al Cippo dei Caduti nella 2^ Guerra Mondiale, al Cippo degli Invalidi di guerra ed alla Lapide dei Deportati presso il cimitero di Zinola<\/span><\/p>\n<p><span style=\"font-size: 12pt;\">A seguire, presso la Cappella Superiore, \u00e8 stata celebrata la Santa Messa dal vescovo della diocesi di Savona-Noli Calogero Marino.<\/span><\/p>\n<p><span style=\"font-size: 12pt;\">Alla presenza del Sindaco di Savona Ilaria Caprioglio ,dell\u2019 Assessore Roberto Levrero e del Vice presidente della Provincia Francesco Bonasera. del Prefetto di Savona sua Eccelnza Antonio Canan\u00e0 ,del Questore di Savona Dott.Giannina Roatta. e delle massime autorit\u00e0 civili, militari e religiose della provincia, si \u00e8 svolta la cerimonia di benedizione e deposizione di corone di alloro al Sacrario dei Defunti, al Sacrario dei Partigiani, al Cippo dei Caduti nella 2^ Guerra Mondiale, al Cippo degli Invalidi di guerra ed alla Lapide dei Deportati presso il cimitero di Zinola.<\/span><\/p>\n<p><span style=\"font-size: 12pt;\">La cerimonia \u00e8 poi proseguita a Savona con la deposizione di una corona d\u2019alloro al Monumento ai Caduti di Piazza Mameli e il lancio in mare di un\u2019altra corona d\u2019alloro per tutti i Caduti del Mare.<\/span><\/p>\n<figure class=\"wp-block-image size-large\"><span style=\"font-size: 12pt;\"><img decoding=\"async\" class=\"wp-image-732\" src=\"https:\/\/associazioniriunite.files.wordpress.com\/2019\/11\/74160698_10217680012105596_3449106403682156544_n.jpg?w=840\" sizes=\"(max-width: 709px) 85vw, (max-width: 909px) 67vw, (max-width: 1362px) 62vw, 840px\" srcset=\"https:\/\/associazioniriunite.files.wordpress.com\/2019\/11\/74160698_10217680012105596_3449106403682156544_n.jpg?w=840 840w, https:\/\/associazioniriunite.files.wordpress.com\/2019\/11\/74160698_10217680012105596_3449106403682156544_n.jpg?w=150 150w, https:\/\/associazioniriunite.files.wordpress.com\/2019\/11\/74160698_10217680012105596_3449106403682156544_n.jpg?w=300 300w, https:\/\/associazioniriunite.files.wordpress.com\/2019\/11\/74160698_10217680012105596_3449106403682156544_n.jpg?w=768 768w, https:\/\/associazioniriunite.files.wordpress.com\/2019\/11\/74160698_10217680012105596_3449106403682156544_n.jpg 960w\" alt=\"\" data-attachment-id=\"732\" data-permalink=\"https:\/\/associazioniriunite.wordpress.com\/associazione-italiana-combattenti-interalleati-a-i-c-i-federazione-provinciale-di-savona-sezione-intercomunale-delle-albissole\/74160698_10217680012105596_3449106403682156544_n\/\" data-orig-file=\"https:\/\/associazioniriunite.files.wordpress.com\/2019\/11\/74160698_10217680012105596_3449106403682156544_n.jpg\" data-orig-size=\"960,720\" data-comments-opened=\"1\" data-image-meta=\"{&quot;aperture&quot;:&quot;0&quot;,&quot;credit&quot;:&quot;&quot;,&quot;camera&quot;:&quot;&quot;,&quot;caption&quot;:&quot;&quot;,&quot;created_timestamp&quot;:&quot;0&quot;,&quot;copyright&quot;:&quot;&quot;,&quot;focal_length&quot;:&quot;0&quot;,&quot;iso&quot;:&quot;0&quot;,&quot;shutter_speed&quot;:&quot;0&quot;,&quot;title&quot;:&quot;&quot;,&quot;orientation&quot;:&quot;0&quot;}\" data-image-title=\"74160698_10217680012105596_3449106403682156544_n\" data-image-description=\"\" data-image-caption=\"\" data-medium-file=\"https:\/\/associazioniriunite.files.wordpress.com\/2019\/11\/74160698_10217680012105596_3449106403682156544_n.jpg?w=300\" data-large-file=\"https:\/\/associazioniriunite.files.wordpress.com\/2019\/11\/74160698_10217680012105596_3449106403682156544_n.jpg?w=840\" \/><\/span><\/figure>\n<figure class=\"wp-block-gallery has-nested-images columns-default is-cropped wp-block-gallery-15 is-layout-flex\" data-carousel-extra=\"{&quot;blog_id&quot;:113475634,&quot;permalink&quot;:&quot;https:\\\/\\\/associazioniriunite.wordpress.com\\\/associazione-italiana-combattenti-interalleati-a-i-c-i-federazione-provinciale-di-savona-sezione-intercomunale-delle-albissole\\\/&quot;}\">\n<figure class=\"wp-block-image size-large\"><span style=\"font-size: 12pt;\"><img decoding=\"async\" class=\"wp-image-739\" src=\"https:\/\/associazioniriunite.files.wordpress.com\/2019\/11\/76186493_1021603104845626_3893769328524263424_n.jpg?w=960\" sizes=\"(max-width: 709px) 85vw, (max-width: 909px) 67vw, (max-width: 1362px) 62vw, 840px\" srcset=\"https:\/\/associazioniriunite.files.wordpress.com\/2019\/11\/76186493_1021603104845626_3893769328524263424_n.jpg 960w, https:\/\/associazioniriunite.files.wordpress.com\/2019\/11\/76186493_1021603104845626_3893769328524263424_n.jpg?w=150 150w, https:\/\/associazioniriunite.files.wordpress.com\/2019\/11\/76186493_1021603104845626_3893769328524263424_n.jpg?w=300 300w, https:\/\/associazioniriunite.files.wordpress.com\/2019\/11\/76186493_1021603104845626_3893769328524263424_n.jpg?w=768 768w\" alt=\"\" data-attachment-id=\"739\" data-permalink=\"https:\/\/associazioniriunite.wordpress.com\/associazione-italiana-combattenti-interalleati-a-i-c-i-federazione-provinciale-di-savona-sezione-intercomunale-delle-albissole\/76186493_1021603104845626_3893769328524263424_n\/\" data-orig-file=\"https:\/\/associazioniriunite.files.wordpress.com\/2019\/11\/76186493_1021603104845626_3893769328524263424_n.jpg\" data-orig-size=\"960,720\" data-comments-opened=\"1\" data-image-meta=\"{&quot;aperture&quot;:&quot;0&quot;,&quot;credit&quot;:&quot;&quot;,&quot;camera&quot;:&quot;&quot;,&quot;caption&quot;:&quot;&quot;,&quot;created_timestamp&quot;:&quot;0&quot;,&quot;copyright&quot;:&quot;&quot;,&quot;focal_length&quot;:&quot;0&quot;,&quot;iso&quot;:&quot;0&quot;,&quot;shutter_speed&quot;:&quot;0&quot;,&quot;title&quot;:&quot;&quot;,&quot;orientation&quot;:&quot;0&quot;}\" data-image-title=\"76186493_1021603104845626_3893769328524263424_n\" data-image-description=\"\" data-image-caption=\"\" data-medium-file=\"https:\/\/associazioniriunite.files.wordpress.com\/2019\/11\/76186493_1021603104845626_3893769328524263424_n.jpg?w=300\" data-large-file=\"https:\/\/associazioniriunite.files.wordpress.com\/2019\/11\/76186493_1021603104845626_3893769328524263424_n.jpg?w=840\" data-id=\"739\" \/><\/span><\/figure>\n<figure class=\"wp-block-image size-large\"><span style=\"font-size: 12pt;\"><img decoding=\"async\" class=\"wp-image-738\" src=\"https:\/\/associazioniriunite.files.wordpress.com\/2019\/11\/75394822_10217680014105646_768722549537243136_n.jpg?w=720\" sizes=\"(max-width: 720px) 85vw, 720px\" srcset=\"https:\/\/associazioniriunite.files.wordpress.com\/2019\/11\/75394822_10217680014105646_768722549537243136_n.jpg 720w, https:\/\/associazioniriunite.files.wordpress.com\/2019\/11\/75394822_10217680014105646_768722549537243136_n.jpg?w=113 113w, https:\/\/associazioniriunite.files.wordpress.com\/2019\/11\/75394822_10217680014105646_768722549537243136_n.jpg?w=225 225w\" alt=\"\" data-attachment-id=\"738\" data-permalink=\"https:\/\/associazioniriunite.wordpress.com\/associazione-italiana-combattenti-interalleati-a-i-c-i-federazione-provinciale-di-savona-sezione-intercomunale-delle-albissole\/75394822_10217680014105646_768722549537243136_n\/\" data-orig-file=\"https:\/\/associazioniriunite.files.wordpress.com\/2019\/11\/75394822_10217680014105646_768722549537243136_n.jpg\" data-orig-size=\"720,960\" data-comments-opened=\"1\" data-image-meta=\"{&quot;aperture&quot;:&quot;0&quot;,&quot;credit&quot;:&quot;&quot;,&quot;camera&quot;:&quot;&quot;,&quot;caption&quot;:&quot;&quot;,&quot;created_timestamp&quot;:&quot;0&quot;,&quot;copyright&quot;:&quot;&quot;,&quot;focal_length&quot;:&quot;0&quot;,&quot;iso&quot;:&quot;0&quot;,&quot;shutter_speed&quot;:&quot;0&quot;,&quot;title&quot;:&quot;&quot;,&quot;orientation&quot;:&quot;0&quot;}\" data-image-title=\"75394822_10217680014105646_768722549537243136_n\" data-image-description=\"\" data-image-caption=\"\" data-medium-file=\"https:\/\/associazioniriunite.files.wordpress.com\/2019\/11\/75394822_10217680014105646_768722549537243136_n.jpg?w=225\" data-large-file=\"https:\/\/associazioniriunite.files.wordpress.com\/2019\/11\/75394822_10217680014105646_768722549537243136_n.jpg?w=720\" data-id=\"738\" \/><\/span><\/figure>\n<figure class=\"wp-block-image size-large\"><span style=\"font-size: 12pt;\"><img decoding=\"async\" class=\"wp-image-736\" src=\"https:\/\/associazioniriunite.files.wordpress.com\/2019\/11\/75394822_10217680014105646_768722549537243136_n-copia.jpg?w=720\" sizes=\"(max-width: 720px) 85vw, 720px\" srcset=\"https:\/\/associazioniriunite.files.wordpress.com\/2019\/11\/75394822_10217680014105646_768722549537243136_n-copia.jpg 720w, https:\/\/associazioniriunite.files.wordpress.com\/2019\/11\/75394822_10217680014105646_768722549537243136_n-copia.jpg?w=113 113w, https:\/\/associazioniriunite.files.wordpress.com\/2019\/11\/75394822_10217680014105646_768722549537243136_n-copia.jpg?w=225 225w\" alt=\"\" data-attachment-id=\"736\" data-permalink=\"https:\/\/associazioniriunite.wordpress.com\/associazione-italiana-combattenti-interalleati-a-i-c-i-federazione-provinciale-di-savona-sezione-intercomunale-delle-albissole\/75394822_10217680014105646_768722549537243136_n-copia\/\" data-orig-file=\"https:\/\/associazioniriunite.files.wordpress.com\/2019\/11\/75394822_10217680014105646_768722549537243136_n-copia.jpg\" data-orig-size=\"720,960\" data-comments-opened=\"1\" data-image-meta=\"{&quot;aperture&quot;:&quot;0&quot;,&quot;credit&quot;:&quot;&quot;,&quot;camera&quot;:&quot;&quot;,&quot;caption&quot;:&quot;&quot;,&quot;created_timestamp&quot;:&quot;0&quot;,&quot;copyright&quot;:&quot;&quot;,&quot;focal_length&quot;:&quot;0&quot;,&quot;iso&quot;:&quot;0&quot;,&quot;shutter_speed&quot;:&quot;0&quot;,&quot;title&quot;:&quot;&quot;,&quot;orientation&quot;:&quot;0&quot;}\" data-image-title=\"75394822_10217680014105646_768722549537243136_n \u2013 Copia\" data-image-description=\"\" data-image-caption=\"\" data-medium-file=\"https:\/\/associazioniriunite.files.wordpress.com\/2019\/11\/75394822_10217680014105646_768722549537243136_n-copia.jpg?w=225\" data-large-file=\"https:\/\/associazioniriunite.files.wordpress.com\/2019\/11\/75394822_10217680014105646_768722549537243136_n-copia.jpg?w=720\" data-id=\"736\" \/><\/span><\/figure>\n<figure class=\"wp-block-image size-large\"><span style=\"font-size: 12pt;\"><img decoding=\"async\" class=\"wp-image-735\" src=\"https:\/\/associazioniriunite.files.wordpress.com\/2019\/11\/74585067_10217680011625584_7561695429650284544_n.jpg?w=960\" sizes=\"(max-width: 709px) 85vw, (max-width: 909px) 67vw, (max-width: 1362px) 62vw, 840px\" srcset=\"https:\/\/associazioniriunite.files.wordpress.com\/2019\/11\/74585067_10217680011625584_7561695429650284544_n.jpg 960w, https:\/\/associazioniriunite.files.wordpress.com\/2019\/11\/74585067_10217680011625584_7561695429650284544_n.jpg?w=150 150w, https:\/\/associazioniriunite.files.wordpress.com\/2019\/11\/74585067_10217680011625584_7561695429650284544_n.jpg?w=300 300w, https:\/\/associazioniriunite.files.wordpress.com\/2019\/11\/74585067_10217680011625584_7561695429650284544_n.jpg?w=768 768w\" alt=\"\" data-attachment-id=\"735\" data-permalink=\"https:\/\/associazioniriunite.wordpress.com\/associazione-italiana-combattenti-interalleati-a-i-c-i-federazione-provinciale-di-savona-sezione-intercomunale-delle-albissole\/74585067_10217680011625584_7561695429650284544_n\/\" data-orig-file=\"https:\/\/associazioniriunite.files.wordpress.com\/2019\/11\/74585067_10217680011625584_7561695429650284544_n.jpg\" data-orig-size=\"960,720\" data-comments-opened=\"1\" data-image-meta=\"{&quot;aperture&quot;:&quot;0&quot;,&quot;credit&quot;:&quot;&quot;,&quot;camera&quot;:&quot;&quot;,&quot;caption&quot;:&quot;&quot;,&quot;created_timestamp&quot;:&quot;0&quot;,&quot;copyright&quot;:&quot;&quot;,&quot;focal_length&quot;:&quot;0&quot;,&quot;iso&quot;:&quot;0&quot;,&quot;shutter_speed&quot;:&quot;0&quot;,&quot;title&quot;:&quot;&quot;,&quot;orientation&quot;:&quot;0&quot;}\" data-image-title=\"74585067_10217680011625584_7561695429650284544_n\" data-image-description=\"\" data-image-caption=\"\" data-medium-file=\"https:\/\/associazioniriunite.files.wordpress.com\/2019\/11\/74585067_10217680011625584_7561695429650284544_n.jpg?w=300\" data-large-file=\"https:\/\/associazioniriunite.files.wordpress.com\/2019\/11\/74585067_10217680011625584_7561695429650284544_n.jpg?w=840\" data-id=\"735\" \/><\/span><\/figure>\n<figure class=\"wp-block-image size-large\"><span style=\"font-size: 12pt;\"><img decoding=\"async\" class=\"wp-image-734\" src=\"https:\/\/associazioniriunite.files.wordpress.com\/2019\/11\/74585067_10217680011625584_7561695429650284544_n-copia.jpg?w=960\" sizes=\"(max-width: 709px) 85vw, (max-width: 909px) 67vw, (max-width: 1362px) 62vw, 840px\" srcset=\"https:\/\/associazioniriunite.files.wordpress.com\/2019\/11\/74585067_10217680011625584_7561695429650284544_n-copia.jpg 960w, https:\/\/associazioniriunite.files.wordpress.com\/2019\/11\/74585067_10217680011625584_7561695429650284544_n-copia.jpg?w=150 150w, https:\/\/associazioniriunite.files.wordpress.com\/2019\/11\/74585067_10217680011625584_7561695429650284544_n-copia.jpg?w=300 300w, https:\/\/associazioniriunite.files.wordpress.com\/2019\/11\/74585067_10217680011625584_7561695429650284544_n-copia.jpg?w=768 768w\" alt=\"\" data-attachment-id=\"734\" data-permalink=\"https:\/\/associazioniriunite.wordpress.com\/associazione-italiana-combattenti-interalleati-a-i-c-i-federazione-provinciale-di-savona-sezione-intercomunale-delle-albissole\/74585067_10217680011625584_7561695429650284544_n-copia\/\" data-orig-file=\"https:\/\/associazioniriunite.files.wordpress.com\/2019\/11\/74585067_10217680011625584_7561695429650284544_n-copia.jpg\" data-orig-size=\"960,720\" data-comments-opened=\"1\" data-image-meta=\"{&quot;aperture&quot;:&quot;0&quot;,&quot;credit&quot;:&quot;&quot;,&quot;camera&quot;:&quot;&quot;,&quot;caption&quot;:&quot;&quot;,&quot;created_timestamp&quot;:&quot;0&quot;,&quot;copyright&quot;:&quot;&quot;,&quot;focal_length&quot;:&quot;0&quot;,&quot;iso&quot;:&quot;0&quot;,&quot;shutter_speed&quot;:&quot;0&quot;,&quot;title&quot;:&quot;&quot;,&quot;orientation&quot;:&quot;0&quot;}\" data-image-title=\"74585067_10217680011625584_7561695429650284544_n \u2013 Copia\" data-image-description=\"\" data-image-caption=\"\" data-medium-file=\"https:\/\/associazioniriunite.files.wordpress.com\/2019\/11\/74585067_10217680011625584_7561695429650284544_n-copia.jpg?w=300\" data-large-file=\"https:\/\/associazioniriunite.files.wordpress.com\/2019\/11\/74585067_10217680011625584_7561695429650284544_n-copia.jpg?w=840\" data-id=\"734\" \/><\/span><\/figure>\n<figure class=\"wp-block-image size-large\"><span style=\"font-size: 12pt;\"><img decoding=\"async\" class=\"wp-image-733\" src=\"https:\/\/associazioniriunite.files.wordpress.com\/2019\/11\/74230410_10217680013825639_7427641537472757760_n.jpg?w=960\" sizes=\"(max-width: 709px) 85vw, (max-width: 909px) 67vw, (max-width: 1362px) 62vw, 840px\" srcset=\"https:\/\/associazioniriunite.files.wordpress.com\/2019\/11\/74230410_10217680013825639_7427641537472757760_n.jpg 960w, https:\/\/associazioniriunite.files.wordpress.com\/2019\/11\/74230410_10217680013825639_7427641537472757760_n.jpg?w=150 150w, https:\/\/associazioniriunite.files.wordpress.com\/2019\/11\/74230410_10217680013825639_7427641537472757760_n.jpg?w=300 300w, https:\/\/associazioniriunite.files.wordpress.com\/2019\/11\/74230410_10217680013825639_7427641537472757760_n.jpg?w=768 768w\" alt=\"\" data-attachment-id=\"733\" data-permalink=\"https:\/\/associazioniriunite.wordpress.com\/associazione-italiana-combattenti-interalleati-a-i-c-i-federazione-provinciale-di-savona-sezione-intercomunale-delle-albissole\/74230410_10217680013825639_7427641537472757760_n\/\" data-orig-file=\"https:\/\/associazioniriunite.files.wordpress.com\/2019\/11\/74230410_10217680013825639_7427641537472757760_n.jpg\" data-orig-size=\"960,720\" data-comments-opened=\"1\" data-image-meta=\"{&quot;aperture&quot;:&quot;0&quot;,&quot;credit&quot;:&quot;&quot;,&quot;camera&quot;:&quot;&quot;,&quot;caption&quot;:&quot;&quot;,&quot;created_timestamp&quot;:&quot;0&quot;,&quot;copyright&quot;:&quot;&quot;,&quot;focal_length&quot;:&quot;0&quot;,&quot;iso&quot;:&quot;0&quot;,&quot;shutter_speed&quot;:&quot;0&quot;,&quot;title&quot;:&quot;&quot;,&quot;orientation&quot;:&quot;0&quot;}\" data-image-title=\"74230410_10217680013825639_7427641537472757760_n\" data-image-description=\"\" data-image-caption=\"\" data-medium-file=\"https:\/\/associazioniriunite.files.wordpress.com\/2019\/11\/74230410_10217680013825639_7427641537472757760_n.jpg?w=300\" data-large-file=\"https:\/\/associazioniriunite.files.wordpress.com\/2019\/11\/74230410_10217680013825639_7427641537472757760_n.jpg?w=840\" data-id=\"733\" \/><\/span><\/figure>\n<figure class=\"wp-block-image size-large\"><span style=\"font-size: 12pt;\"><img decoding=\"async\" class=\"wp-image-732\" src=\"https:\/\/associazioniriunite.files.wordpress.com\/2019\/11\/74160698_10217680012105596_3449106403682156544_n.jpg?w=960\" sizes=\"(max-width: 709px) 85vw, (max-width: 909px) 67vw, (max-width: 1362px) 62vw, 840px\" srcset=\"https:\/\/associazioniriunite.files.wordpress.com\/2019\/11\/74160698_10217680012105596_3449106403682156544_n.jpg 960w, https:\/\/associazioniriunite.files.wordpress.com\/2019\/11\/74160698_10217680012105596_3449106403682156544_n.jpg?w=150 150w, https:\/\/associazioniriunite.files.wordpress.com\/2019\/11\/74160698_10217680012105596_3449106403682156544_n.jpg?w=300 300w, https:\/\/associazioniriunite.files.wordpress.com\/2019\/11\/74160698_10217680012105596_3449106403682156544_n.jpg?w=768 768w\" alt=\"\" data-attachment-id=\"732\" data-permalink=\"https:\/\/associazioniriunite.wordpress.com\/associazione-italiana-combattenti-interalleati-a-i-c-i-federazione-provinciale-di-savona-sezione-intercomunale-delle-albissole\/74160698_10217680012105596_3449106403682156544_n\/\" data-orig-file=\"https:\/\/associazioniriunite.files.wordpress.com\/2019\/11\/74160698_10217680012105596_3449106403682156544_n.jpg\" data-orig-size=\"960,720\" data-comments-opened=\"1\" data-image-meta=\"{&quot;aperture&quot;:&quot;0&quot;,&quot;credit&quot;:&quot;&quot;,&quot;camera&quot;:&quot;&quot;,&quot;caption&quot;:&quot;&quot;,&quot;created_timestamp&quot;:&quot;0&quot;,&quot;copyright&quot;:&quot;&quot;,&quot;focal_length&quot;:&quot;0&quot;,&quot;iso&quot;:&quot;0&quot;,&quot;shutter_speed&quot;:&quot;0&quot;,&quot;title&quot;:&quot;&quot;,&quot;orientation&quot;:&quot;0&quot;}\" data-image-title=\"74160698_10217680012105596_3449106403682156544_n\" data-image-description=\"\" data-image-caption=\"\" data-medium-file=\"https:\/\/associazioniriunite.files.wordpress.com\/2019\/11\/74160698_10217680012105596_3449106403682156544_n.jpg?w=300\" data-large-file=\"https:\/\/associazioniriunite.files.wordpress.com\/2019\/11\/74160698_10217680012105596_3449106403682156544_n.jpg?w=840\" data-id=\"732\" \/><\/span><\/figure>\n<figure class=\"wp-block-image size-large\"><span style=\"font-size: 12pt;\"><img decoding=\"async\" class=\"wp-image-731\" src=\"https:\/\/associazioniriunite.files.wordpress.com\/2019\/11\/73242832_10217680014585658_8472307407836413952_n.jpg?w=720\" sizes=\"(max-width: 720px) 85vw, 720px\" srcset=\"https:\/\/associazioniriunite.files.wordpress.com\/2019\/11\/73242832_10217680014585658_8472307407836413952_n.jpg 720w, https:\/\/associazioniriunite.files.wordpress.com\/2019\/11\/73242832_10217680014585658_8472307407836413952_n.jpg?w=113 113w, https:\/\/associazioniriunite.files.wordpress.com\/2019\/11\/73242832_10217680014585658_8472307407836413952_n.jpg?w=225 225w\" alt=\"\" data-attachment-id=\"731\" data-permalink=\"https:\/\/associazioniriunite.wordpress.com\/associazione-italiana-combattenti-interalleati-a-i-c-i-federazione-provinciale-di-savona-sezione-intercomunale-delle-albissole\/73242832_10217680014585658_8472307407836413952_n\/\" data-orig-file=\"https:\/\/associazioniriunite.files.wordpress.com\/2019\/11\/73242832_10217680014585658_8472307407836413952_n.jpg\" data-orig-size=\"720,960\" data-comments-opened=\"1\" data-image-meta=\"{&quot;aperture&quot;:&quot;0&quot;,&quot;credit&quot;:&quot;&quot;,&quot;camera&quot;:&quot;&quot;,&quot;caption&quot;:&quot;&quot;,&quot;created_timestamp&quot;:&quot;0&quot;,&quot;copyright&quot;:&quot;&quot;,&quot;focal_length&quot;:&quot;0&quot;,&quot;iso&quot;:&quot;0&quot;,&quot;shutter_speed&quot;:&quot;0&quot;,&quot;title&quot;:&quot;&quot;,&quot;orientation&quot;:&quot;0&quot;}\" data-image-title=\"73242832_10217680014585658_8472307407836413952_n\" data-image-description=\"\" data-image-caption=\"\" data-medium-file=\"https:\/\/associazioniriunite.files.wordpress.com\/2019\/11\/73242832_10217680014585658_8472307407836413952_n.jpg?w=225\" data-large-file=\"https:\/\/associazioniriunite.files.wordpress.com\/2019\/11\/73242832_10217680014585658_8472307407836413952_n.jpg?w=720\" data-id=\"731\" \/><\/span><\/figure>\n<figure class=\"wp-block-image size-large\"><span style=\"font-size: 12pt;\"><img decoding=\"async\" class=\"wp-image-730\" src=\"https:\/\/associazioniriunite.files.wordpress.com\/2019\/11\/73094352_10217680012625609_6726985432074027008_n.jpg?w=960\" sizes=\"(max-width: 709px) 85vw, (max-width: 909px) 67vw, (max-width: 1362px) 62vw, 840px\" srcset=\"https:\/\/associazioniriunite.files.wordpress.com\/2019\/11\/73094352_10217680012625609_6726985432074027008_n.jpg 960w, https:\/\/associazioniriunite.files.wordpress.com\/2019\/11\/73094352_10217680012625609_6726985432074027008_n.jpg?w=150 150w, https:\/\/associazioniriunite.files.wordpress.com\/2019\/11\/73094352_10217680012625609_6726985432074027008_n.jpg?w=300 300w, https:\/\/associazioniriunite.files.wordpress.com\/2019\/11\/73094352_10217680012625609_6726985432074027008_n.jpg?w=768 768w\" alt=\"\" data-attachment-id=\"730\" data-permalink=\"https:\/\/associazioniriunite.wordpress.com\/associazione-italiana-combattenti-interalleati-a-i-c-i-federazione-provinciale-di-savona-sezione-intercomunale-delle-albissole\/73094352_10217680012625609_6726985432074027008_n\/\" data-orig-file=\"https:\/\/associazioniriunite.files.wordpress.com\/2019\/11\/73094352_10217680012625609_6726985432074027008_n.jpg\" data-orig-size=\"960,720\" data-comments-opened=\"1\" data-image-meta=\"{&quot;aperture&quot;:&quot;0&quot;,&quot;credit&quot;:&quot;&quot;,&quot;camera&quot;:&quot;&quot;,&quot;caption&quot;:&quot;&quot;,&quot;created_timestamp&quot;:&quot;0&quot;,&quot;copyright&quot;:&quot;&quot;,&quot;focal_length&quot;:&quot;0&quot;,&quot;iso&quot;:&quot;0&quot;,&quot;shutter_speed&quot;:&quot;0&quot;,&quot;title&quot;:&quot;&quot;,&quot;orientation&quot;:&quot;0&quot;}\" data-image-title=\"73094352_10217680012625609_6726985432074027008_n\" data-image-description=\"\" data-image-caption=\"\" data-medium-file=\"https:\/\/associazioniriunite.files.wordpress.com\/2019\/11\/73094352_10217680012625609_6726985432074027008_n.jpg?w=300\" data-large-file=\"https:\/\/associazioniriunite.files.wordpress.com\/2019\/11\/73094352_10217680012625609_6726985432074027008_n.jpg?w=840\" data-id=\"730\" \/><\/span><\/figure>\n<figure class=\"wp-block-image size-large\"><span style=\"font-size: 12pt;\"><img decoding=\"async\" class=\"wp-image-729\" src=\"https:\/\/associazioniriunite.files.wordpress.com\/2019\/11\/73094352_10217680012625609_6726985432074027008_n-copia.jpg?w=960\" sizes=\"(max-width: 709px) 85vw, (max-width: 909px) 67vw, (max-width: 1362px) 62vw, 840px\" srcset=\"https:\/\/associazioniriunite.files.wordpress.com\/2019\/11\/73094352_10217680012625609_6726985432074027008_n-copia.jpg 960w, https:\/\/associazioniriunite.files.wordpress.com\/2019\/11\/73094352_10217680012625609_6726985432074027008_n-copia.jpg?w=150 150w, https:\/\/associazioniriunite.files.wordpress.com\/2019\/11\/73094352_10217680012625609_6726985432074027008_n-copia.jpg?w=300 300w, https:\/\/associazioniriunite.files.wordpress.com\/2019\/11\/73094352_10217680012625609_6726985432074027008_n-copia.jpg?w=768 768w\" alt=\"\" data-attachment-id=\"729\" data-permalink=\"https:\/\/associazioniriunite.wordpress.com\/associazione-italiana-combattenti-interalleati-a-i-c-i-federazione-provinciale-di-savona-sezione-intercomunale-delle-albissole\/73094352_10217680012625609_6726985432074027008_n-copia\/\" data-orig-file=\"https:\/\/associazioniriunite.files.wordpress.com\/2019\/11\/73094352_10217680012625609_6726985432074027008_n-copia.jpg\" data-orig-size=\"960,720\" data-comments-opened=\"1\" data-image-meta=\"{&quot;aperture&quot;:&quot;0&quot;,&quot;credit&quot;:&quot;&quot;,&quot;camera&quot;:&quot;&quot;,&quot;caption&quot;:&quot;&quot;,&quot;created_timestamp&quot;:&quot;0&quot;,&quot;copyright&quot;:&quot;&quot;,&quot;focal_length&quot;:&quot;0&quot;,&quot;iso&quot;:&quot;0&quot;,&quot;shutter_speed&quot;:&quot;0&quot;,&quot;title&quot;:&quot;&quot;,&quot;orientation&quot;:&quot;0&quot;}\" data-image-title=\"73094352_10217680012625609_6726985432074027008_n \u2013 Copia\" data-image-description=\"\" data-image-caption=\"\" data-medium-file=\"https:\/\/associazioniriunite.files.wordpress.com\/2019\/11\/73094352_10217680012625609_6726985432074027008_n-copia.jpg?w=300\" data-large-file=\"https:\/\/associazioniriunite.files.wordpress.com\/2019\/11\/73094352_10217680012625609_6726985432074027008_n-copia.jpg?w=840\" data-id=\"729\" \/><\/span><\/figure>\n<\/figure>\n<p>^^^^<\/figure>\n<p><span style=\"font-size: 12pt;\">Febbraio 2020<\/span><\/p>\n<p>Albisola Superiore (SV) &#8211; Cerimonia della Consegna della Bandiera alla Federazione di Savona<\/p>\n<p><span style=\"font-size: 12pt;\">\u00a0<\/span><\/p>\n<p><span style=\"font-size: 12pt;\"><img decoding=\"async\" src=\"https:\/\/associazioniriunite.files.wordpress.com\/2020\/01\/invito-2-febbraio-2020.jpg?w=687\" \/><\/span><\/p>\n<p><span style=\"font-size: 12pt;\">__________<\/span><\/p>\n<p><span style=\"font-size: 12pt;\">Domenica 2 febbraio, ad Albisola Superiore, con il patrocinio dell\u2019Amministrazione comunale, congiuntamente ai sodalizi locali di Alpini (ANA), Artiglieri (ANArtI), Carabinieri (ANC), Mutilati per Servizio (UNMS) e Centro XXV Aprile, l\u2019Associazione Italiana Combattenti Interalleati (AICI), la cui bandiera nazionale \u00e8 stata insignita della Medaglia della Liberazione, di cui quest\u2019anno si celebra la 75\u00b0 ricorrenza, indice una giornata dedicata ai valori propugnati dalle nostre Istituzioni repubblicane. Alle ore 15, nella Chiesa di San Pietro antistante la stazione ferroviaria , durante la S. Messa avverr\u00e0 la consegna e benedizione della bandiera della Fed. Prov.le AICI di Savona e la sottoscrizione del patto di mutuo riconoscimento e alleanza fra AICI e Centro XXV Aprile. Celebrer\u00e0 don Lorenzo Mozzone, Cappellano della Scuola della Polizia Penitenziaria di Cairo M.tte, la Madrina sar\u00e0 la sig.ra Elisa Gallo, in presenza del Presidente nazionale AICI dott. Vittorio Galoppini. Dalle ore 16, presso la limitrofa sede ANA di corso Mazzini, Onori innanzi al Monumento ai Caduti, quindi gli indirizzi di saluto e la presentazione del volume\u00a0 \u201cI 31uomini del Generale. Un Maresciallo dei Carabinieri con Dalla Chiesa contro le Brigate Rosse\u201d della MOVM Mar. CC Antonio Brunetti, introduce il Generale degli Alpini Marcello Bellacicco. Partecipa, inoltre, il dott. Piero Roso, Sindaco di Ponti (AL), attuale sede della rassegna \u201cDal Mare alle Langhe\u201d promossa dal 2013 dal ramo piemontese di AICI-Centro XXV Aprile.\u00a0L\u2019assessore alla Cultura di Albisola Superiore Simona Poggi ha incoraggiato la presenza sul territorio di un testimone eccezionale quale Antonio Brunetti, uno tra i protagonisti della lotta contro l\u2019eversione e membro del primo nucleo antiterrorismo creato nel 1974. \u201cDopo il successo della presentazione in numerose citt\u00e0 italiane, il libro di Brunetti approda a Albisola\u00a0 per ripercorrere la travagliata storia del terrorismo. L\u2019opera costituisce una memoria sorprendente, non tanto per la dettagliata analisi dei fatti riportati, quanto per l\u2019inedita descrizione delle dinamiche interne alle unit\u00e0 preposte a contrastare l\u2019eversione, con accenni alle modalit\u00e0 di reclutamento, addestramento e impiego\u201d commenta Simona Poggi.________<\/span><\/p>\n<p><span style=\"font-size: 12pt;\">Immagini dell\u2019evento<\/span><\/p>\n<p><span style=\"font-size: 12pt;\"><img loading=\"lazy\" decoding=\"async\" class=\"alignnone size-medium wp-image-143\" src=\"https:\/\/www.combattenti-interalleati.it\/wp-content\/uploads\/2023\/01\/91621173_10218998065856116_6389667926235938816_n-300x225.jpg\" alt=\"\" width=\"300\" height=\"225\" srcset=\"https:\/\/www.combattenti-interalleati.it\/wp-content\/uploads\/2023\/01\/91621173_10218998065856116_6389667926235938816_n-300x225.jpg 300w, https:\/\/www.combattenti-interalleati.it\/wp-content\/uploads\/2023\/01\/91621173_10218998065856116_6389667926235938816_n-1024x768.jpg 1024w, https:\/\/www.combattenti-interalleati.it\/wp-content\/uploads\/2023\/01\/91621173_10218998065856116_6389667926235938816_n-768x576.jpg 768w, https:\/\/www.combattenti-interalleati.it\/wp-content\/uploads\/2023\/01\/91621173_10218998065856116_6389667926235938816_n.jpg 1440w\" sizes=\"auto, (max-width: 300px) 100vw, 300px\" \/><\/span><\/p>\n<ul class=\"blocks-gallery-grid\">\n<li class=\"blocks-gallery-item\">\n<figure><span style=\"font-size: 12pt;\"><img decoding=\"async\" class=\"wp-image-889\" src=\"https:\/\/associazioniriunite.files.wordpress.com\/2020\/02\/img-20200202-wa0006.jpg?w=768\" sizes=\"(max-width: 709px) 85vw, (max-width: 909px) 67vw, (max-width: 984px) 61vw, (max-width: 1362px) 45vw, 600px\" srcset=\"https:\/\/associazioniriunite.files.wordpress.com\/2020\/02\/img-20200202-wa0006.jpg?w=768 768w, https:\/\/associazioniriunite.files.wordpress.com\/2020\/02\/img-20200202-wa0006.jpg?w=113 113w, https:\/\/associazioniriunite.files.wordpress.com\/2020\/02\/img-20200202-wa0006.jpg?w=225 225w, https:\/\/associazioniriunite.files.wordpress.com\/2020\/02\/img-20200202-wa0006.jpg 1200w\" alt=\"\" data-attachment-id=\"889\" data-permalink=\"https:\/\/associazioniriunite.wordpress.com\/img-20200202-wa0006\/\" data-orig-file=\"https:\/\/associazioniriunite.files.wordpress.com\/2020\/02\/img-20200202-wa0006.jpg\" data-orig-size=\"1200,1600\" data-comments-opened=\"1\" data-image-meta=\"{&quot;aperture&quot;:&quot;0&quot;,&quot;credit&quot;:&quot;&quot;,&quot;camera&quot;:&quot;&quot;,&quot;caption&quot;:&quot;&quot;,&quot;created_timestamp&quot;:&quot;0&quot;,&quot;copyright&quot;:&quot;&quot;,&quot;focal_length&quot;:&quot;0&quot;,&quot;iso&quot;:&quot;0&quot;,&quot;shutter_speed&quot;:&quot;0&quot;,&quot;title&quot;:&quot;&quot;,&quot;orientation&quot;:&quot;0&quot;}\" data-image-title=\"img-20200202-wa0006\" data-image-description=\"\" data-image-caption=\"\" data-medium-file=\"https:\/\/associazioniriunite.files.wordpress.com\/2020\/02\/img-20200202-wa0006.jpg?w=225\" data-large-file=\"https:\/\/associazioniriunite.files.wordpress.com\/2020\/02\/img-20200202-wa0006.jpg?w=768\" data-id=\"889\" data-link=\"https:\/\/associazioniriunite.wordpress.com\/img-20200202-wa0006\/\" \/><\/span><\/figure>\n<\/li>\n<li class=\"blocks-gallery-item\">\n<figure><span style=\"font-size: 12pt;\"><img decoding=\"async\" class=\"wp-image-890\" src=\"https:\/\/associazioniriunite.files.wordpress.com\/2020\/02\/img-20200202-wa0007.jpg?w=1024\" sizes=\"(max-width: 709px) 85vw, (max-width: 909px) 67vw, (max-width: 1362px) 62vw, 840px\" srcset=\"https:\/\/associazioniriunite.files.wordpress.com\/2020\/02\/img-20200202-wa0007.jpg?w=1024 1024w, https:\/\/associazioniriunite.files.wordpress.com\/2020\/02\/img-20200202-wa0007.jpg?w=150 150w, https:\/\/associazioniriunite.files.wordpress.com\/2020\/02\/img-20200202-wa0007.jpg?w=300 300w, https:\/\/associazioniriunite.files.wordpress.com\/2020\/02\/img-20200202-wa0007.jpg?w=768 768w, https:\/\/associazioniriunite.files.wordpress.com\/2020\/02\/img-20200202-wa0007.jpg 1600w\" alt=\"\" data-attachment-id=\"890\" data-permalink=\"https:\/\/associazioniriunite.wordpress.com\/img-20200202-wa0007\/\" data-orig-file=\"https:\/\/associazioniriunite.files.wordpress.com\/2020\/02\/img-20200202-wa0007.jpg\" data-orig-size=\"1600,1200\" data-comments-opened=\"1\" data-image-meta=\"{&quot;aperture&quot;:&quot;0&quot;,&quot;credit&quot;:&quot;&quot;,&quot;camera&quot;:&quot;&quot;,&quot;caption&quot;:&quot;&quot;,&quot;created_timestamp&quot;:&quot;0&quot;,&quot;copyright&quot;:&quot;&quot;,&quot;focal_length&quot;:&quot;0&quot;,&quot;iso&quot;:&quot;0&quot;,&quot;shutter_speed&quot;:&quot;0&quot;,&quot;title&quot;:&quot;&quot;,&quot;orientation&quot;:&quot;0&quot;}\" data-image-title=\"img-20200202-wa0007\" data-image-description=\"\" data-image-caption=\"\" data-medium-file=\"https:\/\/associazioniriunite.files.wordpress.com\/2020\/02\/img-20200202-wa0007.jpg?w=300\" data-large-file=\"https:\/\/associazioniriunite.files.wordpress.com\/2020\/02\/img-20200202-wa0007.jpg?w=840\" data-id=\"890\" data-link=\"https:\/\/associazioniriunite.wordpress.com\/img-20200202-wa0007\/\" \/><\/span><\/figure>\n<\/li>\n<li class=\"blocks-gallery-item\">\n<figure><span style=\"font-size: 12pt;\"><img decoding=\"async\" class=\"wp-image-891\" src=\"https:\/\/associazioniriunite.files.wordpress.com\/2020\/02\/img-20200202-wa0013.jpg?w=1024\" sizes=\"(max-width: 709px) 85vw, (max-width: 909px) 67vw, (max-width: 1362px) 62vw, 840px\" srcset=\"https:\/\/associazioniriunite.files.wordpress.com\/2020\/02\/img-20200202-wa0013.jpg?w=1024 1024w, https:\/\/associazioniriunite.files.wordpress.com\/2020\/02\/img-20200202-wa0013.jpg?w=150 150w, https:\/\/associazioniriunite.files.wordpress.com\/2020\/02\/img-20200202-wa0013.jpg?w=300 300w, https:\/\/associazioniriunite.files.wordpress.com\/2020\/02\/img-20200202-wa0013.jpg?w=768 768w, https:\/\/associazioniriunite.files.wordpress.com\/2020\/02\/img-20200202-wa0013.jpg 1328w\" alt=\"\" data-attachment-id=\"891\" data-permalink=\"https:\/\/associazioniriunite.wordpress.com\/img-20200202-wa0013\/\" data-orig-file=\"https:\/\/associazioniriunite.files.wordpress.com\/2020\/02\/img-20200202-wa0013.jpg\" data-orig-size=\"1328,747\" data-comments-opened=\"1\" data-image-meta=\"{&quot;aperture&quot;:&quot;0&quot;,&quot;credit&quot;:&quot;&quot;,&quot;camera&quot;:&quot;&quot;,&quot;caption&quot;:&quot;&quot;,&quot;created_timestamp&quot;:&quot;0&quot;,&quot;copyright&quot;:&quot;&quot;,&quot;focal_length&quot;:&quot;0&quot;,&quot;iso&quot;:&quot;0&quot;,&quot;shutter_speed&quot;:&quot;0&quot;,&quot;title&quot;:&quot;&quot;,&quot;orientation&quot;:&quot;0&quot;}\" data-image-title=\"img-20200202-wa0013\" data-image-description=\"\" data-image-caption=\"\" data-medium-file=\"https:\/\/associazioniriunite.files.wordpress.com\/2020\/02\/img-20200202-wa0013.jpg?w=300\" data-large-file=\"https:\/\/associazioniriunite.files.wordpress.com\/2020\/02\/img-20200202-wa0013.jpg?w=840\" data-id=\"891\" data-link=\"https:\/\/associazioniriunite.wordpress.com\/img-20200202-wa0013\/\" \/><\/span><\/figure>\n<\/li>\n<li class=\"blocks-gallery-item\">\n<figure><span style=\"font-size: 12pt;\"><img decoding=\"async\" class=\"wp-image-892\" src=\"https:\/\/associazioniriunite.files.wordpress.com\/2020\/02\/img-20200202-wa0014.jpg?w=1024\" sizes=\"(max-width: 709px) 85vw, (max-width: 909px) 67vw, (max-width: 1362px) 62vw, 840px\" srcset=\"https:\/\/associazioniriunite.files.wordpress.com\/2020\/02\/img-20200202-wa0014.jpg?w=1024 1024w, https:\/\/associazioniriunite.files.wordpress.com\/2020\/02\/img-20200202-wa0014.jpg?w=150 150w, https:\/\/associazioniriunite.files.wordpress.com\/2020\/02\/img-20200202-wa0014.jpg?w=300 300w, https:\/\/associazioniriunite.files.wordpress.com\/2020\/02\/img-20200202-wa0014.jpg?w=768 768w, https:\/\/associazioniriunite.files.wordpress.com\/2020\/02\/img-20200202-wa0014.jpg 1328w\" alt=\"\" data-attachment-id=\"892\" data-permalink=\"https:\/\/associazioniriunite.wordpress.com\/img-20200202-wa0014\/\" data-orig-file=\"https:\/\/associazioniriunite.files.wordpress.com\/2020\/02\/img-20200202-wa0014.jpg\" data-orig-size=\"1328,747\" data-comments-opened=\"1\" data-image-meta=\"{&quot;aperture&quot;:&quot;0&quot;,&quot;credit&quot;:&quot;&quot;,&quot;camera&quot;:&quot;&quot;,&quot;caption&quot;:&quot;&quot;,&quot;created_timestamp&quot;:&quot;0&quot;,&quot;copyright&quot;:&quot;&quot;,&quot;focal_length&quot;:&quot;0&quot;,&quot;iso&quot;:&quot;0&quot;,&quot;shutter_speed&quot;:&quot;0&quot;,&quot;title&quot;:&quot;&quot;,&quot;orientation&quot;:&quot;0&quot;}\" data-image-title=\"img-20200202-wa0014\" data-image-description=\"\" data-image-caption=\"\" data-medium-file=\"https:\/\/associazioniriunite.files.wordpress.com\/2020\/02\/img-20200202-wa0014.jpg?w=300\" data-large-file=\"https:\/\/associazioniriunite.files.wordpress.com\/2020\/02\/img-20200202-wa0014.jpg?w=840\" data-id=\"892\" data-link=\"https:\/\/associazioniriunite.wordpress.com\/img-20200202-wa0014\/\" \/><\/span><\/figure>\n<\/li>\n<li class=\"blocks-gallery-item\">\n<figure><span style=\"font-size: 12pt;\"><img decoding=\"async\" class=\"wp-image-893\" src=\"https:\/\/associazioniriunite.files.wordpress.com\/2020\/02\/img-20200202-wa0015.jpg?w=1024\" sizes=\"(max-width: 709px) 85vw, (max-width: 909px) 67vw, (max-width: 1362px) 62vw, 840px\" srcset=\"https:\/\/associazioniriunite.files.wordpress.com\/2020\/02\/img-20200202-wa0015.jpg?w=1024 1024w, https:\/\/associazioniriunite.files.wordpress.com\/2020\/02\/img-20200202-wa0015.jpg?w=150 150w, https:\/\/associazioniriunite.files.wordpress.com\/2020\/02\/img-20200202-wa0015.jpg?w=300 300w, https:\/\/associazioniriunite.files.wordpress.com\/2020\/02\/img-20200202-wa0015.jpg?w=768 768w, https:\/\/associazioniriunite.files.wordpress.com\/2020\/02\/img-20200202-wa0015.jpg 1328w\" alt=\"\" data-attachment-id=\"893\" data-permalink=\"https:\/\/associazioniriunite.wordpress.com\/img-20200202-wa0015\/\" data-orig-file=\"https:\/\/associazioniriunite.files.wordpress.com\/2020\/02\/img-20200202-wa0015.jpg\" data-orig-size=\"1328,747\" data-comments-opened=\"1\" data-image-meta=\"{&quot;aperture&quot;:&quot;0&quot;,&quot;credit&quot;:&quot;&quot;,&quot;camera&quot;:&quot;&quot;,&quot;caption&quot;:&quot;&quot;,&quot;created_timestamp&quot;:&quot;0&quot;,&quot;copyright&quot;:&quot;&quot;,&quot;focal_length&quot;:&quot;0&quot;,&quot;iso&quot;:&quot;0&quot;,&quot;shutter_speed&quot;:&quot;0&quot;,&quot;title&quot;:&quot;&quot;,&quot;orientation&quot;:&quot;0&quot;}\" data-image-title=\"img-20200202-wa0015\" data-image-description=\"\" data-image-caption=\"\" data-medium-file=\"https:\/\/associazioniriunite.files.wordpress.com\/2020\/02\/img-20200202-wa0015.jpg?w=300\" data-large-file=\"https:\/\/associazioniriunite.files.wordpress.com\/2020\/02\/img-20200202-wa0015.jpg?w=840\" data-id=\"893\" data-link=\"https:\/\/associazioniriunite.wordpress.com\/img-20200202-wa0015\/\" \/><\/span><\/figure>\n<\/li>\n<li class=\"blocks-gallery-item\">\n<figure><span style=\"font-size: 12pt;\"><img decoding=\"async\" class=\"wp-image-894\" src=\"https:\/\/associazioniriunite.files.wordpress.com\/2020\/02\/img-20200202-wa0016.jpg?w=768\" sizes=\"(max-width: 709px) 85vw, (max-width: 909px) 67vw, (max-width: 984px) 61vw, (max-width: 1362px) 45vw, 600px\" srcset=\"https:\/\/associazioniriunite.files.wordpress.com\/2020\/02\/img-20200202-wa0016.jpg?w=768 768w, https:\/\/associazioniriunite.files.wordpress.com\/2020\/02\/img-20200202-wa0016.jpg?w=113 113w, https:\/\/associazioniriunite.files.wordpress.com\/2020\/02\/img-20200202-wa0016.jpg?w=225 225w, https:\/\/associazioniriunite.files.wordpress.com\/2020\/02\/img-20200202-wa0016.jpg 1200w\" alt=\"\" data-attachment-id=\"894\" data-permalink=\"https:\/\/associazioniriunite.wordpress.com\/img-20200202-wa0016\/\" data-orig-file=\"https:\/\/associazioniriunite.files.wordpress.com\/2020\/02\/img-20200202-wa0016.jpg\" data-orig-size=\"1200,1600\" data-comments-opened=\"1\" data-image-meta=\"{&quot;aperture&quot;:&quot;0&quot;,&quot;credit&quot;:&quot;&quot;,&quot;camera&quot;:&quot;&quot;,&quot;caption&quot;:&quot;&quot;,&quot;created_timestamp&quot;:&quot;0&quot;,&quot;copyright&quot;:&quot;&quot;,&quot;focal_length&quot;:&quot;0&quot;,&quot;iso&quot;:&quot;0&quot;,&quot;shutter_speed&quot;:&quot;0&quot;,&quot;title&quot;:&quot;&quot;,&quot;orientation&quot;:&quot;0&quot;}\" data-image-title=\"img-20200202-wa0016\" data-image-description=\"\" data-image-caption=\"\" data-medium-file=\"https:\/\/associazioniriunite.files.wordpress.com\/2020\/02\/img-20200202-wa0016.jpg?w=225\" data-large-file=\"https:\/\/associazioniriunite.files.wordpress.com\/2020\/02\/img-20200202-wa0016.jpg?w=768\" data-id=\"894\" data-link=\"https:\/\/associazioniriunite.wordpress.com\/img-20200202-wa0016\/\" \/><\/span><\/figure>\n<\/li>\n<li class=\"blocks-gallery-item\">\n<figure><span style=\"font-size: 12pt;\"><img decoding=\"async\" class=\"wp-image-895\" src=\"https:\/\/associazioniriunite.files.wordpress.com\/2020\/02\/img-20200202-wa0017.jpg?w=768\" sizes=\"(max-width: 709px) 85vw, (max-width: 909px) 67vw, (max-width: 984px) 61vw, (max-width: 1362px) 45vw, 600px\" srcset=\"https:\/\/associazioniriunite.files.wordpress.com\/2020\/02\/img-20200202-wa0017.jpg?w=768 768w, https:\/\/associazioniriunite.files.wordpress.com\/2020\/02\/img-20200202-wa0017.jpg?w=113 113w, https:\/\/associazioniriunite.files.wordpress.com\/2020\/02\/img-20200202-wa0017.jpg?w=225 225w, https:\/\/associazioniriunite.files.wordpress.com\/2020\/02\/img-20200202-wa0017.jpg 1200w\" alt=\"\" data-attachment-id=\"895\" data-permalink=\"https:\/\/associazioniriunite.wordpress.com\/img-20200202-wa0017\/\" data-orig-file=\"https:\/\/associazioniriunite.files.wordpress.com\/2020\/02\/img-20200202-wa0017.jpg\" data-orig-size=\"1200,1600\" data-comments-opened=\"1\" data-image-meta=\"{&quot;aperture&quot;:&quot;0&quot;,&quot;credit&quot;:&quot;&quot;,&quot;camera&quot;:&quot;&quot;,&quot;caption&quot;:&quot;&quot;,&quot;created_timestamp&quot;:&quot;0&quot;,&quot;copyright&quot;:&quot;&quot;,&quot;focal_length&quot;:&quot;0&quot;,&quot;iso&quot;:&quot;0&quot;,&quot;shutter_speed&quot;:&quot;0&quot;,&quot;title&quot;:&quot;&quot;,&quot;orientation&quot;:&quot;0&quot;}\" data-image-title=\"img-20200202-wa0017\" data-image-description=\"\" data-image-caption=\"\" data-medium-file=\"https:\/\/associazioniriunite.files.wordpress.com\/2020\/02\/img-20200202-wa0017.jpg?w=225\" data-large-file=\"https:\/\/associazioniriunite.files.wordpress.com\/2020\/02\/img-20200202-wa0017.jpg?w=768\" data-id=\"895\" data-link=\"https:\/\/associazioniriunite.wordpress.com\/img-20200202-wa0017\/\" \/><\/span><\/figure>\n<\/li>\n<li class=\"blocks-gallery-item\">\n<figure><span style=\"font-size: 12pt;\"><img decoding=\"async\" class=\"wp-image-896\" src=\"https:\/\/associazioniriunite.files.wordpress.com\/2020\/02\/img-20200202-wa0018.jpg?w=768\" sizes=\"(max-width: 709px) 85vw, (max-width: 909px) 67vw, (max-width: 984px) 61vw, (max-width: 1362px) 45vw, 600px\" srcset=\"https:\/\/associazioniriunite.files.wordpress.com\/2020\/02\/img-20200202-wa0018.jpg?w=768 768w, https:\/\/associazioniriunite.files.wordpress.com\/2020\/02\/img-20200202-wa0018.jpg?w=113 113w, https:\/\/associazioniriunite.files.wordpress.com\/2020\/02\/img-20200202-wa0018.jpg?w=225 225w, https:\/\/associazioniriunite.files.wordpress.com\/2020\/02\/img-20200202-wa0018.jpg 1200w\" alt=\"\" data-attachment-id=\"896\" data-permalink=\"https:\/\/associazioniriunite.wordpress.com\/img-20200202-wa0018\/\" data-orig-file=\"https:\/\/associazioniriunite.files.wordpress.com\/2020\/02\/img-20200202-wa0018.jpg\" data-orig-size=\"1200,1600\" data-comments-opened=\"1\" data-image-meta=\"{&quot;aperture&quot;:&quot;0&quot;,&quot;credit&quot;:&quot;&quot;,&quot;camera&quot;:&quot;&quot;,&quot;caption&quot;:&quot;&quot;,&quot;created_timestamp&quot;:&quot;0&quot;,&quot;copyright&quot;:&quot;&quot;,&quot;focal_length&quot;:&quot;0&quot;,&quot;iso&quot;:&quot;0&quot;,&quot;shutter_speed&quot;:&quot;0&quot;,&quot;title&quot;:&quot;&quot;,&quot;orientation&quot;:&quot;0&quot;}\" data-image-title=\"img-20200202-wa0018\" data-image-description=\"\" data-image-caption=\"\" data-medium-file=\"https:\/\/associazioniriunite.files.wordpress.com\/2020\/02\/img-20200202-wa0018.jpg?w=225\" data-large-file=\"https:\/\/associazioniriunite.files.wordpress.com\/2020\/02\/img-20200202-wa0018.jpg?w=768\" data-id=\"896\" data-link=\"https:\/\/associazioniriunite.wordpress.com\/img-20200202-wa0018\/\" \/><\/span><\/figure>\n<\/li>\n<li class=\"blocks-gallery-item\">\n<figure><span style=\"font-size: 12pt;\"><img decoding=\"async\" class=\"wp-image-897\" src=\"https:\/\/associazioniriunite.files.wordpress.com\/2020\/02\/img-20200202-wa0019.jpg?w=768\" sizes=\"(max-width: 709px) 85vw, (max-width: 909px) 67vw, (max-width: 984px) 61vw, (max-width: 1362px) 45vw, 600px\" srcset=\"https:\/\/associazioniriunite.files.wordpress.com\/2020\/02\/img-20200202-wa0019.jpg?w=768 768w, https:\/\/associazioniriunite.files.wordpress.com\/2020\/02\/img-20200202-wa0019.jpg?w=113 113w, https:\/\/associazioniriunite.files.wordpress.com\/2020\/02\/img-20200202-wa0019.jpg?w=225 225w, https:\/\/associazioniriunite.files.wordpress.com\/2020\/02\/img-20200202-wa0019.jpg 1200w\" alt=\"\" data-attachment-id=\"897\" data-permalink=\"https:\/\/associazioniriunite.wordpress.com\/img-20200202-wa0019\/\" data-orig-file=\"https:\/\/associazioniriunite.files.wordpress.com\/2020\/02\/img-20200202-wa0019.jpg\" data-orig-size=\"1200,1600\" data-comments-opened=\"1\" data-image-meta=\"{&quot;aperture&quot;:&quot;0&quot;,&quot;credit&quot;:&quot;&quot;,&quot;camera&quot;:&quot;&quot;,&quot;caption&quot;:&quot;&quot;,&quot;created_timestamp&quot;:&quot;0&quot;,&quot;copyright&quot;:&quot;&quot;,&quot;focal_length&quot;:&quot;0&quot;,&quot;iso&quot;:&quot;0&quot;,&quot;shutter_speed&quot;:&quot;0&quot;,&quot;title&quot;:&quot;&quot;,&quot;orientation&quot;:&quot;0&quot;}\" data-image-title=\"img-20200202-wa0019\" data-image-description=\"\" data-image-caption=\"\" data-medium-file=\"https:\/\/associazioniriunite.files.wordpress.com\/2020\/02\/img-20200202-wa0019.jpg?w=225\" data-large-file=\"https:\/\/associazioniriunite.files.wordpress.com\/2020\/02\/img-20200202-wa0019.jpg?w=768\" data-id=\"897\" data-link=\"https:\/\/associazioniriunite.wordpress.com\/img-20200202-wa0019\/\" \/><\/span><\/figure>\n<\/li>\n<li class=\"blocks-gallery-item\">\n<figure><span style=\"font-size: 12pt;\"><img decoding=\"async\" class=\"wp-image-898\" src=\"https:\/\/associazioniriunite.files.wordpress.com\/2020\/02\/img-20200202-wa0020.jpg?w=1024\" sizes=\"(max-width: 709px) 85vw, (max-width: 909px) 67vw, (max-width: 1362px) 62vw, 840px\" srcset=\"https:\/\/associazioniriunite.files.wordpress.com\/2020\/02\/img-20200202-wa0020.jpg?w=1024 1024w, https:\/\/associazioniriunite.files.wordpress.com\/2020\/02\/img-20200202-wa0020.jpg?w=150 150w, https:\/\/associazioniriunite.files.wordpress.com\/2020\/02\/img-20200202-wa0020.jpg?w=300 300w, https:\/\/associazioniriunite.files.wordpress.com\/2020\/02\/img-20200202-wa0020.jpg?w=768 768w, https:\/\/associazioniriunite.files.wordpress.com\/2020\/02\/img-20200202-wa0020.jpg 1600w\" alt=\"\" data-attachment-id=\"898\" data-permalink=\"https:\/\/associazioniriunite.wordpress.com\/img-20200202-wa0020\/\" data-orig-file=\"https:\/\/associazioniriunite.files.wordpress.com\/2020\/02\/img-20200202-wa0020.jpg\" data-orig-size=\"1600,900\" data-comments-opened=\"1\" data-image-meta=\"{&quot;aperture&quot;:&quot;0&quot;,&quot;credit&quot;:&quot;&quot;,&quot;camera&quot;:&quot;&quot;,&quot;caption&quot;:&quot;&quot;,&quot;created_timestamp&quot;:&quot;0&quot;,&quot;copyright&quot;:&quot;&quot;,&quot;focal_length&quot;:&quot;0&quot;,&quot;iso&quot;:&quot;0&quot;,&quot;shutter_speed&quot;:&quot;0&quot;,&quot;title&quot;:&quot;&quot;,&quot;orientation&quot;:&quot;0&quot;}\" data-image-title=\"img-20200202-wa0020\" data-image-description=\"\" data-image-caption=\"\" data-medium-file=\"https:\/\/associazioniriunite.files.wordpress.com\/2020\/02\/img-20200202-wa0020.jpg?w=300\" data-large-file=\"https:\/\/associazioniriunite.files.wordpress.com\/2020\/02\/img-20200202-wa0020.jpg?w=840\" data-id=\"898\" data-link=\"https:\/\/associazioniriunite.wordpress.com\/img-20200202-wa0020\/\" \/><\/span><\/figure>\n<\/li>\n<li class=\"blocks-gallery-item\">\n<figure><span style=\"font-size: 12pt;\"><img decoding=\"async\" class=\"wp-image-899\" src=\"https:\/\/associazioniriunite.files.wordpress.com\/2020\/02\/img-20200202-wa0021.jpg?w=576\" sizes=\"(max-width: 576px) 85vw, 576px\" srcset=\"https:\/\/associazioniriunite.files.wordpress.com\/2020\/02\/img-20200202-wa0021.jpg?w=576 576w, https:\/\/associazioniriunite.files.wordpress.com\/2020\/02\/img-20200202-wa0021.jpg?w=84 84w, https:\/\/associazioniriunite.files.wordpress.com\/2020\/02\/img-20200202-wa0021.jpg?w=169 169w, https:\/\/associazioniriunite.files.wordpress.com\/2020\/02\/img-20200202-wa0021.jpg?w=768 768w, https:\/\/associazioniriunite.files.wordpress.com\/2020\/02\/img-20200202-wa0021.jpg 900w\" alt=\"\" data-attachment-id=\"899\" data-permalink=\"https:\/\/associazioniriunite.wordpress.com\/img-20200202-wa0021\/\" data-orig-file=\"https:\/\/associazioniriunite.files.wordpress.com\/2020\/02\/img-20200202-wa0021.jpg\" data-orig-size=\"900,1600\" data-comments-opened=\"1\" data-image-meta=\"{&quot;aperture&quot;:&quot;0&quot;,&quot;credit&quot;:&quot;&quot;,&quot;camera&quot;:&quot;&quot;,&quot;caption&quot;:&quot;&quot;,&quot;created_timestamp&quot;:&quot;0&quot;,&quot;copyright&quot;:&quot;&quot;,&quot;focal_length&quot;:&quot;0&quot;,&quot;iso&quot;:&quot;0&quot;,&quot;shutter_speed&quot;:&quot;0&quot;,&quot;title&quot;:&quot;&quot;,&quot;orientation&quot;:&quot;0&quot;}\" data-image-title=\"img-20200202-wa0021\" data-image-description=\"\" data-image-caption=\"\" data-medium-file=\"https:\/\/associazioniriunite.files.wordpress.com\/2020\/02\/img-20200202-wa0021.jpg?w=169\" data-large-file=\"https:\/\/associazioniriunite.files.wordpress.com\/2020\/02\/img-20200202-wa0021.jpg?w=576\" data-id=\"899\" data-link=\"https:\/\/associazioniriunite.wordpress.com\/img-20200202-wa0021\/\" \/><\/span><\/figure>\n<\/li>\n<li class=\"blocks-gallery-item\">\n<figure><span style=\"font-size: 12pt;\"><img decoding=\"async\" class=\"wp-image-900\" src=\"https:\/\/associazioniriunite.files.wordpress.com\/2020\/02\/img-20200202-wa0022.jpg?w=576\" sizes=\"(max-width: 576px) 85vw, 576px\" srcset=\"https:\/\/associazioniriunite.files.wordpress.com\/2020\/02\/img-20200202-wa0022.jpg?w=576 576w, https:\/\/associazioniriunite.files.wordpress.com\/2020\/02\/img-20200202-wa0022.jpg?w=84 84w, https:\/\/associazioniriunite.files.wordpress.com\/2020\/02\/img-20200202-wa0022.jpg?w=169 169w, https:\/\/associazioniriunite.files.wordpress.com\/2020\/02\/img-20200202-wa0022.jpg?w=768 768w, https:\/\/associazioniriunite.files.wordpress.com\/2020\/02\/img-20200202-wa0022.jpg 900w\" alt=\"\" data-attachment-id=\"900\" data-permalink=\"https:\/\/associazioniriunite.wordpress.com\/img-20200202-wa0022\/\" data-orig-file=\"https:\/\/associazioniriunite.files.wordpress.com\/2020\/02\/img-20200202-wa0022.jpg\" data-orig-size=\"900,1600\" data-comments-opened=\"1\" data-image-meta=\"{&quot;aperture&quot;:&quot;0&quot;,&quot;credit&quot;:&quot;&quot;,&quot;camera&quot;:&quot;&quot;,&quot;caption&quot;:&quot;&quot;,&quot;created_timestamp&quot;:&quot;0&quot;,&quot;copyright&quot;:&quot;&quot;,&quot;focal_length&quot;:&quot;0&quot;,&quot;iso&quot;:&quot;0&quot;,&quot;shutter_speed&quot;:&quot;0&quot;,&quot;title&quot;:&quot;&quot;,&quot;orientation&quot;:&quot;0&quot;}\" data-image-title=\"img-20200202-wa0022\" data-image-description=\"\" data-image-caption=\"\" data-medium-file=\"https:\/\/associazioniriunite.files.wordpress.com\/2020\/02\/img-20200202-wa0022.jpg?w=169\" data-large-file=\"https:\/\/associazioniriunite.files.wordpress.com\/2020\/02\/img-20200202-wa0022.jpg?w=576\" data-id=\"900\" data-link=\"https:\/\/associazioniriunite.wordpress.com\/img-20200202-wa0022\/\" \/><\/span><\/figure>\n<\/li>\n<li class=\"blocks-gallery-item\">\n<figure><span style=\"font-size: 12pt;\"><img decoding=\"async\" class=\"wp-image-901\" src=\"https:\/\/associazioniriunite.files.wordpress.com\/2020\/02\/img-20200202-wa0023.jpg?w=576\" sizes=\"(max-width: 576px) 85vw, 576px\" srcset=\"https:\/\/associazioniriunite.files.wordpress.com\/2020\/02\/img-20200202-wa0023.jpg?w=576 576w, https:\/\/associazioniriunite.files.wordpress.com\/2020\/02\/img-20200202-wa0023.jpg?w=84 84w, https:\/\/associazioniriunite.files.wordpress.com\/2020\/02\/img-20200202-wa0023.jpg?w=169 169w, https:\/\/associazioniriunite.files.wordpress.com\/2020\/02\/img-20200202-wa0023.jpg?w=768 768w, https:\/\/associazioniriunite.files.wordpress.com\/2020\/02\/img-20200202-wa0023.jpg 900w\" alt=\"\" data-attachment-id=\"901\" data-permalink=\"https:\/\/associazioniriunite.wordpress.com\/img-20200202-wa0023\/\" data-orig-file=\"https:\/\/associazioniriunite.files.wordpress.com\/2020\/02\/img-20200202-wa0023.jpg\" data-orig-size=\"900,1600\" data-comments-opened=\"1\" data-image-meta=\"{&quot;aperture&quot;:&quot;0&quot;,&quot;credit&quot;:&quot;&quot;,&quot;camera&quot;:&quot;&quot;,&quot;caption&quot;:&quot;&quot;,&quot;created_timestamp&quot;:&quot;0&quot;,&quot;copyright&quot;:&quot;&quot;,&quot;focal_length&quot;:&quot;0&quot;,&quot;iso&quot;:&quot;0&quot;,&quot;shutter_speed&quot;:&quot;0&quot;,&quot;title&quot;:&quot;&quot;,&quot;orientation&quot;:&quot;0&quot;}\" data-image-title=\"img-20200202-wa0023\" data-image-description=\"\" data-image-caption=\"\" data-medium-file=\"https:\/\/associazioniriunite.files.wordpress.com\/2020\/02\/img-20200202-wa0023.jpg?w=169\" data-large-file=\"https:\/\/associazioniriunite.files.wordpress.com\/2020\/02\/img-20200202-wa0023.jpg?w=576\" data-id=\"901\" data-link=\"https:\/\/associazioniriunite.wordpress.com\/img-20200202-wa0023\/\" \/><\/span><\/figure>\n<\/li>\n<li class=\"blocks-gallery-item\">\n<figure><span style=\"font-size: 12pt;\"><img decoding=\"async\" class=\"wp-image-902\" src=\"https:\/\/associazioniriunite.files.wordpress.com\/2020\/02\/img-20200202-wa0024.jpg?w=1024\" sizes=\"(max-width: 709px) 85vw, (max-width: 909px) 67vw, (max-width: 1362px) 62vw, 840px\" srcset=\"https:\/\/associazioniriunite.files.wordpress.com\/2020\/02\/img-20200202-wa0024.jpg?w=1024 1024w, https:\/\/associazioniriunite.files.wordpress.com\/2020\/02\/img-20200202-wa0024.jpg?w=150 150w, https:\/\/associazioniriunite.files.wordpress.com\/2020\/02\/img-20200202-wa0024.jpg?w=300 300w, https:\/\/associazioniriunite.files.wordpress.com\/2020\/02\/img-20200202-wa0024.jpg?w=768 768w, https:\/\/associazioniriunite.files.wordpress.com\/2020\/02\/img-20200202-wa0024.jpg 1600w\" alt=\"\" data-attachment-id=\"902\" data-permalink=\"https:\/\/associazioniriunite.wordpress.com\/img-20200202-wa0024\/\" data-orig-file=\"https:\/\/associazioniriunite.files.wordpress.com\/2020\/02\/img-20200202-wa0024.jpg\" data-orig-size=\"1600,900\" data-comments-opened=\"1\" data-image-meta=\"{&quot;aperture&quot;:&quot;0&quot;,&quot;credit&quot;:&quot;&quot;,&quot;camera&quot;:&quot;&quot;,&quot;caption&quot;:&quot;&quot;,&quot;created_timestamp&quot;:&quot;0&quot;,&quot;copyright&quot;:&quot;&quot;,&quot;focal_length&quot;:&quot;0&quot;,&quot;iso&quot;:&quot;0&quot;,&quot;shutter_speed&quot;:&quot;0&quot;,&quot;title&quot;:&quot;&quot;,&quot;orientation&quot;:&quot;0&quot;}\" data-image-title=\"img-20200202-wa0024\" data-image-description=\"\" data-image-caption=\"\" data-medium-file=\"https:\/\/associazioniriunite.files.wordpress.com\/2020\/02\/img-20200202-wa0024.jpg?w=300\" data-large-file=\"https:\/\/associazioniriunite.files.wordpress.com\/2020\/02\/img-20200202-wa0024.jpg?w=840\" data-id=\"902\" data-link=\"https:\/\/associazioniriunite.wordpress.com\/img-20200202-wa0024\/\" \/><\/span><\/figure>\n<\/li>\n<li class=\"blocks-gallery-item\">\n<figure><span style=\"font-size: 12pt;\"><img decoding=\"async\" class=\"wp-image-903\" src=\"https:\/\/associazioniriunite.files.wordpress.com\/2020\/02\/img-20200202-wa0025.jpg?w=576\" sizes=\"(max-width: 576px) 85vw, 576px\" srcset=\"https:\/\/associazioniriunite.files.wordpress.com\/2020\/02\/img-20200202-wa0025.jpg?w=576 576w, https:\/\/associazioniriunite.files.wordpress.com\/2020\/02\/img-20200202-wa0025.jpg?w=84 84w, https:\/\/associazioniriunite.files.wordpress.com\/2020\/02\/img-20200202-wa0025.jpg?w=169 169w, https:\/\/associazioniriunite.files.wordpress.com\/2020\/02\/img-20200202-wa0025.jpg?w=768 768w, https:\/\/associazioniriunite.files.wordpress.com\/2020\/02\/img-20200202-wa0025.jpg 900w\" alt=\"\" data-attachment-id=\"903\" data-permalink=\"https:\/\/associazioniriunite.wordpress.com\/img-20200202-wa0025\/\" data-orig-file=\"https:\/\/associazioniriunite.files.wordpress.com\/2020\/02\/img-20200202-wa0025.jpg\" data-orig-size=\"900,1600\" data-comments-opened=\"1\" data-image-meta=\"{&quot;aperture&quot;:&quot;0&quot;,&quot;credit&quot;:&quot;&quot;,&quot;camera&quot;:&quot;&quot;,&quot;caption&quot;:&quot;&quot;,&quot;created_timestamp&quot;:&quot;0&quot;,&quot;copyright&quot;:&quot;&quot;,&quot;focal_length&quot;:&quot;0&quot;,&quot;iso&quot;:&quot;0&quot;,&quot;shutter_speed&quot;:&quot;0&quot;,&quot;title&quot;:&quot;&quot;,&quot;orientation&quot;:&quot;0&quot;}\" data-image-title=\"img-20200202-wa0025\" data-image-description=\"\" data-image-caption=\"\" data-medium-file=\"https:\/\/associazioniriunite.files.wordpress.com\/2020\/02\/img-20200202-wa0025.jpg?w=169\" data-large-file=\"https:\/\/associazioniriunite.files.wordpress.com\/2020\/02\/img-20200202-wa0025.jpg?w=576\" data-id=\"903\" data-link=\"https:\/\/associazioniriunite.wordpress.com\/img-20200202-wa0025\/\" \/><\/span><\/figure>\n<\/li>\n<li class=\"blocks-gallery-item\">\n<figure><span style=\"font-size: 12pt;\"><img decoding=\"async\" class=\"wp-image-904\" src=\"https:\/\/associazioniriunite.files.wordpress.com\/2020\/02\/img-20200202-wa0026.jpg?w=1024\" sizes=\"(max-width: 709px) 85vw, (max-width: 909px) 67vw, (max-width: 1362px) 62vw, 840px\" srcset=\"https:\/\/associazioniriunite.files.wordpress.com\/2020\/02\/img-20200202-wa0026.jpg?w=1024 1024w, https:\/\/associazioniriunite.files.wordpress.com\/2020\/02\/img-20200202-wa0026.jpg?w=150 150w, https:\/\/associazioniriunite.files.wordpress.com\/2020\/02\/img-20200202-wa0026.jpg?w=300 300w, https:\/\/associazioniriunite.files.wordpress.com\/2020\/02\/img-20200202-wa0026.jpg?w=768 768w, https:\/\/associazioniriunite.files.wordpress.com\/2020\/02\/img-20200202-wa0026.jpg 1600w\" alt=\"\" data-attachment-id=\"904\" data-permalink=\"https:\/\/associazioniriunite.wordpress.com\/img-20200202-wa0026\/\" data-orig-file=\"https:\/\/associazioniriunite.files.wordpress.com\/2020\/02\/img-20200202-wa0026.jpg\" data-orig-size=\"1600,900\" data-comments-opened=\"1\" data-image-meta=\"{&quot;aperture&quot;:&quot;0&quot;,&quot;credit&quot;:&quot;&quot;,&quot;camera&quot;:&quot;&quot;,&quot;caption&quot;:&quot;&quot;,&quot;created_timestamp&quot;:&quot;0&quot;,&quot;copyright&quot;:&quot;&quot;,&quot;focal_length&quot;:&quot;0&quot;,&quot;iso&quot;:&quot;0&quot;,&quot;shutter_speed&quot;:&quot;0&quot;,&quot;title&quot;:&quot;&quot;,&quot;orientation&quot;:&quot;0&quot;}\" data-image-title=\"img-20200202-wa0026\" data-image-description=\"\" data-image-caption=\"\" data-medium-file=\"https:\/\/associazioniriunite.files.wordpress.com\/2020\/02\/img-20200202-wa0026.jpg?w=300\" data-large-file=\"https:\/\/associazioniriunite.files.wordpress.com\/2020\/02\/img-20200202-wa0026.jpg?w=840\" data-id=\"904\" data-link=\"https:\/\/associazioniriunite.wordpress.com\/img-20200202-wa0026\/\" \/><\/span><\/figure>\n<\/li>\n<li class=\"blocks-gallery-item\">\n<figure><span style=\"font-size: 12pt;\"><img decoding=\"async\" class=\"wp-image-905\" src=\"https:\/\/associazioniriunite.files.wordpress.com\/2020\/02\/img-20200202-wa0027.jpg?w=1024\" sizes=\"(max-width: 709px) 85vw, (max-width: 909px) 67vw, (max-width: 1362px) 62vw, 840px\" srcset=\"https:\/\/associazioniriunite.files.wordpress.com\/2020\/02\/img-20200202-wa0027.jpg?w=1024 1024w, https:\/\/associazioniriunite.files.wordpress.com\/2020\/02\/img-20200202-wa0027.jpg?w=150 150w, https:\/\/associazioniriunite.files.wordpress.com\/2020\/02\/img-20200202-wa0027.jpg?w=300 300w, https:\/\/associazioniriunite.files.wordpress.com\/2020\/02\/img-20200202-wa0027.jpg?w=768 768w, https:\/\/associazioniriunite.files.wordpress.com\/2020\/02\/img-20200202-wa0027.jpg 1600w\" alt=\"\" data-attachment-id=\"905\" data-permalink=\"https:\/\/associazioniriunite.wordpress.com\/img-20200202-wa0027\/\" data-orig-file=\"https:\/\/associazioniriunite.files.wordpress.com\/2020\/02\/img-20200202-wa0027.jpg\" data-orig-size=\"1600,900\" data-comments-opened=\"1\" data-image-meta=\"{&quot;aperture&quot;:&quot;0&quot;,&quot;credit&quot;:&quot;&quot;,&quot;camera&quot;:&quot;&quot;,&quot;caption&quot;:&quot;&quot;,&quot;created_timestamp&quot;:&quot;0&quot;,&quot;copyright&quot;:&quot;&quot;,&quot;focal_length&quot;:&quot;0&quot;,&quot;iso&quot;:&quot;0&quot;,&quot;shutter_speed&quot;:&quot;0&quot;,&quot;title&quot;:&quot;&quot;,&quot;orientation&quot;:&quot;0&quot;}\" data-image-title=\"img-20200202-wa0027\" data-image-description=\"\" data-image-caption=\"\" data-medium-file=\"https:\/\/associazioniriunite.files.wordpress.com\/2020\/02\/img-20200202-wa0027.jpg?w=300\" data-large-file=\"https:\/\/associazioniriunite.files.wordpress.com\/2020\/02\/img-20200202-wa0027.jpg?w=840\" data-id=\"905\" data-link=\"https:\/\/associazioniriunite.wordpress.com\/img-20200202-wa0027\/\" \/><\/span><\/figure>\n<\/li>\n<li class=\"blocks-gallery-item\">\n<figure><span style=\"font-size: 12pt;\"><img decoding=\"async\" class=\"wp-image-906\" src=\"https:\/\/associazioniriunite.files.wordpress.com\/2020\/02\/img-20200202-wa0028.jpg?w=1024\" sizes=\"(max-width: 709px) 85vw, (max-width: 909px) 67vw, (max-width: 1362px) 62vw, 840px\" srcset=\"https:\/\/associazioniriunite.files.wordpress.com\/2020\/02\/img-20200202-wa0028.jpg?w=1024 1024w, https:\/\/associazioniriunite.files.wordpress.com\/2020\/02\/img-20200202-wa0028.jpg?w=150 150w, https:\/\/associazioniriunite.files.wordpress.com\/2020\/02\/img-20200202-wa0028.jpg?w=300 300w, https:\/\/associazioniriunite.files.wordpress.com\/2020\/02\/img-20200202-wa0028.jpg?w=768 768w, https:\/\/associazioniriunite.files.wordpress.com\/2020\/02\/img-20200202-wa0028.jpg 1600w\" alt=\"\" data-attachment-id=\"906\" data-permalink=\"https:\/\/associazioniriunite.wordpress.com\/img-20200202-wa0028\/\" data-orig-file=\"https:\/\/associazioniriunite.files.wordpress.com\/2020\/02\/img-20200202-wa0028.jpg\" data-orig-size=\"1600,900\" data-comments-opened=\"1\" data-image-meta=\"{&quot;aperture&quot;:&quot;0&quot;,&quot;credit&quot;:&quot;&quot;,&quot;camera&quot;:&quot;&quot;,&quot;caption&quot;:&quot;&quot;,&quot;created_timestamp&quot;:&quot;0&quot;,&quot;copyright&quot;:&quot;&quot;,&quot;focal_length&quot;:&quot;0&quot;,&quot;iso&quot;:&quot;0&quot;,&quot;shutter_speed&quot;:&quot;0&quot;,&quot;title&quot;:&quot;&quot;,&quot;orientation&quot;:&quot;0&quot;}\" data-image-title=\"img-20200202-wa0028\" data-image-description=\"\" data-image-caption=\"\" data-medium-file=\"https:\/\/associazioniriunite.files.wordpress.com\/2020\/02\/img-20200202-wa0028.jpg?w=300\" data-large-file=\"https:\/\/associazioniriunite.files.wordpress.com\/2020\/02\/img-20200202-wa0028.jpg?w=840\" data-id=\"906\" data-link=\"https:\/\/associazioniriunite.wordpress.com\/img-20200202-wa0028\/\" \/><\/span><\/figure>\n<\/li>\n<li class=\"blocks-gallery-item\">\n<figure><span style=\"font-size: 12pt;\"><img decoding=\"async\" class=\"wp-image-907\" src=\"https:\/\/associazioniriunite.files.wordpress.com\/2020\/02\/img-20200202-wa0029.jpg?w=576\" sizes=\"(max-width: 576px) 85vw, 576px\" srcset=\"https:\/\/associazioniriunite.files.wordpress.com\/2020\/02\/img-20200202-wa0029.jpg?w=576 576w, https:\/\/associazioniriunite.files.wordpress.com\/2020\/02\/img-20200202-wa0029.jpg?w=84 84w, https:\/\/associazioniriunite.files.wordpress.com\/2020\/02\/img-20200202-wa0029.jpg?w=169 169w, https:\/\/associazioniriunite.files.wordpress.com\/2020\/02\/img-20200202-wa0029.jpg?w=768 768w, https:\/\/associazioniriunite.files.wordpress.com\/2020\/02\/img-20200202-wa0029.jpg 900w\" alt=\"\" data-attachment-id=\"907\" data-permalink=\"https:\/\/associazioniriunite.wordpress.com\/img-20200202-wa0029\/\" data-orig-file=\"https:\/\/associazioniriunite.files.wordpress.com\/2020\/02\/img-20200202-wa0029.jpg\" data-orig-size=\"900,1600\" data-comments-opened=\"1\" data-image-meta=\"{&quot;aperture&quot;:&quot;0&quot;,&quot;credit&quot;:&quot;&quot;,&quot;camera&quot;:&quot;&quot;,&quot;caption&quot;:&quot;&quot;,&quot;created_timestamp&quot;:&quot;0&quot;,&quot;copyright&quot;:&quot;&quot;,&quot;focal_length&quot;:&quot;0&quot;,&quot;iso&quot;:&quot;0&quot;,&quot;shutter_speed&quot;:&quot;0&quot;,&quot;title&quot;:&quot;&quot;,&quot;orientation&quot;:&quot;0&quot;}\" data-image-title=\"img-20200202-wa0029\" data-image-description=\"\" data-image-caption=\"\" data-medium-file=\"https:\/\/associazioniriunite.files.wordpress.com\/2020\/02\/img-20200202-wa0029.jpg?w=169\" data-large-file=\"https:\/\/associazioniriunite.files.wordpress.com\/2020\/02\/img-20200202-wa0029.jpg?w=576\" data-id=\"907\" data-link=\"https:\/\/associazioniriunite.wordpress.com\/img-20200202-wa0029\/\" \/><\/span><\/figure>\n<\/li>\n<li class=\"blocks-gallery-item\">\n<figure><span style=\"font-size: 12pt;\"><img decoding=\"async\" class=\"wp-image-908\" src=\"https:\/\/associazioniriunite.files.wordpress.com\/2020\/02\/img-20200202-wa0030.jpg?w=576\" sizes=\"(max-width: 576px) 85vw, 576px\" srcset=\"https:\/\/associazioniriunite.files.wordpress.com\/2020\/02\/img-20200202-wa0030.jpg?w=576 576w, https:\/\/associazioniriunite.files.wordpress.com\/2020\/02\/img-20200202-wa0030.jpg?w=84 84w, https:\/\/associazioniriunite.files.wordpress.com\/2020\/02\/img-20200202-wa0030.jpg?w=169 169w, https:\/\/associazioniriunite.files.wordpress.com\/2020\/02\/img-20200202-wa0030.jpg?w=768 768w, https:\/\/associazioniriunite.files.wordpress.com\/2020\/02\/img-20200202-wa0030.jpg 900w\" alt=\"\" data-attachment-id=\"908\" data-permalink=\"https:\/\/associazioniriunite.wordpress.com\/img-20200202-wa0030\/\" data-orig-file=\"https:\/\/associazioniriunite.files.wordpress.com\/2020\/02\/img-20200202-wa0030.jpg\" data-orig-size=\"900,1600\" data-comments-opened=\"1\" data-image-meta=\"{&quot;aperture&quot;:&quot;0&quot;,&quot;credit&quot;:&quot;&quot;,&quot;camera&quot;:&quot;&quot;,&quot;caption&quot;:&quot;&quot;,&quot;created_timestamp&quot;:&quot;0&quot;,&quot;copyright&quot;:&quot;&quot;,&quot;focal_length&quot;:&quot;0&quot;,&quot;iso&quot;:&quot;0&quot;,&quot;shutter_speed&quot;:&quot;0&quot;,&quot;title&quot;:&quot;&quot;,&quot;orientation&quot;:&quot;0&quot;}\" data-image-title=\"img-20200202-wa0030\" data-image-description=\"\" data-image-caption=\"\" data-medium-file=\"https:\/\/associazioniriunite.files.wordpress.com\/2020\/02\/img-20200202-wa0030.jpg?w=169\" data-large-file=\"https:\/\/associazioniriunite.files.wordpress.com\/2020\/02\/img-20200202-wa0030.jpg?w=576\" data-id=\"908\" data-link=\"https:\/\/associazioniriunite.wordpress.com\/img-20200202-wa0030\/\" \/><\/span><\/figure>\n<\/li>\n<li class=\"blocks-gallery-item\">\n<figure><span style=\"font-size: 12pt;\"><img decoding=\"async\" class=\"wp-image-909\" src=\"https:\/\/associazioniriunite.files.wordpress.com\/2020\/02\/img-20200202-wa0031.jpg?w=576\" sizes=\"(max-width: 576px) 85vw, 576px\" srcset=\"https:\/\/associazioniriunite.files.wordpress.com\/2020\/02\/img-20200202-wa0031.jpg?w=576 576w, https:\/\/associazioniriunite.files.wordpress.com\/2020\/02\/img-20200202-wa0031.jpg?w=84 84w, https:\/\/associazioniriunite.files.wordpress.com\/2020\/02\/img-20200202-wa0031.jpg?w=169 169w, https:\/\/associazioniriunite.files.wordpress.com\/2020\/02\/img-20200202-wa0031.jpg?w=768 768w, https:\/\/associazioniriunite.files.wordpress.com\/2020\/02\/img-20200202-wa0031.jpg 900w\" alt=\"\" data-attachment-id=\"909\" data-permalink=\"https:\/\/associazioniriunite.wordpress.com\/img-20200202-wa0031\/\" data-orig-file=\"https:\/\/associazioniriunite.files.wordpress.com\/2020\/02\/img-20200202-wa0031.jpg\" data-orig-size=\"900,1600\" data-comments-opened=\"1\" data-image-meta=\"{&quot;aperture&quot;:&quot;0&quot;,&quot;credit&quot;:&quot;&quot;,&quot;camera&quot;:&quot;&quot;,&quot;caption&quot;:&quot;&quot;,&quot;created_timestamp&quot;:&quot;0&quot;,&quot;copyright&quot;:&quot;&quot;,&quot;focal_length&quot;:&quot;0&quot;,&quot;iso&quot;:&quot;0&quot;,&quot;shutter_speed&quot;:&quot;0&quot;,&quot;title&quot;:&quot;&quot;,&quot;orientation&quot;:&quot;0&quot;}\" data-image-title=\"img-20200202-wa0031\" data-image-description=\"\" data-image-caption=\"\" data-medium-file=\"https:\/\/associazioniriunite.files.wordpress.com\/2020\/02\/img-20200202-wa0031.jpg?w=169\" data-large-file=\"https:\/\/associazioniriunite.files.wordpress.com\/2020\/02\/img-20200202-wa0031.jpg?w=576\" data-id=\"909\" data-link=\"https:\/\/associazioniriunite.wordpress.com\/img-20200202-wa0031\/\" \/><\/span><\/figure>\n<\/li>\n<li class=\"blocks-gallery-item\">\n<figure><span style=\"font-size: 12pt;\"><img decoding=\"async\" class=\"wp-image-910\" src=\"https:\/\/associazioniriunite.files.wordpress.com\/2020\/02\/img-20200202-wa0032.jpg?w=576\" sizes=\"(max-width: 576px) 85vw, 576px\" srcset=\"https:\/\/associazioniriunite.files.wordpress.com\/2020\/02\/img-20200202-wa0032.jpg?w=576 576w, https:\/\/associazioniriunite.files.wordpress.com\/2020\/02\/img-20200202-wa0032.jpg?w=84 84w, https:\/\/associazioniriunite.files.wordpress.com\/2020\/02\/img-20200202-wa0032.jpg?w=169 169w, https:\/\/associazioniriunite.files.wordpress.com\/2020\/02\/img-20200202-wa0032.jpg?w=768 768w, https:\/\/associazioniriunite.files.wordpress.com\/2020\/02\/img-20200202-wa0032.jpg 900w\" alt=\"\" data-attachment-id=\"910\" data-permalink=\"https:\/\/associazioniriunite.wordpress.com\/img-20200202-wa0032\/\" data-orig-file=\"https:\/\/associazioniriunite.files.wordpress.com\/2020\/02\/img-20200202-wa0032.jpg\" data-orig-size=\"900,1600\" data-comments-opened=\"1\" data-image-meta=\"{&quot;aperture&quot;:&quot;0&quot;,&quot;credit&quot;:&quot;&quot;,&quot;camera&quot;:&quot;&quot;,&quot;caption&quot;:&quot;&quot;,&quot;created_timestamp&quot;:&quot;0&quot;,&quot;copyright&quot;:&quot;&quot;,&quot;focal_length&quot;:&quot;0&quot;,&quot;iso&quot;:&quot;0&quot;,&quot;shutter_speed&quot;:&quot;0&quot;,&quot;title&quot;:&quot;&quot;,&quot;orientation&quot;:&quot;0&quot;}\" data-image-title=\"img-20200202-wa0032\" data-image-description=\"\" data-image-caption=\"\" data-medium-file=\"https:\/\/associazioniriunite.files.wordpress.com\/2020\/02\/img-20200202-wa0032.jpg?w=169\" data-large-file=\"https:\/\/associazioniriunite.files.wordpress.com\/2020\/02\/img-20200202-wa0032.jpg?w=576\" data-id=\"910\" data-link=\"https:\/\/associazioniriunite.wordpress.com\/img-20200202-wa0032\/\" \/><\/span><\/figure>\n<\/li>\n<li class=\"blocks-gallery-item\">\n<figure><span style=\"font-size: 12pt;\"><img decoding=\"async\" class=\"wp-image-911\" src=\"https:\/\/associazioniriunite.files.wordpress.com\/2020\/02\/img-20200202-wa0033.jpg?w=576\" sizes=\"(max-width: 576px) 85vw, 576px\" srcset=\"https:\/\/associazioniriunite.files.wordpress.com\/2020\/02\/img-20200202-wa0033.jpg?w=576 576w, https:\/\/associazioniriunite.files.wordpress.com\/2020\/02\/img-20200202-wa0033.jpg?w=84 84w, https:\/\/associazioniriunite.files.wordpress.com\/2020\/02\/img-20200202-wa0033.jpg?w=169 169w, https:\/\/associazioniriunite.files.wordpress.com\/2020\/02\/img-20200202-wa0033.jpg?w=768 768w, https:\/\/associazioniriunite.files.wordpress.com\/2020\/02\/img-20200202-wa0033.jpg 900w\" alt=\"\" data-attachment-id=\"911\" data-permalink=\"https:\/\/associazioniriunite.wordpress.com\/img-20200202-wa0033\/\" data-orig-file=\"https:\/\/associazioniriunite.files.wordpress.com\/2020\/02\/img-20200202-wa0033.jpg\" data-orig-size=\"900,1600\" data-comments-opened=\"1\" data-image-meta=\"{&quot;aperture&quot;:&quot;0&quot;,&quot;credit&quot;:&quot;&quot;,&quot;camera&quot;:&quot;&quot;,&quot;caption&quot;:&quot;&quot;,&quot;created_timestamp&quot;:&quot;0&quot;,&quot;copyright&quot;:&quot;&quot;,&quot;focal_length&quot;:&quot;0&quot;,&quot;iso&quot;:&quot;0&quot;,&quot;shutter_speed&quot;:&quot;0&quot;,&quot;title&quot;:&quot;&quot;,&quot;orientation&quot;:&quot;0&quot;}\" data-image-title=\"img-20200202-wa0033\" data-image-description=\"\" data-image-caption=\"\" data-medium-file=\"https:\/\/associazioniriunite.files.wordpress.com\/2020\/02\/img-20200202-wa0033.jpg?w=169\" data-large-file=\"https:\/\/associazioniriunite.files.wordpress.com\/2020\/02\/img-20200202-wa0033.jpg?w=576\" data-id=\"911\" data-link=\"https:\/\/associazioniriunite.wordpress.com\/img-20200202-wa0033\/\" \/><\/span><\/figure>\n<\/li>\n<li class=\"blocks-gallery-item\">\n<figure><span style=\"font-size: 12pt;\"><img decoding=\"async\" class=\"wp-image-912\" src=\"https:\/\/associazioniriunite.files.wordpress.com\/2020\/02\/img-20200202-wa0036.jpg?w=1024\" sizes=\"(max-width: 709px) 85vw, (max-width: 909px) 67vw, (max-width: 1362px) 62vw, 840px\" srcset=\"https:\/\/associazioniriunite.files.wordpress.com\/2020\/02\/img-20200202-wa0036.jpg?w=1024 1024w, https:\/\/associazioniriunite.files.wordpress.com\/2020\/02\/img-20200202-wa0036.jpg?w=150 150w, https:\/\/associazioniriunite.files.wordpress.com\/2020\/02\/img-20200202-wa0036.jpg?w=300 300w, https:\/\/associazioniriunite.files.wordpress.com\/2020\/02\/img-20200202-wa0036.jpg?w=768 768w, https:\/\/associazioniriunite.files.wordpress.com\/2020\/02\/img-20200202-wa0036.jpg 1600w\" alt=\"\" data-attachment-id=\"912\" data-permalink=\"https:\/\/associazioniriunite.wordpress.com\/img-20200202-wa0036\/\" data-orig-file=\"https:\/\/associazioniriunite.files.wordpress.com\/2020\/02\/img-20200202-wa0036.jpg\" data-orig-size=\"1600,1200\" data-comments-opened=\"1\" data-image-meta=\"{&quot;aperture&quot;:&quot;0&quot;,&quot;credit&quot;:&quot;&quot;,&quot;camera&quot;:&quot;&quot;,&quot;caption&quot;:&quot;&quot;,&quot;created_timestamp&quot;:&quot;0&quot;,&quot;copyright&quot;:&quot;&quot;,&quot;focal_length&quot;:&quot;0&quot;,&quot;iso&quot;:&quot;0&quot;,&quot;shutter_speed&quot;:&quot;0&quot;,&quot;title&quot;:&quot;&quot;,&quot;orientation&quot;:&quot;0&quot;}\" data-image-title=\"img-20200202-wa0036\" data-image-description=\"\" data-image-caption=\"\" data-medium-file=\"https:\/\/associazioniriunite.files.wordpress.com\/2020\/02\/img-20200202-wa0036.jpg?w=300\" data-large-file=\"https:\/\/associazioniriunite.files.wordpress.com\/2020\/02\/img-20200202-wa0036.jpg?w=840\" data-id=\"912\" data-link=\"https:\/\/associazioniriunite.wordpress.com\/img-20200202-wa0036\/\" \/><\/span><\/figure>\n<\/li>\n<li class=\"blocks-gallery-item\">\n<figure><span style=\"font-size: 12pt;\"><img decoding=\"async\" class=\"wp-image-913\" src=\"https:\/\/associazioniriunite.files.wordpress.com\/2020\/02\/img-20200202-wa0038.jpg?w=1024\" sizes=\"(max-width: 709px) 85vw, (max-width: 909px) 67vw, (max-width: 1362px) 62vw, 840px\" srcset=\"https:\/\/associazioniriunite.files.wordpress.com\/2020\/02\/img-20200202-wa0038.jpg?w=1024 1024w, https:\/\/associazioniriunite.files.wordpress.com\/2020\/02\/img-20200202-wa0038.jpg?w=150 150w, https:\/\/associazioniriunite.files.wordpress.com\/2020\/02\/img-20200202-wa0038.jpg?w=300 300w, https:\/\/associazioniriunite.files.wordpress.com\/2020\/02\/img-20200202-wa0038.jpg?w=768 768w, https:\/\/associazioniriunite.files.wordpress.com\/2020\/02\/img-20200202-wa0038.jpg 1600w\" alt=\"\" data-attachment-id=\"913\" data-permalink=\"https:\/\/associazioniriunite.wordpress.com\/img-20200202-wa0038\/\" data-orig-file=\"https:\/\/associazioniriunite.files.wordpress.com\/2020\/02\/img-20200202-wa0038.jpg\" data-orig-size=\"1600,1200\" data-comments-opened=\"1\" data-image-meta=\"{&quot;aperture&quot;:&quot;0&quot;,&quot;credit&quot;:&quot;&quot;,&quot;camera&quot;:&quot;&quot;,&quot;caption&quot;:&quot;&quot;,&quot;created_timestamp&quot;:&quot;0&quot;,&quot;copyright&quot;:&quot;&quot;,&quot;focal_length&quot;:&quot;0&quot;,&quot;iso&quot;:&quot;0&quot;,&quot;shutter_speed&quot;:&quot;0&quot;,&quot;title&quot;:&quot;&quot;,&quot;orientation&quot;:&quot;0&quot;}\" data-image-title=\"img-20200202-wa0038\" data-image-description=\"\" data-image-caption=\"\" data-medium-file=\"https:\/\/associazioniriunite.files.wordpress.com\/2020\/02\/img-20200202-wa0038.jpg?w=300\" data-large-file=\"https:\/\/associazioniriunite.files.wordpress.com\/2020\/02\/img-20200202-wa0038.jpg?w=840\" data-id=\"913\" data-link=\"https:\/\/associazioniriunite.wordpress.com\/img-20200202-wa0038\/\" \/><\/span><\/figure>\n<\/li>\n<li class=\"blocks-gallery-item\">\n<figure><span style=\"font-size: 12pt;\"><img decoding=\"async\" class=\"wp-image-914\" src=\"https:\/\/associazioniriunite.files.wordpress.com\/2020\/02\/img-20200202-wa0052.jpg?w=576\" sizes=\"(max-width: 576px) 85vw, 576px\" srcset=\"https:\/\/associazioniriunite.files.wordpress.com\/2020\/02\/img-20200202-wa0052.jpg?w=576 576w, https:\/\/associazioniriunite.files.wordpress.com\/2020\/02\/img-20200202-wa0052.jpg?w=84 84w, https:\/\/associazioniriunite.files.wordpress.com\/2020\/02\/img-20200202-wa0052.jpg?w=169 169w, https:\/\/associazioniriunite.files.wordpress.com\/2020\/02\/img-20200202-wa0052.jpg?w=768 768w, https:\/\/associazioniriunite.files.wordpress.com\/2020\/02\/img-20200202-wa0052.jpg 900w\" alt=\"\" data-attachment-id=\"914\" data-permalink=\"https:\/\/associazioniriunite.wordpress.com\/img-20200202-wa0052\/\" data-orig-file=\"https:\/\/associazioniriunite.files.wordpress.com\/2020\/02\/img-20200202-wa0052.jpg\" data-orig-size=\"900,1600\" data-comments-opened=\"1\" data-image-meta=\"{&quot;aperture&quot;:&quot;0&quot;,&quot;credit&quot;:&quot;&quot;,&quot;camera&quot;:&quot;&quot;,&quot;caption&quot;:&quot;&quot;,&quot;created_timestamp&quot;:&quot;0&quot;,&quot;copyright&quot;:&quot;&quot;,&quot;focal_length&quot;:&quot;0&quot;,&quot;iso&quot;:&quot;0&quot;,&quot;shutter_speed&quot;:&quot;0&quot;,&quot;title&quot;:&quot;&quot;,&quot;orientation&quot;:&quot;0&quot;}\" data-image-title=\"img-20200202-wa0052\" data-image-description=\"\" data-image-caption=\"\" data-medium-file=\"https:\/\/associazioniriunite.files.wordpress.com\/2020\/02\/img-20200202-wa0052.jpg?w=169\" data-large-file=\"https:\/\/associazioniriunite.files.wordpress.com\/2020\/02\/img-20200202-wa0052.jpg?w=576\" data-id=\"914\" data-link=\"https:\/\/associazioniriunite.wordpress.com\/img-20200202-wa0052\/\" \/><\/span><\/figure>\n<\/li>\n<li class=\"blocks-gallery-item\">\n<figure><span style=\"font-size: 12pt;\"><img decoding=\"async\" class=\"wp-image-915\" src=\"https:\/\/associazioniriunite.files.wordpress.com\/2020\/02\/img-20200202-wa0053.jpg?w=576\" sizes=\"(max-width: 576px) 85vw, 576px\" srcset=\"https:\/\/associazioniriunite.files.wordpress.com\/2020\/02\/img-20200202-wa0053.jpg?w=576 576w, https:\/\/associazioniriunite.files.wordpress.com\/2020\/02\/img-20200202-wa0053.jpg?w=84 84w, https:\/\/associazioniriunite.files.wordpress.com\/2020\/02\/img-20200202-wa0053.jpg?w=169 169w, https:\/\/associazioniriunite.files.wordpress.com\/2020\/02\/img-20200202-wa0053.jpg?w=768 768w, https:\/\/associazioniriunite.files.wordpress.com\/2020\/02\/img-20200202-wa0053.jpg 900w\" alt=\"\" data-attachment-id=\"915\" data-permalink=\"https:\/\/associazioniriunite.wordpress.com\/img-20200202-wa0053\/\" data-orig-file=\"https:\/\/associazioniriunite.files.wordpress.com\/2020\/02\/img-20200202-wa0053.jpg\" data-orig-size=\"900,1600\" data-comments-opened=\"1\" data-image-meta=\"{&quot;aperture&quot;:&quot;0&quot;,&quot;credit&quot;:&quot;&quot;,&quot;camera&quot;:&quot;&quot;,&quot;caption&quot;:&quot;&quot;,&quot;created_timestamp&quot;:&quot;0&quot;,&quot;copyright&quot;:&quot;&quot;,&quot;focal_length&quot;:&quot;0&quot;,&quot;iso&quot;:&quot;0&quot;,&quot;shutter_speed&quot;:&quot;0&quot;,&quot;title&quot;:&quot;&quot;,&quot;orientation&quot;:&quot;0&quot;}\" data-image-title=\"img-20200202-wa0053\" data-image-description=\"\" data-image-caption=\"\" data-medium-file=\"https:\/\/associazioniriunite.files.wordpress.com\/2020\/02\/img-20200202-wa0053.jpg?w=169\" data-large-file=\"https:\/\/associazioniriunite.files.wordpress.com\/2020\/02\/img-20200202-wa0053.jpg?w=576\" data-id=\"915\" data-link=\"https:\/\/associazioniriunite.wordpress.com\/img-20200202-wa0053\/\" \/><\/span><\/figure>\n<\/li>\n<li class=\"blocks-gallery-item\">\n<figure><span style=\"font-size: 12pt;\"><img decoding=\"async\" class=\"wp-image-916\" src=\"https:\/\/associazioniriunite.files.wordpress.com\/2020\/02\/img-20200202-wa0054.jpg?w=576\" sizes=\"(max-width: 576px) 85vw, 576px\" srcset=\"https:\/\/associazioniriunite.files.wordpress.com\/2020\/02\/img-20200202-wa0054.jpg?w=576 576w, https:\/\/associazioniriunite.files.wordpress.com\/2020\/02\/img-20200202-wa0054.jpg?w=84 84w, https:\/\/associazioniriunite.files.wordpress.com\/2020\/02\/img-20200202-wa0054.jpg?w=169 169w, https:\/\/associazioniriunite.files.wordpress.com\/2020\/02\/img-20200202-wa0054.jpg?w=768 768w, https:\/\/associazioniriunite.files.wordpress.com\/2020\/02\/img-20200202-wa0054.jpg 900w\" alt=\"\" data-attachment-id=\"916\" data-permalink=\"https:\/\/associazioniriunite.wordpress.com\/img-20200202-wa0054\/\" data-orig-file=\"https:\/\/associazioniriunite.files.wordpress.com\/2020\/02\/img-20200202-wa0054.jpg\" data-orig-size=\"900,1600\" data-comments-opened=\"1\" data-image-meta=\"{&quot;aperture&quot;:&quot;0&quot;,&quot;credit&quot;:&quot;&quot;,&quot;camera&quot;:&quot;&quot;,&quot;caption&quot;:&quot;&quot;,&quot;created_timestamp&quot;:&quot;0&quot;,&quot;copyright&quot;:&quot;&quot;,&quot;focal_length&quot;:&quot;0&quot;,&quot;iso&quot;:&quot;0&quot;,&quot;shutter_speed&quot;:&quot;0&quot;,&quot;title&quot;:&quot;&quot;,&quot;orientation&quot;:&quot;0&quot;}\" data-image-title=\"img-20200202-wa0054\" data-image-description=\"\" data-image-caption=\"\" data-medium-file=\"https:\/\/associazioniriunite.files.wordpress.com\/2020\/02\/img-20200202-wa0054.jpg?w=169\" data-large-file=\"https:\/\/associazioniriunite.files.wordpress.com\/2020\/02\/img-20200202-wa0054.jpg?w=576\" data-id=\"916\" data-link=\"https:\/\/associazioniriunite.wordpress.com\/img-20200202-wa0054\/\" \/><\/span><\/figure>\n<\/li>\n<li class=\"blocks-gallery-item\">\n<figure><span style=\"font-size: 12pt;\"><img decoding=\"async\" class=\"wp-image-917\" src=\"https:\/\/associazioniriunite.files.wordpress.com\/2020\/02\/img-20200202-wa0055.jpg?w=1024\" sizes=\"(max-width: 709px) 85vw, (max-width: 909px) 67vw, (max-width: 1362px) 62vw, 840px\" srcset=\"https:\/\/associazioniriunite.files.wordpress.com\/2020\/02\/img-20200202-wa0055.jpg?w=1024 1024w, https:\/\/associazioniriunite.files.wordpress.com\/2020\/02\/img-20200202-wa0055.jpg?w=150 150w, https:\/\/associazioniriunite.files.wordpress.com\/2020\/02\/img-20200202-wa0055.jpg?w=300 300w, https:\/\/associazioniriunite.files.wordpress.com\/2020\/02\/img-20200202-wa0055.jpg?w=768 768w, https:\/\/associazioniriunite.files.wordpress.com\/2020\/02\/img-20200202-wa0055.jpg 1600w\" alt=\"\" data-attachment-id=\"917\" data-permalink=\"https:\/\/associazioniriunite.wordpress.com\/img-20200202-wa0055\/\" data-orig-file=\"https:\/\/associazioniriunite.files.wordpress.com\/2020\/02\/img-20200202-wa0055.jpg\" data-orig-size=\"1600,900\" data-comments-opened=\"1\" data-image-meta=\"{&quot;aperture&quot;:&quot;0&quot;,&quot;credit&quot;:&quot;&quot;,&quot;camera&quot;:&quot;&quot;,&quot;caption&quot;:&quot;&quot;,&quot;created_timestamp&quot;:&quot;0&quot;,&quot;copyright&quot;:&quot;&quot;,&quot;focal_length&quot;:&quot;0&quot;,&quot;iso&quot;:&quot;0&quot;,&quot;shutter_speed&quot;:&quot;0&quot;,&quot;title&quot;:&quot;&quot;,&quot;orientation&quot;:&quot;0&quot;}\" data-image-title=\"img-20200202-wa0055\" data-image-description=\"\" data-image-caption=\"\" data-medium-file=\"https:\/\/associazioniriunite.files.wordpress.com\/2020\/02\/img-20200202-wa0055.jpg?w=300\" data-large-file=\"https:\/\/associazioniriunite.files.wordpress.com\/2020\/02\/img-20200202-wa0055.jpg?w=840\" data-id=\"917\" data-link=\"https:\/\/associazioniriunite.wordpress.com\/img-20200202-wa0055\/\" \/><\/span><\/figure>\n<\/li>\n<li class=\"blocks-gallery-item\">\n<figure><span style=\"font-size: 12pt;\"><img decoding=\"async\" class=\"wp-image-918\" src=\"https:\/\/associazioniriunite.files.wordpress.com\/2020\/02\/img-20200202-wa0056.jpg?w=1024\" sizes=\"(max-width: 709px) 85vw, (max-width: 909px) 67vw, (max-width: 1362px) 62vw, 840px\" srcset=\"https:\/\/associazioniriunite.files.wordpress.com\/2020\/02\/img-20200202-wa0056.jpg?w=1024 1024w, https:\/\/associazioniriunite.files.wordpress.com\/2020\/02\/img-20200202-wa0056.jpg?w=150 150w, https:\/\/associazioniriunite.files.wordpress.com\/2020\/02\/img-20200202-wa0056.jpg?w=300 300w, https:\/\/associazioniriunite.files.wordpress.com\/2020\/02\/img-20200202-wa0056.jpg?w=768 768w, https:\/\/associazioniriunite.files.wordpress.com\/2020\/02\/img-20200202-wa0056.jpg 1600w\" alt=\"\" data-attachment-id=\"918\" data-permalink=\"https:\/\/associazioniriunite.wordpress.com\/img-20200202-wa0056\/\" data-orig-file=\"https:\/\/associazioniriunite.files.wordpress.com\/2020\/02\/img-20200202-wa0056.jpg\" data-orig-size=\"1600,900\" data-comments-opened=\"1\" data-image-meta=\"{&quot;aperture&quot;:&quot;0&quot;,&quot;credit&quot;:&quot;&quot;,&quot;camera&quot;:&quot;&quot;,&quot;caption&quot;:&quot;&quot;,&quot;created_timestamp&quot;:&quot;0&quot;,&quot;copyright&quot;:&quot;&quot;,&quot;focal_length&quot;:&quot;0&quot;,&quot;iso&quot;:&quot;0&quot;,&quot;shutter_speed&quot;:&quot;0&quot;,&quot;title&quot;:&quot;&quot;,&quot;orientation&quot;:&quot;0&quot;}\" data-image-title=\"img-20200202-wa0056\" data-image-description=\"\" data-image-caption=\"\" data-medium-file=\"https:\/\/associazioniriunite.files.wordpress.com\/2020\/02\/img-20200202-wa0056.jpg?w=300\" data-large-file=\"https:\/\/associazioniriunite.files.wordpress.com\/2020\/02\/img-20200202-wa0056.jpg?w=840\" data-id=\"918\" data-link=\"https:\/\/associazioniriunite.wordpress.com\/img-20200202-wa0056\/\" \/><\/span><\/figure>\n<\/li>\n<li class=\"blocks-gallery-item\">\n<figure><span style=\"font-size: 12pt;\"><img decoding=\"async\" class=\"wp-image-919\" src=\"https:\/\/associazioniriunite.files.wordpress.com\/2020\/02\/img-20200203-wa0000.jpg?w=1024\" sizes=\"(max-width: 709px) 85vw, (max-width: 909px) 67vw, (max-width: 1362px) 62vw, 840px\" srcset=\"https:\/\/associazioniriunite.files.wordpress.com\/2020\/02\/img-20200203-wa0000.jpg?w=1024 1024w, https:\/\/associazioniriunite.files.wordpress.com\/2020\/02\/img-20200203-wa0000.jpg?w=150 150w, https:\/\/associazioniriunite.files.wordpress.com\/2020\/02\/img-20200203-wa0000.jpg?w=300 300w, https:\/\/associazioniriunite.files.wordpress.com\/2020\/02\/img-20200203-wa0000.jpg?w=768 768w, https:\/\/associazioniriunite.files.wordpress.com\/2020\/02\/img-20200203-wa0000.jpg 1600w\" alt=\"\" data-attachment-id=\"919\" data-permalink=\"https:\/\/associazioniriunite.wordpress.com\/img-20200203-wa0000\/\" data-orig-file=\"https:\/\/associazioniriunite.files.wordpress.com\/2020\/02\/img-20200203-wa0000.jpg\" data-orig-size=\"1600,898\" data-comments-opened=\"1\" data-image-meta=\"{&quot;aperture&quot;:&quot;0&quot;,&quot;credit&quot;:&quot;&quot;,&quot;camera&quot;:&quot;&quot;,&quot;caption&quot;:&quot;&quot;,&quot;created_timestamp&quot;:&quot;0&quot;,&quot;copyright&quot;:&quot;&quot;,&quot;focal_length&quot;:&quot;0&quot;,&quot;iso&quot;:&quot;0&quot;,&quot;shutter_speed&quot;:&quot;0&quot;,&quot;title&quot;:&quot;&quot;,&quot;orientation&quot;:&quot;0&quot;}\" data-image-title=\"img-20200203-wa0000\" data-image-description=\"\" data-image-caption=\"\" data-medium-file=\"https:\/\/associazioniriunite.files.wordpress.com\/2020\/02\/img-20200203-wa0000.jpg?w=300\" data-large-file=\"https:\/\/associazioniriunite.files.wordpress.com\/2020\/02\/img-20200203-wa0000.jpg?w=840\" data-id=\"919\" data-link=\"https:\/\/associazioniriunite.wordpress.com\/img-20200203-wa0000\/\" \/><\/span><\/figure>\n<\/li>\n<li class=\"blocks-gallery-item\">\n<figure><span style=\"font-size: 12pt;\"><img decoding=\"async\" class=\"wp-image-920\" src=\"https:\/\/associazioniriunite.files.wordpress.com\/2020\/02\/img-20200203-wa0001.jpg?w=1024\" sizes=\"(max-width: 709px) 85vw, (max-width: 909px) 67vw, (max-width: 1362px) 62vw, 840px\" srcset=\"https:\/\/associazioniriunite.files.wordpress.com\/2020\/02\/img-20200203-wa0001.jpg?w=1024 1024w, https:\/\/associazioniriunite.files.wordpress.com\/2020\/02\/img-20200203-wa0001.jpg?w=150 150w, https:\/\/associazioniriunite.files.wordpress.com\/2020\/02\/img-20200203-wa0001.jpg?w=300 300w, https:\/\/associazioniriunite.files.wordpress.com\/2020\/02\/img-20200203-wa0001.jpg?w=768 768w, https:\/\/associazioniriunite.files.wordpress.com\/2020\/02\/img-20200203-wa0001.jpg 1600w\" alt=\"\" data-attachment-id=\"920\" data-permalink=\"https:\/\/associazioniriunite.wordpress.com\/img-20200203-wa0001\/\" data-orig-file=\"https:\/\/associazioniriunite.files.wordpress.com\/2020\/02\/img-20200203-wa0001.jpg\" data-orig-size=\"1600,898\" data-comments-opened=\"1\" data-image-meta=\"{&quot;aperture&quot;:&quot;0&quot;,&quot;credit&quot;:&quot;&quot;,&quot;camera&quot;:&quot;&quot;,&quot;caption&quot;:&quot;&quot;,&quot;created_timestamp&quot;:&quot;0&quot;,&quot;copyright&quot;:&quot;&quot;,&quot;focal_length&quot;:&quot;0&quot;,&quot;iso&quot;:&quot;0&quot;,&quot;shutter_speed&quot;:&quot;0&quot;,&quot;title&quot;:&quot;&quot;,&quot;orientation&quot;:&quot;0&quot;}\" data-image-title=\"img-20200203-wa0001\" data-image-description=\"\" data-image-caption=\"\" data-medium-file=\"https:\/\/associazioniriunite.files.wordpress.com\/2020\/02\/img-20200203-wa0001.jpg?w=300\" data-large-file=\"https:\/\/associazioniriunite.files.wordpress.com\/2020\/02\/img-20200203-wa0001.jpg?w=840\" data-id=\"920\" data-link=\"https:\/\/associazioniriunite.wordpress.com\/img-20200203-wa0001\/\" \/><\/span><\/figure>\n<\/li>\n<li class=\"blocks-gallery-item\">\n<figure><span style=\"font-size: 12pt;\"><img decoding=\"async\" class=\"wp-image-921\" src=\"https:\/\/associazioniriunite.files.wordpress.com\/2020\/02\/img-20200203-wa0002.jpg?w=1024\" sizes=\"(max-width: 709px) 85vw, (max-width: 909px) 67vw, (max-width: 1362px) 62vw, 840px\" srcset=\"https:\/\/associazioniriunite.files.wordpress.com\/2020\/02\/img-20200203-wa0002.jpg?w=1024 1024w, https:\/\/associazioniriunite.files.wordpress.com\/2020\/02\/img-20200203-wa0002.jpg?w=150 150w, https:\/\/associazioniriunite.files.wordpress.com\/2020\/02\/img-20200203-wa0002.jpg?w=300 300w, https:\/\/associazioniriunite.files.wordpress.com\/2020\/02\/img-20200203-wa0002.jpg?w=768 768w, https:\/\/associazioniriunite.files.wordpress.com\/2020\/02\/img-20200203-wa0002.jpg 1600w\" alt=\"\" data-attachment-id=\"921\" data-permalink=\"https:\/\/associazioniriunite.wordpress.com\/img-20200203-wa0002\/\" data-orig-file=\"https:\/\/associazioniriunite.files.wordpress.com\/2020\/02\/img-20200203-wa0002.jpg\" data-orig-size=\"1600,898\" data-comments-opened=\"1\" data-image-meta=\"{&quot;aperture&quot;:&quot;0&quot;,&quot;credit&quot;:&quot;&quot;,&quot;camera&quot;:&quot;&quot;,&quot;caption&quot;:&quot;&quot;,&quot;created_timestamp&quot;:&quot;0&quot;,&quot;copyright&quot;:&quot;&quot;,&quot;focal_length&quot;:&quot;0&quot;,&quot;iso&quot;:&quot;0&quot;,&quot;shutter_speed&quot;:&quot;0&quot;,&quot;title&quot;:&quot;&quot;,&quot;orientation&quot;:&quot;0&quot;}\" data-image-title=\"img-20200203-wa0002\" data-image-description=\"\" data-image-caption=\"\" data-medium-file=\"https:\/\/associazioniriunite.files.wordpress.com\/2020\/02\/img-20200203-wa0002.jpg?w=300\" data-large-file=\"https:\/\/associazioniriunite.files.wordpress.com\/2020\/02\/img-20200203-wa0002.jpg?w=840\" data-id=\"921\" data-link=\"https:\/\/associazioniriunite.wordpress.com\/img-20200203-wa0002\/\" \/><\/span><\/figure>\n<\/li>\n<li class=\"blocks-gallery-item\">\n<figure><span style=\"font-size: 12pt;\"><img decoding=\"async\" class=\"wp-image-942\" src=\"https:\/\/associazioniriunite.files.wordpress.com\/2020\/02\/img-20200203-wa0005.jpg?w=768\" sizes=\"(max-width: 709px) 85vw, (max-width: 909px) 67vw, (max-width: 984px) 61vw, (max-width: 1362px) 45vw, 600px\" srcset=\"https:\/\/associazioniriunite.files.wordpress.com\/2020\/02\/img-20200203-wa0005.jpg?w=768 768w, https:\/\/associazioniriunite.files.wordpress.com\/2020\/02\/img-20200203-wa0005.jpg?w=113 113w, https:\/\/associazioniriunite.files.wordpress.com\/2020\/02\/img-20200203-wa0005.jpg?w=225 225w, https:\/\/associazioniriunite.files.wordpress.com\/2020\/02\/img-20200203-wa0005.jpg 1200w\" alt=\"\" data-attachment-id=\"942\" data-permalink=\"https:\/\/associazioniriunite.wordpress.com\/img-20200203-wa0005\/\" data-orig-file=\"https:\/\/associazioniriunite.files.wordpress.com\/2020\/02\/img-20200203-wa0005.jpg\" data-orig-size=\"1200,1600\" data-comments-opened=\"1\" data-image-meta=\"{&quot;aperture&quot;:&quot;0&quot;,&quot;credit&quot;:&quot;&quot;,&quot;camera&quot;:&quot;&quot;,&quot;caption&quot;:&quot;&quot;,&quot;created_timestamp&quot;:&quot;0&quot;,&quot;copyright&quot;:&quot;&quot;,&quot;focal_length&quot;:&quot;0&quot;,&quot;iso&quot;:&quot;0&quot;,&quot;shutter_speed&quot;:&quot;0&quot;,&quot;title&quot;:&quot;&quot;,&quot;orientation&quot;:&quot;0&quot;}\" data-image-title=\"img-20200203-wa0005\" data-image-description=\"\" data-image-caption=\"\" data-medium-file=\"https:\/\/associazioniriunite.files.wordpress.com\/2020\/02\/img-20200203-wa0005.jpg?w=225\" data-large-file=\"https:\/\/associazioniriunite.files.wordpress.com\/2020\/02\/img-20200203-wa0005.jpg?w=768\" data-id=\"942\" data-link=\"https:\/\/associazioniriunite.wordpress.com\/img-20200203-wa0005\/\" \/><\/span><\/figure>\n<\/li>\n<li class=\"blocks-gallery-item\">\n<figure><span style=\"font-size: 12pt;\"><img decoding=\"async\" class=\"wp-image-943\" src=\"https:\/\/associazioniriunite.files.wordpress.com\/2020\/02\/img-20200203-wa0003.jpg?w=768\" sizes=\"(max-width: 709px) 85vw, (max-width: 909px) 67vw, (max-width: 984px) 61vw, (max-width: 1362px) 45vw, 600px\" srcset=\"https:\/\/associazioniriunite.files.wordpress.com\/2020\/02\/img-20200203-wa0003.jpg?w=768 768w, https:\/\/associazioniriunite.files.wordpress.com\/2020\/02\/img-20200203-wa0003.jpg?w=113 113w, https:\/\/associazioniriunite.files.wordpress.com\/2020\/02\/img-20200203-wa0003.jpg?w=225 225w, https:\/\/associazioniriunite.files.wordpress.com\/2020\/02\/img-20200203-wa0003.jpg 1200w\" alt=\"\" data-attachment-id=\"943\" data-permalink=\"https:\/\/associazioniriunite.wordpress.com\/img-20200203-wa0003\/\" data-orig-file=\"https:\/\/associazioniriunite.files.wordpress.com\/2020\/02\/img-20200203-wa0003.jpg\" data-orig-size=\"1200,1600\" data-comments-opened=\"1\" data-image-meta=\"{&quot;aperture&quot;:&quot;0&quot;,&quot;credit&quot;:&quot;&quot;,&quot;camera&quot;:&quot;&quot;,&quot;caption&quot;:&quot;&quot;,&quot;created_timestamp&quot;:&quot;0&quot;,&quot;copyright&quot;:&quot;&quot;,&quot;focal_length&quot;:&quot;0&quot;,&quot;iso&quot;:&quot;0&quot;,&quot;shutter_speed&quot;:&quot;0&quot;,&quot;title&quot;:&quot;&quot;,&quot;orientation&quot;:&quot;0&quot;}\" data-image-title=\"img-20200203-wa0003\" data-image-description=\"\" data-image-caption=\"\" data-medium-file=\"https:\/\/associazioniriunite.files.wordpress.com\/2020\/02\/img-20200203-wa0003.jpg?w=225\" data-large-file=\"https:\/\/associazioniriunite.files.wordpress.com\/2020\/02\/img-20200203-wa0003.jpg?w=768\" data-id=\"943\" data-link=\"https:\/\/associazioniriunite.wordpress.com\/img-20200203-wa0003\/\" \/><\/span><\/figure>\n<\/li>\n<li class=\"blocks-gallery-item\">\n<figure><span style=\"font-size: 12pt;\"><img decoding=\"async\" class=\"wp-image-944\" src=\"https:\/\/associazioniriunite.files.wordpress.com\/2020\/02\/img-20200203-wa0004.jpg?w=1024\" sizes=\"(max-width: 709px) 85vw, (max-width: 909px) 67vw, (max-width: 1362px) 62vw, 840px\" srcset=\"https:\/\/associazioniriunite.files.wordpress.com\/2020\/02\/img-20200203-wa0004.jpg?w=1024 1024w, https:\/\/associazioniriunite.files.wordpress.com\/2020\/02\/img-20200203-wa0004.jpg?w=150 150w, https:\/\/associazioniriunite.files.wordpress.com\/2020\/02\/img-20200203-wa0004.jpg?w=300 300w, https:\/\/associazioniriunite.files.wordpress.com\/2020\/02\/img-20200203-wa0004.jpg?w=768 768w, https:\/\/associazioniriunite.files.wordpress.com\/2020\/02\/img-20200203-wa0004.jpg 1600w\" alt=\"\" data-attachment-id=\"944\" data-permalink=\"https:\/\/associazioniriunite.wordpress.com\/img-20200203-wa0004\/\" data-orig-file=\"https:\/\/associazioniriunite.files.wordpress.com\/2020\/02\/img-20200203-wa0004.jpg\" data-orig-size=\"1600,1200\" data-comments-opened=\"1\" data-image-meta=\"{&quot;aperture&quot;:&quot;0&quot;,&quot;credit&quot;:&quot;&quot;,&quot;camera&quot;:&quot;&quot;,&quot;caption&quot;:&quot;&quot;,&quot;created_timestamp&quot;:&quot;0&quot;,&quot;copyright&quot;:&quot;&quot;,&quot;focal_length&quot;:&quot;0&quot;,&quot;iso&quot;:&quot;0&quot;,&quot;shutter_speed&quot;:&quot;0&quot;,&quot;title&quot;:&quot;&quot;,&quot;orientation&quot;:&quot;0&quot;}\" data-image-title=\"img-20200203-wa0004\" data-image-description=\"\" data-image-caption=\"\" data-medium-file=\"https:\/\/associazioniriunite.files.wordpress.com\/2020\/02\/img-20200203-wa0004.jpg?w=300\" data-large-file=\"https:\/\/associazioniriunite.files.wordpress.com\/2020\/02\/img-20200203-wa0004.jpg?w=840\" data-id=\"944\" data-link=\"https:\/\/associazioniriunite.wordpress.com\/img-20200203-wa0004\/\" \/><\/span><\/figure>\n<\/li>\n<\/ul>\n<h4 class=\"wp-block-heading\"><span style=\"font-size: 12pt;\"><strong>Sez. \u201cAlto Monferrato e Langhe\u201d (Presidente Elisa Gallo)<\/strong><\/span><\/h4>\n<p class=\"wp-block-heading\"><span style=\"font-size: 12pt;\">9 Dicembre 2019 <\/span><\/p>\n<p class=\"wp-block-heading\"><span style=\"font-size: 12pt;\">Nasce l\u2019Associazione Italiana Combattenti Interalleati \u201cAlto Monferrato e Langhe\u201d<\/span><br \/>\n<span style=\"font-size: 12pt;\">\u00c8 stata costituita, con sede iniziale in Bubbio e giurisdizione sull\u2019Acquese e la Langa astigiana, la sezione \u201cAlto Monferrato e Langhe\u201d dell\u2019Associazione Italiana Combattenti Interalleati (AICI). <a href=\"https:\/\/www.atnews.it\/2019\/12\/nasce-lassociazione-italiana-combattenti-interalleati-alto-monferrato-e-langhe-91339\/\">Continua a leggere<\/a><\/span><\/p>\n<figure class=\"wp-block-image\"><span style=\"font-size: 12pt;\"><img decoding=\"async\" src=\"https:\/\/www.atnews.it\/photogallery_new\/images\/2019\/12\/assemblea-associazione-italiana-combattenti-interalleati-alto-monferrato-langhe-141767.660x368.jpg\" alt=\"assemblea Associazione Italiana Combattenti Interalleati Alto Monferrato Langhe\" \/><\/span><\/figure>\n<p>&nbsp;<\/p>\n<p class=\"wp-block-heading\"><span style=\"font-size: 12pt;\">Novembre 2022<\/span><\/p>\n<p><span style=\"font-size: 12pt;\">Vesime (AT)<\/span><\/p>\n<figure class=\"wp-block-gallery has-nested-images columns-3 is-cropped wp-block-gallery-9 is-layout-flex\" data-carousel-extra=\"{&quot;blog_id&quot;:113475634,&quot;permalink&quot;:&quot;https:\\\/\\\/associazioniriunite.wordpress.com\\\/associazione-italiana-combattenti-interalleati-a-i-c-i-federazione-provinciale-di-savona-sezione-intercomunale-delle-albissole\\\/&quot;}\"><\/figure>\n<blockquote class=\"wp-embedded-content\" data-secret=\"4LHFuCRpvs\"><p><a href=\"https:\/\/www.settimanalelancora.it\/2022\/11\/23\/vesime-convegno-alleati-e-resistenza-nelle-langhe-gallery\/\">Vesime, convegno &#8220;Alleati e Resistenza nelle Langhe&#8221; (gallery)<\/a><\/p><\/blockquote>\n<p><iframe loading=\"lazy\" class=\"wp-embedded-content\" sandbox=\"allow-scripts\" security=\"restricted\" style=\"position: absolute; visibility: hidden;\" title=\"\u201cVesime, convegno \u201cAlleati e Resistenza nelle Langhe\u201d (gallery)\u201d \u2014 Settimanale LAncora\" src=\"https:\/\/www.settimanalelancora.it\/2022\/11\/23\/vesime-convegno-alleati-e-resistenza-nelle-langhe-gallery\/embed\/#?secret=ExdszAwLcp#?secret=4LHFuCRpvs\" data-secret=\"4LHFuCRpvs\" width=\"600\" height=\"338\" frameborder=\"0\" marginwidth=\"0\" marginheight=\"0\" scrolling=\"no\"><\/iframe><\/p>\n<h4 class=\"wp-block-heading\"><span style=\"font-size: 12pt;\"><strong>Sez. \u201cGenova\u201d (Pres. Delio Pellegatti)<\/strong><\/span><\/h4>\n<p><span style=\"font-size: 12pt;\"><img loading=\"lazy\" decoding=\"async\" class=\"alignnone size-medium wp-image-190\" src=\"https:\/\/www.combattenti-interalleati.it\/wp-content\/uploads\/2023\/01\/Immagine-2023-01-23-115540-300x253.png\" alt=\"\" width=\"300\" height=\"253\" srcset=\"https:\/\/www.combattenti-interalleati.it\/wp-content\/uploads\/2023\/01\/Immagine-2023-01-23-115540-300x253.png 300w, https:\/\/www.combattenti-interalleati.it\/wp-content\/uploads\/2023\/01\/Immagine-2023-01-23-115540.png 329w\" sizes=\"auto, (max-width: 300px) 100vw, 300px\" \/><\/span><\/p>\n<p><span style=\"font-size: 12pt;\"><a href=\"https:\/\/www.facebook.com\/ivan.cuvato1\/videos\/1125786564793117\/\">Facebook<\/a><\/span><\/p>\n<p class=\"wp-block-heading\"><span style=\"font-size: 12pt;\">16 Dicembre 2022<\/span><\/p>\n<p><span style=\"font-size: 12pt;\"><span style=\"color: var(--global--color-primary); font-family: var(--global--font-secondary); background-color: var(--global--color-background);\">Il Maestro Ivan Cuvato e con lo scrittore <\/span><a class=\"x1i10hfl xjbqb8w x6umtig x1b1mbwd xaqea5y xav7gou x9f619 x1ypdohk xt0psk2 xe8uvvx xdj266r x11i5rnm xat24cr x1mh8g0r xexx8yu x4uap5 x18d9i69 xkhd6sd x16tdsg8 x1hl2dhg xggy1nq x1a2a7pz xt0b8zv x1qq9wsj xo1l8bm\" style=\"font-family: var(--global--font-secondary); background-color: var(--global--color-background);\" tabindex=\"0\" role=\"link\" href=\"https:\/\/www.facebook.com\/antonio.rossello.54?__cft__[0]=AZXd7KLx2noxmgOnZcxPSA0TF5_qHP4kjd-01BWaa25LllqgEIGUPhoFxsynt15GEXAAWsKoU0M-Xt2NRyYkQ7pS8W_8j2QPzAaRWn304uVAFrKxWGXaRQ_OJdORfDZvNqC-lusP92YExjI_b8EhXNljvo0d2LKI3oIxY5yTffNt0g&amp;__tn__=-]K-R\"><span class=\"xt0psk2\">Antonio Rossello<\/span><\/a><span style=\"color: var(--global--color-primary); font-family: var(--global--font-secondary); background-color: var(--global--color-background);\"> ..Venerd\u00ec 16 dicembre, alle ore 17, presso il Centro Civico Buranello (Sala blu), con ingresso da Via Giacomo Buranello, 1, o da Via d\u2019Aste, 8, a Genova Sampierdarena, si terr\u00e0 la presentazione del libro &#8220;Quella Terribile Stagione&#8221; [Una storia di (vera) Resistenza alla ricerca del senso perduto] (v. link: https:\/\/www.ibs.it\/quella-terribile-stagione-nuova-ediz-libro-antonio-rossello\/e\/9788898355358) di _Antonio Rossello_ (v. profilo autore<\/span><a class=\"x1i10hfl xjbqb8w x6umtig x1b1mbwd xaqea5y xav7gou x9f619 x1ypdohk xt0psk2 xe8uvvx xdj266r x11i5rnm xat24cr x1mh8g0r xexx8yu x4uap5 x18d9i69 xkhd6sd x16tdsg8 x1hl2dhg xggy1nq x1a2a7pz xt0b8zv x1fey0fg\" style=\"font-family: var(--global--font-secondary); background-color: var(--global--color-background);\" tabindex=\"0\" role=\"link\" href=\"https:\/\/l.facebook.com\/l.php?u=https%3A%2F%2Fwww.braviautori.it%2Fvetrine%2Fantoniorossello%2F%3Ffbclid%3DIwAR0HhyzZRfKCxyFY0R0XLMnqOCPwrXzCjcTJmeIzxgSo7ljNGT2eDd_STg4&amp;h=AT3YXXTOO28jAasdSqyIiWn_bOXuTbd6FvPPuUpDnQCyL1vvFHvfB9kpy5CCVbgi-ucr1hMtHOmVmtTqjehCkAfUep_ZDnCvVyeKhn1yGOLBl4ta19IXTMG92ginImxRzg&amp;__tn__=-UK-R&amp;c[0]=AT2pOAoBsgEZ-ZJslsKWhDfY6bppkGD6BoA3nM6Z14shmGcZkWxCoDLruH7R_uMErwIaihEERddlRv5t8odCDSmLmgn5JOpjjkcCl8Z7jc_q79Ke8SZtd02PVKwDXgopybvO2KI313YT39NxtR2aoEibbNHA8ppuXC6vguFQ2MT2FN0eTJPS6vbKpSYUMICd\" target=\"_blank\" rel=\"nofollow noopener\">: https:\/\/www.braviautori.it\/vetrine\/antoniorossell<\/a><span style=\"color: var(--global--color-primary); font-family: var(--global--font-secondary); background-color: var(--global--color-background);\">o\/), edito da Ibuc. A seguire: i presidenti _Delio Pellegatti_ di A.I.C.I.-e _Orazio Messina_ di As.C.Ar. rispettivamente la consegneranno un premio alla carriera ed un diploma di benemerenza all&#8217;artista Ivan Cuvato maestro dell&#8217;informale (v. profilo artistico<\/span><a class=\"x1i10hfl xjbqb8w x6umtig x1b1mbwd xaqea5y xav7gou x9f619 x1ypdohk xt0psk2 xe8uvvx xdj266r x11i5rnm xat24cr x1mh8g0r xexx8yu x4uap5 x18d9i69 xkhd6sd x16tdsg8 x1hl2dhg xggy1nq x1a2a7pz xt0b8zv x1fey0fg\" style=\"font-family: var(--global--font-secondary); background-color: var(--global--color-background);\" tabindex=\"0\" role=\"link\" href=\"https:\/\/www.gigarte.com\/vancuv\/biografia?fbclid=IwAR1QitrrqCmTmNIu7dyPpLYGDs1eXi06pDsz_HlvX_uJP7Md39RUNtzPSqc\" target=\"_blank\" rel=\"nofollow noopener\">: https:\/\/www.gigarte.com\/vancuv\/biograf<\/a><span style=\"color: var(--global--color-primary); font-family: var(--global--font-secondary); background-color: var(--global--color-background);\">ia). Presenta la scultrice _Gabriella Oliva_ . Per il suo profilo patriottico, culturale ed aristico. l\u2019evento ha ottenuto il Patrocinio del Comune di Genova ed \u00e8 organizzato congiuntamente dall\u2019A.I.C.I.- Ass. Italiana Combattenti Interalleati -Sezione di Genova, dall\u2019A.N.C. &#8211; Ass. Naz. Carabinieri -Sezione di Genova Sampierdarena e dall\u2019As.C.Ar. -Ass. Cattolica Artisti di Genova. Ingresso libero.<\/span><\/span><\/p>\n<h4 class=\"wp-block-heading\"><span style=\"font-size: 12pt;\"><strong>Sez. \u201cCitt\u00e0 Metropolitana di Bari\u201d (Pres. Antonio Peragine)<\/strong><\/span><\/h4>\n<p><span style=\"font-size: 12pt;\">Conferenza sulla II Guerra Mondiale in un liceo della provincia di Bari<\/span><\/p>\n<p><img loading=\"lazy\" decoding=\"async\" class=\"alignnone size-medium wp-image-197\" src=\"https:\/\/www.combattenti-interalleati.it\/wp-content\/uploads\/2023\/01\/Immagine-WhatsApp-2023-01-23-ore-22.44.10-300x219.jpg\" alt=\"\" width=\"300\" height=\"219\" srcset=\"https:\/\/www.combattenti-interalleati.it\/wp-content\/uploads\/2023\/01\/Immagine-WhatsApp-2023-01-23-ore-22.44.10-300x219.jpg 300w, https:\/\/www.combattenti-interalleati.it\/wp-content\/uploads\/2023\/01\/Immagine-WhatsApp-2023-01-23-ore-22.44.10.jpg 603w\" sizes=\"auto, (max-width: 300px) 100vw, 300px\" \/> <img loading=\"lazy\" decoding=\"async\" class=\"alignnone size-medium wp-image-198\" src=\"https:\/\/www.combattenti-interalleati.it\/wp-content\/uploads\/2023\/01\/Immagine-WhatsApp-2023-01-23-ore-22.44.11-300x225.jpg\" alt=\"\" width=\"300\" height=\"225\" srcset=\"https:\/\/www.combattenti-interalleati.it\/wp-content\/uploads\/2023\/01\/Immagine-WhatsApp-2023-01-23-ore-22.44.11-300x225.jpg 300w, https:\/\/www.combattenti-interalleati.it\/wp-content\/uploads\/2023\/01\/Immagine-WhatsApp-2023-01-23-ore-22.44.11.jpg 600w\" sizes=\"auto, (max-width: 300px) 100vw, 300px\" \/> <img loading=\"lazy\" decoding=\"async\" class=\"alignnone size-medium wp-image-199\" src=\"https:\/\/www.combattenti-interalleati.it\/wp-content\/uploads\/2023\/01\/Immagine-WhatsApp-2023-01-23-ore-22.44.12-300x174.jpg\" alt=\"\" width=\"300\" height=\"174\" srcset=\"https:\/\/www.combattenti-interalleati.it\/wp-content\/uploads\/2023\/01\/Immagine-WhatsApp-2023-01-23-ore-22.44.12-300x174.jpg 300w, https:\/\/www.combattenti-interalleati.it\/wp-content\/uploads\/2023\/01\/Immagine-WhatsApp-2023-01-23-ore-22.44.12.jpg 597w\" sizes=\"auto, (max-width: 300px) 100vw, 300px\" \/><\/p>\n<h4 class=\"separator\"><span style=\"font-size: 16px;\"><strong>Ostuni &#8211; Festa delle Forze Armate &#8211; 6 novembre 2023<\/strong><\/span><\/h4>\n<p><img loading=\"lazy\" decoding=\"async\" class=\"alignnone size-medium wp-image-596\" src=\"https:\/\/www.combattenti-interalleati.it\/wp-content\/uploads\/2023\/11\/IMG-20231106-WA0013-169x300.jpg\" alt=\"\" width=\"169\" height=\"300\" srcset=\"https:\/\/www.combattenti-interalleati.it\/wp-content\/uploads\/2023\/11\/IMG-20231106-WA0013-169x300.jpg 169w, https:\/\/www.combattenti-interalleati.it\/wp-content\/uploads\/2023\/11\/IMG-20231106-WA0013-576x1024.jpg 576w, https:\/\/www.combattenti-interalleati.it\/wp-content\/uploads\/2023\/11\/IMG-20231106-WA0013-768x1365.jpg 768w, https:\/\/www.combattenti-interalleati.it\/wp-content\/uploads\/2023\/11\/IMG-20231106-WA0013-864x1536.jpg 864w, https:\/\/www.combattenti-interalleati.it\/wp-content\/uploads\/2023\/11\/IMG-20231106-WA0013.jpg 900w\" sizes=\"auto, (max-width: 169px) 100vw, 169px\" \/> <img loading=\"lazy\" decoding=\"async\" class=\"alignnone size-medium wp-image-597\" src=\"https:\/\/www.combattenti-interalleati.it\/wp-content\/uploads\/2023\/11\/IMG-20231106-WA0015-300x169.jpg\" alt=\"\" width=\"300\" height=\"169\" srcset=\"https:\/\/www.combattenti-interalleati.it\/wp-content\/uploads\/2023\/11\/IMG-20231106-WA0015-300x169.jpg 300w, https:\/\/www.combattenti-interalleati.it\/wp-content\/uploads\/2023\/11\/IMG-20231106-WA0015-1024x576.jpg 1024w, https:\/\/www.combattenti-interalleati.it\/wp-content\/uploads\/2023\/11\/IMG-20231106-WA0015-768x432.jpg 768w, https:\/\/www.combattenti-interalleati.it\/wp-content\/uploads\/2023\/11\/IMG-20231106-WA0015-1536x864.jpg 1536w, https:\/\/www.combattenti-interalleati.it\/wp-content\/uploads\/2023\/11\/IMG-20231106-WA0015-1568x882.jpg 1568w, https:\/\/www.combattenti-interalleati.it\/wp-content\/uploads\/2023\/11\/IMG-20231106-WA0015.jpg 1600w\" sizes=\"auto, (max-width: 300px) 100vw, 300px\" \/> <img loading=\"lazy\" decoding=\"async\" class=\"alignnone size-medium wp-image-598\" src=\"https:\/\/www.combattenti-interalleati.it\/wp-content\/uploads\/2023\/11\/IMG-20231106-WA0020-300x169.jpg\" alt=\"\" width=\"300\" height=\"169\" srcset=\"https:\/\/www.combattenti-interalleati.it\/wp-content\/uploads\/2023\/11\/IMG-20231106-WA0020-300x169.jpg 300w, https:\/\/www.combattenti-interalleati.it\/wp-content\/uploads\/2023\/11\/IMG-20231106-WA0020-1024x576.jpg 1024w, https:\/\/www.combattenti-interalleati.it\/wp-content\/uploads\/2023\/11\/IMG-20231106-WA0020-768x432.jpg 768w, https:\/\/www.combattenti-interalleati.it\/wp-content\/uploads\/2023\/11\/IMG-20231106-WA0020-1536x864.jpg 1536w, https:\/\/www.combattenti-interalleati.it\/wp-content\/uploads\/2023\/11\/IMG-20231106-WA0020-1568x882.jpg 1568w, https:\/\/www.combattenti-interalleati.it\/wp-content\/uploads\/2023\/11\/IMG-20231106-WA0020.jpg 1600w\" sizes=\"auto, (max-width: 300px) 100vw, 300px\" \/> <img loading=\"lazy\" decoding=\"async\" class=\"alignnone size-medium wp-image-599\" src=\"https:\/\/www.combattenti-interalleati.it\/wp-content\/uploads\/2023\/11\/IMG-20231106-WA0022-169x300.jpg\" alt=\"\" width=\"169\" height=\"300\" srcset=\"https:\/\/www.combattenti-interalleati.it\/wp-content\/uploads\/2023\/11\/IMG-20231106-WA0022-169x300.jpg 169w, https:\/\/www.combattenti-interalleati.it\/wp-content\/uploads\/2023\/11\/IMG-20231106-WA0022-576x1024.jpg 576w, https:\/\/www.combattenti-interalleati.it\/wp-content\/uploads\/2023\/11\/IMG-20231106-WA0022-768x1365.jpg 768w, https:\/\/www.combattenti-interalleati.it\/wp-content\/uploads\/2023\/11\/IMG-20231106-WA0022-864x1536.jpg 864w, https:\/\/www.combattenti-interalleati.it\/wp-content\/uploads\/2023\/11\/IMG-20231106-WA0022.jpg 900w\" sizes=\"auto, (max-width: 169px) 100vw, 169px\" \/> <img loading=\"lazy\" decoding=\"async\" class=\"alignnone size-medium wp-image-600\" src=\"https:\/\/www.combattenti-interalleati.it\/wp-content\/uploads\/2023\/11\/IMG-20231106-WA0025-169x300.jpg\" alt=\"\" width=\"169\" height=\"300\" srcset=\"https:\/\/www.combattenti-interalleati.it\/wp-content\/uploads\/2023\/11\/IMG-20231106-WA0025-169x300.jpg 169w, https:\/\/www.combattenti-interalleati.it\/wp-content\/uploads\/2023\/11\/IMG-20231106-WA0025-576x1024.jpg 576w, https:\/\/www.combattenti-interalleati.it\/wp-content\/uploads\/2023\/11\/IMG-20231106-WA0025-768x1365.jpg 768w, https:\/\/www.combattenti-interalleati.it\/wp-content\/uploads\/2023\/11\/IMG-20231106-WA0025-864x1536.jpg 864w, https:\/\/www.combattenti-interalleati.it\/wp-content\/uploads\/2023\/11\/IMG-20231106-WA0025.jpg 900w\" sizes=\"auto, (max-width: 169px) 100vw, 169px\" \/> <img loading=\"lazy\" decoding=\"async\" class=\"alignnone size-medium wp-image-601\" src=\"https:\/\/www.combattenti-interalleati.it\/wp-content\/uploads\/2023\/11\/IMG-20231106-WA0027-169x300.jpg\" alt=\"\" width=\"169\" height=\"300\" srcset=\"https:\/\/www.combattenti-interalleati.it\/wp-content\/uploads\/2023\/11\/IMG-20231106-WA0027-169x300.jpg 169w, https:\/\/www.combattenti-interalleati.it\/wp-content\/uploads\/2023\/11\/IMG-20231106-WA0027-576x1024.jpg 576w, https:\/\/www.combattenti-interalleati.it\/wp-content\/uploads\/2023\/11\/IMG-20231106-WA0027-768x1365.jpg 768w, https:\/\/www.combattenti-interalleati.it\/wp-content\/uploads\/2023\/11\/IMG-20231106-WA0027-864x1536.jpg 864w, https:\/\/www.combattenti-interalleati.it\/wp-content\/uploads\/2023\/11\/IMG-20231106-WA0027.jpg 900w\" sizes=\"auto, (max-width: 169px) 100vw, 169px\" \/> <img loading=\"lazy\" decoding=\"async\" class=\"alignnone size-medium wp-image-602\" src=\"https:\/\/www.combattenti-interalleati.it\/wp-content\/uploads\/2023\/11\/IMG-20231106-WA0034-300x169.jpg\" alt=\"\" width=\"300\" height=\"169\" srcset=\"https:\/\/www.combattenti-interalleati.it\/wp-content\/uploads\/2023\/11\/IMG-20231106-WA0034-300x169.jpg 300w, https:\/\/www.combattenti-interalleati.it\/wp-content\/uploads\/2023\/11\/IMG-20231106-WA0034-1024x576.jpg 1024w, https:\/\/www.combattenti-interalleati.it\/wp-content\/uploads\/2023\/11\/IMG-20231106-WA0034-768x432.jpg 768w, https:\/\/www.combattenti-interalleati.it\/wp-content\/uploads\/2023\/11\/IMG-20231106-WA0034-1536x864.jpg 1536w, https:\/\/www.combattenti-interalleati.it\/wp-content\/uploads\/2023\/11\/IMG-20231106-WA0034-1568x882.jpg 1568w, https:\/\/www.combattenti-interalleati.it\/wp-content\/uploads\/2023\/11\/IMG-20231106-WA0034.jpg 1600w\" sizes=\"auto, (max-width: 300px) 100vw, 300px\" \/> <img loading=\"lazy\" decoding=\"async\" class=\"alignnone size-medium wp-image-603\" src=\"https:\/\/www.combattenti-interalleati.it\/wp-content\/uploads\/2023\/11\/IMG-20231106-WA00353-268x300.jpg\" alt=\"\" width=\"268\" height=\"300\" srcset=\"https:\/\/www.combattenti-interalleati.it\/wp-content\/uploads\/2023\/11\/IMG-20231106-WA00353-268x300.jpg 268w, https:\/\/www.combattenti-interalleati.it\/wp-content\/uploads\/2023\/11\/IMG-20231106-WA00353-915x1024.jpg 915w, https:\/\/www.combattenti-interalleati.it\/wp-content\/uploads\/2023\/11\/IMG-20231106-WA00353-768x860.jpg 768w, https:\/\/www.combattenti-interalleati.it\/wp-content\/uploads\/2023\/11\/IMG-20231106-WA00353.jpg 1248w\" sizes=\"auto, (max-width: 268px) 100vw, 268px\" \/> <img loading=\"lazy\" decoding=\"async\" class=\"alignnone size-medium wp-image-604\" src=\"https:\/\/www.combattenti-interalleati.it\/wp-content\/uploads\/2023\/11\/IMG-20231106-WA0039-286x300.jpg\" alt=\"\" width=\"286\" height=\"300\" srcset=\"https:\/\/www.combattenti-interalleati.it\/wp-content\/uploads\/2023\/11\/IMG-20231106-WA0039-286x300.jpg 286w, https:\/\/www.combattenti-interalleati.it\/wp-content\/uploads\/2023\/11\/IMG-20231106-WA0039.jpg 504w\" sizes=\"auto, (max-width: 286px) 100vw, 286px\" \/><\/p>\n<h4 class=\"separator\"><span style=\"font-size: 16px;\"><strong>Savona &#8211; Festa delle Forze Armate &#8211; 4 novembre 2023<\/strong><\/span><\/h4>\n<p><img loading=\"lazy\" decoding=\"async\" class=\"alignnone size-medium wp-image-605\" src=\"https:\/\/www.combattenti-interalleati.it\/wp-content\/uploads\/2023\/11\/IMG-20231104-WA0018-300x135.jpg\" alt=\"\" width=\"300\" height=\"135\" srcset=\"https:\/\/www.combattenti-interalleati.it\/wp-content\/uploads\/2023\/11\/IMG-20231104-WA0018-300x135.jpg 300w, https:\/\/www.combattenti-interalleati.it\/wp-content\/uploads\/2023\/11\/IMG-20231104-WA0018-1024x461.jpg 1024w, https:\/\/www.combattenti-interalleati.it\/wp-content\/uploads\/2023\/11\/IMG-20231104-WA0018-768x346.jpg 768w, https:\/\/www.combattenti-interalleati.it\/wp-content\/uploads\/2023\/11\/IMG-20231104-WA0018-1536x691.jpg 1536w, https:\/\/www.combattenti-interalleati.it\/wp-content\/uploads\/2023\/11\/IMG-20231104-WA0018-1568x706.jpg 1568w, https:\/\/www.combattenti-interalleati.it\/wp-content\/uploads\/2023\/11\/IMG-20231104-WA0018.jpg 2000w\" sizes=\"auto, (max-width: 300px) 100vw, 300px\" \/> <img loading=\"lazy\" decoding=\"async\" class=\"alignnone size-medium wp-image-606\" src=\"https:\/\/www.combattenti-interalleati.it\/wp-content\/uploads\/2023\/11\/IMG-20231104-WA0019-300x135.jpg\" alt=\"\" width=\"300\" height=\"135\" srcset=\"https:\/\/www.combattenti-interalleati.it\/wp-content\/uploads\/2023\/11\/IMG-20231104-WA0019-300x135.jpg 300w, https:\/\/www.combattenti-interalleati.it\/wp-content\/uploads\/2023\/11\/IMG-20231104-WA0019-1024x461.jpg 1024w, https:\/\/www.combattenti-interalleati.it\/wp-content\/uploads\/2023\/11\/IMG-20231104-WA0019-768x346.jpg 768w, https:\/\/www.combattenti-interalleati.it\/wp-content\/uploads\/2023\/11\/IMG-20231104-WA0019-1536x691.jpg 1536w, https:\/\/www.combattenti-interalleati.it\/wp-content\/uploads\/2023\/11\/IMG-20231104-WA0019-1568x706.jpg 1568w, https:\/\/www.combattenti-interalleati.it\/wp-content\/uploads\/2023\/11\/IMG-20231104-WA0019.jpg 2000w\" sizes=\"auto, (max-width: 300px) 100vw, 300px\" \/> <img loading=\"lazy\" decoding=\"async\" class=\"alignnone size-medium wp-image-607\" src=\"https:\/\/www.combattenti-interalleati.it\/wp-content\/uploads\/2023\/11\/IMG-20231104-WA0028-300x135.jpg\" alt=\"\" width=\"300\" height=\"135\" srcset=\"https:\/\/www.combattenti-interalleati.it\/wp-content\/uploads\/2023\/11\/IMG-20231104-WA0028-300x135.jpg 300w, https:\/\/www.combattenti-interalleati.it\/wp-content\/uploads\/2023\/11\/IMG-20231104-WA0028-1024x461.jpg 1024w, https:\/\/www.combattenti-interalleati.it\/wp-content\/uploads\/2023\/11\/IMG-20231104-WA0028-768x346.jpg 768w, https:\/\/www.combattenti-interalleati.it\/wp-content\/uploads\/2023\/11\/IMG-20231104-WA0028-1536x691.jpg 1536w, https:\/\/www.combattenti-interalleati.it\/wp-content\/uploads\/2023\/11\/IMG-20231104-WA0028-1568x706.jpg 1568w, https:\/\/www.combattenti-interalleati.it\/wp-content\/uploads\/2023\/11\/IMG-20231104-WA0028.jpg 2000w\" sizes=\"auto, (max-width: 300px) 100vw, 300px\" \/> <img loading=\"lazy\" decoding=\"async\" class=\"alignnone size-medium wp-image-608\" src=\"https:\/\/www.combattenti-interalleati.it\/wp-content\/uploads\/2023\/11\/IMG-20231104-WA0030-300x135.jpg\" alt=\"\" width=\"300\" height=\"135\" srcset=\"https:\/\/www.combattenti-interalleati.it\/wp-content\/uploads\/2023\/11\/IMG-20231104-WA0030-300x135.jpg 300w, https:\/\/www.combattenti-interalleati.it\/wp-content\/uploads\/2023\/11\/IMG-20231104-WA0030-1024x461.jpg 1024w, https:\/\/www.combattenti-interalleati.it\/wp-content\/uploads\/2023\/11\/IMG-20231104-WA0030-768x346.jpg 768w, https:\/\/www.combattenti-interalleati.it\/wp-content\/uploads\/2023\/11\/IMG-20231104-WA0030-1536x691.jpg 1536w, https:\/\/www.combattenti-interalleati.it\/wp-content\/uploads\/2023\/11\/IMG-20231104-WA0030-1568x706.jpg 1568w, https:\/\/www.combattenti-interalleati.it\/wp-content\/uploads\/2023\/11\/IMG-20231104-WA0030.jpg 2000w\" sizes=\"auto, (max-width: 300px) 100vw, 300px\" \/> <img loading=\"lazy\" decoding=\"async\" class=\"alignnone size-medium wp-image-609\" src=\"https:\/\/www.combattenti-interalleati.it\/wp-content\/uploads\/2023\/11\/IMG-20231104-WA0031-135x300.jpg\" alt=\"\" width=\"135\" height=\"300\" srcset=\"https:\/\/www.combattenti-interalleati.it\/wp-content\/uploads\/2023\/11\/IMG-20231104-WA0031-135x300.jpg 135w, https:\/\/www.combattenti-interalleati.it\/wp-content\/uploads\/2023\/11\/IMG-20231104-WA0031-461x1024.jpg 461w, https:\/\/www.combattenti-interalleati.it\/wp-content\/uploads\/2023\/11\/IMG-20231104-WA0031-768x1707.jpg 768w, https:\/\/www.combattenti-interalleati.it\/wp-content\/uploads\/2023\/11\/IMG-20231104-WA0031-691x1536.jpg 691w, https:\/\/www.combattenti-interalleati.it\/wp-content\/uploads\/2023\/11\/IMG-20231104-WA0031.jpg 900w\" sizes=\"auto, (max-width: 135px) 100vw, 135px\" \/> <img loading=\"lazy\" decoding=\"async\" class=\"alignnone size-medium wp-image-610\" src=\"https:\/\/www.combattenti-interalleati.it\/wp-content\/uploads\/2023\/11\/IMG-20231104-WA0032-135x300.jpg\" alt=\"\" width=\"135\" height=\"300\" srcset=\"https:\/\/www.combattenti-interalleati.it\/wp-content\/uploads\/2023\/11\/IMG-20231104-WA0032-135x300.jpg 135w, https:\/\/www.combattenti-interalleati.it\/wp-content\/uploads\/2023\/11\/IMG-20231104-WA0032-461x1024.jpg 461w, https:\/\/www.combattenti-interalleati.it\/wp-content\/uploads\/2023\/11\/IMG-20231104-WA0032-768x1707.jpg 768w, https:\/\/www.combattenti-interalleati.it\/wp-content\/uploads\/2023\/11\/IMG-20231104-WA0032-691x1536.jpg 691w, https:\/\/www.combattenti-interalleati.it\/wp-content\/uploads\/2023\/11\/IMG-20231104-WA0032.jpg 900w\" sizes=\"auto, (max-width: 135px) 100vw, 135px\" \/> <img loading=\"lazy\" decoding=\"async\" class=\"alignnone size-medium wp-image-611\" src=\"https:\/\/www.combattenti-interalleati.it\/wp-content\/uploads\/2023\/11\/IMG-20231104-WA0033-135x300.jpg\" alt=\"\" width=\"135\" height=\"300\" srcset=\"https:\/\/www.combattenti-interalleati.it\/wp-content\/uploads\/2023\/11\/IMG-20231104-WA0033-135x300.jpg 135w, https:\/\/www.combattenti-interalleati.it\/wp-content\/uploads\/2023\/11\/IMG-20231104-WA0033-461x1024.jpg 461w, https:\/\/www.combattenti-interalleati.it\/wp-content\/uploads\/2023\/11\/IMG-20231104-WA0033-768x1707.jpg 768w, https:\/\/www.combattenti-interalleati.it\/wp-content\/uploads\/2023\/11\/IMG-20231104-WA0033-691x1536.jpg 691w, https:\/\/www.combattenti-interalleati.it\/wp-content\/uploads\/2023\/11\/IMG-20231104-WA0033.jpg 900w\" sizes=\"auto, (max-width: 135px) 100vw, 135px\" \/> <img loading=\"lazy\" decoding=\"async\" class=\"alignnone size-medium wp-image-612\" src=\"https:\/\/www.combattenti-interalleati.it\/wp-content\/uploads\/2023\/11\/IMG-20231104-WA0034-135x300.jpg\" alt=\"\" width=\"135\" height=\"300\" srcset=\"https:\/\/www.combattenti-interalleati.it\/wp-content\/uploads\/2023\/11\/IMG-20231104-WA0034-135x300.jpg 135w, https:\/\/www.combattenti-interalleati.it\/wp-content\/uploads\/2023\/11\/IMG-20231104-WA0034-461x1024.jpg 461w, https:\/\/www.combattenti-interalleati.it\/wp-content\/uploads\/2023\/11\/IMG-20231104-WA0034-768x1707.jpg 768w, https:\/\/www.combattenti-interalleati.it\/wp-content\/uploads\/2023\/11\/IMG-20231104-WA0034-691x1536.jpg 691w, https:\/\/www.combattenti-interalleati.it\/wp-content\/uploads\/2023\/11\/IMG-20231104-WA0034.jpg 900w\" sizes=\"auto, (max-width: 135px) 100vw, 135px\" \/> <img loading=\"lazy\" decoding=\"async\" class=\"alignnone size-medium wp-image-613\" src=\"https:\/\/www.combattenti-interalleati.it\/wp-content\/uploads\/2023\/11\/IMG-20231104-WA0035-135x300.jpg\" alt=\"\" width=\"135\" height=\"300\" srcset=\"https:\/\/www.combattenti-interalleati.it\/wp-content\/uploads\/2023\/11\/IMG-20231104-WA0035-135x300.jpg 135w, https:\/\/www.combattenti-interalleati.it\/wp-content\/uploads\/2023\/11\/IMG-20231104-WA0035-461x1024.jpg 461w, https:\/\/www.combattenti-interalleati.it\/wp-content\/uploads\/2023\/11\/IMG-20231104-WA0035-768x1707.jpg 768w, https:\/\/www.combattenti-interalleati.it\/wp-content\/uploads\/2023\/11\/IMG-20231104-WA0035-691x1536.jpg 691w, https:\/\/www.combattenti-interalleati.it\/wp-content\/uploads\/2023\/11\/IMG-20231104-WA0035.jpg 900w\" sizes=\"auto, (max-width: 135px) 100vw, 135px\" \/> <img loading=\"lazy\" decoding=\"async\" class=\"alignnone size-medium wp-image-614\" src=\"https:\/\/www.combattenti-interalleati.it\/wp-content\/uploads\/2023\/11\/IMG-20231104-WA0036-135x300.jpg\" alt=\"\" width=\"135\" height=\"300\" srcset=\"https:\/\/www.combattenti-interalleati.it\/wp-content\/uploads\/2023\/11\/IMG-20231104-WA0036-135x300.jpg 135w, https:\/\/www.combattenti-interalleati.it\/wp-content\/uploads\/2023\/11\/IMG-20231104-WA0036-461x1024.jpg 461w, https:\/\/www.combattenti-interalleati.it\/wp-content\/uploads\/2023\/11\/IMG-20231104-WA0036-768x1707.jpg 768w, https:\/\/www.combattenti-interalleati.it\/wp-content\/uploads\/2023\/11\/IMG-20231104-WA0036-691x1536.jpg 691w, https:\/\/www.combattenti-interalleati.it\/wp-content\/uploads\/2023\/11\/IMG-20231104-WA0036.jpg 900w\" sizes=\"auto, (max-width: 135px) 100vw, 135px\" \/> <img loading=\"lazy\" decoding=\"async\" class=\"alignnone size-medium wp-image-615\" src=\"https:\/\/www.combattenti-interalleati.it\/wp-content\/uploads\/2023\/11\/IMG-20231104-WA0037-135x300.jpg\" alt=\"\" width=\"135\" height=\"300\" srcset=\"https:\/\/www.combattenti-interalleati.it\/wp-content\/uploads\/2023\/11\/IMG-20231104-WA0037-135x300.jpg 135w, https:\/\/www.combattenti-interalleati.it\/wp-content\/uploads\/2023\/11\/IMG-20231104-WA0037-461x1024.jpg 461w, https:\/\/www.combattenti-interalleati.it\/wp-content\/uploads\/2023\/11\/IMG-20231104-WA0037-768x1707.jpg 768w, https:\/\/www.combattenti-interalleati.it\/wp-content\/uploads\/2023\/11\/IMG-20231104-WA0037-691x1536.jpg 691w, https:\/\/www.combattenti-interalleati.it\/wp-content\/uploads\/2023\/11\/IMG-20231104-WA0037.jpg 900w\" sizes=\"auto, (max-width: 135px) 100vw, 135px\" \/> <img loading=\"lazy\" decoding=\"async\" class=\"alignnone size-medium wp-image-616\" src=\"https:\/\/www.combattenti-interalleati.it\/wp-content\/uploads\/2023\/11\/IMG-20231104-WA0038-135x300.jpg\" alt=\"\" width=\"135\" height=\"300\" srcset=\"https:\/\/www.combattenti-interalleati.it\/wp-content\/uploads\/2023\/11\/IMG-20231104-WA0038-135x300.jpg 135w, https:\/\/www.combattenti-interalleati.it\/wp-content\/uploads\/2023\/11\/IMG-20231104-WA0038-461x1024.jpg 461w, https:\/\/www.combattenti-interalleati.it\/wp-content\/uploads\/2023\/11\/IMG-20231104-WA0038-768x1707.jpg 768w, https:\/\/www.combattenti-interalleati.it\/wp-content\/uploads\/2023\/11\/IMG-20231104-WA0038-691x1536.jpg 691w, https:\/\/www.combattenti-interalleati.it\/wp-content\/uploads\/2023\/11\/IMG-20231104-WA0038.jpg 900w\" sizes=\"auto, (max-width: 135px) 100vw, 135px\" \/> <img loading=\"lazy\" decoding=\"async\" class=\"alignnone size-medium wp-image-617\" src=\"https:\/\/www.combattenti-interalleati.it\/wp-content\/uploads\/2023\/11\/IMG-20231104-WA0039-135x300.jpg\" alt=\"\" width=\"135\" height=\"300\" srcset=\"https:\/\/www.combattenti-interalleati.it\/wp-content\/uploads\/2023\/11\/IMG-20231104-WA0039-135x300.jpg 135w, https:\/\/www.combattenti-interalleati.it\/wp-content\/uploads\/2023\/11\/IMG-20231104-WA0039-461x1024.jpg 461w, https:\/\/www.combattenti-interalleati.it\/wp-content\/uploads\/2023\/11\/IMG-20231104-WA0039-768x1707.jpg 768w, https:\/\/www.combattenti-interalleati.it\/wp-content\/uploads\/2023\/11\/IMG-20231104-WA0039-691x1536.jpg 691w, https:\/\/www.combattenti-interalleati.it\/wp-content\/uploads\/2023\/11\/IMG-20231104-WA0039.jpg 900w\" sizes=\"auto, (max-width: 135px) 100vw, 135px\" \/> <img loading=\"lazy\" decoding=\"async\" class=\"alignnone size-medium wp-image-618\" src=\"https:\/\/www.combattenti-interalleati.it\/wp-content\/uploads\/2023\/11\/IMG-20231104-WA0040-300x135.jpg\" alt=\"\" width=\"300\" height=\"135\" srcset=\"https:\/\/www.combattenti-interalleati.it\/wp-content\/uploads\/2023\/11\/IMG-20231104-WA0040-300x135.jpg 300w, https:\/\/www.combattenti-interalleati.it\/wp-content\/uploads\/2023\/11\/IMG-20231104-WA0040-1024x461.jpg 1024w, https:\/\/www.combattenti-interalleati.it\/wp-content\/uploads\/2023\/11\/IMG-20231104-WA0040-768x346.jpg 768w, https:\/\/www.combattenti-interalleati.it\/wp-content\/uploads\/2023\/11\/IMG-20231104-WA0040-1536x691.jpg 1536w, https:\/\/www.combattenti-interalleati.it\/wp-content\/uploads\/2023\/11\/IMG-20231104-WA0040-1568x706.jpg 1568w, https:\/\/www.combattenti-interalleati.it\/wp-content\/uploads\/2023\/11\/IMG-20231104-WA0040.jpg 2000w\" sizes=\"auto, (max-width: 300px) 100vw, 300px\" \/> <img loading=\"lazy\" decoding=\"async\" class=\"alignnone size-medium wp-image-619\" src=\"https:\/\/www.combattenti-interalleati.it\/wp-content\/uploads\/2023\/11\/IMG-20231104-WA0041-135x300.jpg\" alt=\"\" width=\"135\" height=\"300\" srcset=\"https:\/\/www.combattenti-interalleati.it\/wp-content\/uploads\/2023\/11\/IMG-20231104-WA0041-135x300.jpg 135w, https:\/\/www.combattenti-interalleati.it\/wp-content\/uploads\/2023\/11\/IMG-20231104-WA0041-461x1024.jpg 461w, https:\/\/www.combattenti-interalleati.it\/wp-content\/uploads\/2023\/11\/IMG-20231104-WA0041-768x1707.jpg 768w, https:\/\/www.combattenti-interalleati.it\/wp-content\/uploads\/2023\/11\/IMG-20231104-WA0041-691x1536.jpg 691w, https:\/\/www.combattenti-interalleati.it\/wp-content\/uploads\/2023\/11\/IMG-20231104-WA0041.jpg 900w\" sizes=\"auto, (max-width: 135px) 100vw, 135px\" \/> <img loading=\"lazy\" decoding=\"async\" class=\"alignnone size-medium wp-image-620\" src=\"https:\/\/www.combattenti-interalleati.it\/wp-content\/uploads\/2023\/11\/IMG-20231104-WA0042-135x300.jpg\" alt=\"\" width=\"135\" height=\"300\" srcset=\"https:\/\/www.combattenti-interalleati.it\/wp-content\/uploads\/2023\/11\/IMG-20231104-WA0042-135x300.jpg 135w, https:\/\/www.combattenti-interalleati.it\/wp-content\/uploads\/2023\/11\/IMG-20231104-WA0042-461x1024.jpg 461w, https:\/\/www.combattenti-interalleati.it\/wp-content\/uploads\/2023\/11\/IMG-20231104-WA0042-768x1707.jpg 768w, https:\/\/www.combattenti-interalleati.it\/wp-content\/uploads\/2023\/11\/IMG-20231104-WA0042-691x1536.jpg 691w, https:\/\/www.combattenti-interalleati.it\/wp-content\/uploads\/2023\/11\/IMG-20231104-WA0042.jpg 900w\" sizes=\"auto, (max-width: 135px) 100vw, 135px\" \/> <img loading=\"lazy\" decoding=\"async\" class=\"alignnone size-medium wp-image-621\" src=\"https:\/\/www.combattenti-interalleati.it\/wp-content\/uploads\/2023\/11\/IMG-20231104-WA0044-300x135.jpg\" alt=\"\" width=\"300\" height=\"135\" srcset=\"https:\/\/www.combattenti-interalleati.it\/wp-content\/uploads\/2023\/11\/IMG-20231104-WA0044-300x135.jpg 300w, https:\/\/www.combattenti-interalleati.it\/wp-content\/uploads\/2023\/11\/IMG-20231104-WA0044-1024x461.jpg 1024w, https:\/\/www.combattenti-interalleati.it\/wp-content\/uploads\/2023\/11\/IMG-20231104-WA0044-768x346.jpg 768w, https:\/\/www.combattenti-interalleati.it\/wp-content\/uploads\/2023\/11\/IMG-20231104-WA0044-1536x691.jpg 1536w, https:\/\/www.combattenti-interalleati.it\/wp-content\/uploads\/2023\/11\/IMG-20231104-WA0044-1568x706.jpg 1568w, https:\/\/www.combattenti-interalleati.it\/wp-content\/uploads\/2023\/11\/IMG-20231104-WA0044.jpg 2000w\" sizes=\"auto, (max-width: 300px) 100vw, 300px\" \/> <img loading=\"lazy\" decoding=\"async\" class=\"alignnone size-medium wp-image-622\" src=\"https:\/\/www.combattenti-interalleati.it\/wp-content\/uploads\/2023\/11\/IMG-20231104-WA0045-300x135.jpg\" alt=\"\" width=\"300\" height=\"135\" srcset=\"https:\/\/www.combattenti-interalleati.it\/wp-content\/uploads\/2023\/11\/IMG-20231104-WA0045-300x135.jpg 300w, https:\/\/www.combattenti-interalleati.it\/wp-content\/uploads\/2023\/11\/IMG-20231104-WA0045-1024x461.jpg 1024w, https:\/\/www.combattenti-interalleati.it\/wp-content\/uploads\/2023\/11\/IMG-20231104-WA0045-768x346.jpg 768w, https:\/\/www.combattenti-interalleati.it\/wp-content\/uploads\/2023\/11\/IMG-20231104-WA0045-1536x691.jpg 1536w, https:\/\/www.combattenti-interalleati.it\/wp-content\/uploads\/2023\/11\/IMG-20231104-WA0045-1568x706.jpg 1568w, https:\/\/www.combattenti-interalleati.it\/wp-content\/uploads\/2023\/11\/IMG-20231104-WA0045.jpg 2000w\" sizes=\"auto, (max-width: 300px) 100vw, 300px\" \/><\/p>\n<p>Federazione di Savona &#8211; 4 novembre 2025<\/p>\n<p><img loading=\"lazy\" decoding=\"async\" class=\"alignnone size-medium wp-image-1049\" src=\"https:\/\/www.combattenti-interalleati.it\/wp-content\/uploads\/2025\/11\/574318aa-42e0-4acd-bcae-e9937ad6610a-300x169.jpg\" alt=\"\" width=\"300\" height=\"169\" srcset=\"https:\/\/www.combattenti-interalleati.it\/wp-content\/uploads\/2025\/11\/574318aa-42e0-4acd-bcae-e9937ad6610a-300x169.jpg 300w, https:\/\/www.combattenti-interalleati.it\/wp-content\/uploads\/2025\/11\/574318aa-42e0-4acd-bcae-e9937ad6610a-1024x576.jpg 1024w, https:\/\/www.combattenti-interalleati.it\/wp-content\/uploads\/2025\/11\/574318aa-42e0-4acd-bcae-e9937ad6610a-768x432.jpg 768w, https:\/\/www.combattenti-interalleati.it\/wp-content\/uploads\/2025\/11\/574318aa-42e0-4acd-bcae-e9937ad6610a-1536x864.jpg 1536w, https:\/\/www.combattenti-interalleati.it\/wp-content\/uploads\/2025\/11\/574318aa-42e0-4acd-bcae-e9937ad6610a-1568x882.jpg 1568w, https:\/\/www.combattenti-interalleati.it\/wp-content\/uploads\/2025\/11\/574318aa-42e0-4acd-bcae-e9937ad6610a.jpg 1599w\" sizes=\"auto, (max-width: 300px) 100vw, 300px\" \/><\/p>\n<p>Federazione di Savona &#8211; Virgo Fidelis 2025<\/p>\n<p><img loading=\"lazy\" decoding=\"async\" class=\"alignnone size-medium wp-image-1050\" src=\"https:\/\/www.combattenti-interalleati.it\/wp-content\/uploads\/2025\/11\/7c84fd7b-2799-4733-a201-8a3532559086-300x138.jpg\" alt=\"\" width=\"300\" height=\"138\" srcset=\"https:\/\/www.combattenti-interalleati.it\/wp-content\/uploads\/2025\/11\/7c84fd7b-2799-4733-a201-8a3532559086-300x138.jpg 300w, https:\/\/www.combattenti-interalleati.it\/wp-content\/uploads\/2025\/11\/7c84fd7b-2799-4733-a201-8a3532559086-1024x472.jpg 1024w, https:\/\/www.combattenti-interalleati.it\/wp-content\/uploads\/2025\/11\/7c84fd7b-2799-4733-a201-8a3532559086-768x354.jpg 768w, https:\/\/www.combattenti-interalleati.it\/wp-content\/uploads\/2025\/11\/7c84fd7b-2799-4733-a201-8a3532559086-1536x708.jpg 1536w, https:\/\/www.combattenti-interalleati.it\/wp-content\/uploads\/2025\/11\/7c84fd7b-2799-4733-a201-8a3532559086-1568x723.jpg 1568w, https:\/\/www.combattenti-interalleati.it\/wp-content\/uploads\/2025\/11\/7c84fd7b-2799-4733-a201-8a3532559086.jpg 1600w\" sizes=\"auto, (max-width: 300px) 100vw, 300px\" \/><\/p>\n<p>Federazione di Savona &#8211; Visita del Principe Alberto II a Stella (SV)<\/p>\n<p><img loading=\"lazy\" decoding=\"async\" class=\"alignnone size-medium wp-image-1051\" src=\"https:\/\/www.combattenti-interalleati.it\/wp-content\/uploads\/2025\/11\/7e5508cf-1190-45bc-a2ee-bcd6eef4456f-300x169.jpg\" alt=\"\" width=\"300\" height=\"169\" srcset=\"https:\/\/www.combattenti-interalleati.it\/wp-content\/uploads\/2025\/11\/7e5508cf-1190-45bc-a2ee-bcd6eef4456f-300x169.jpg 300w, https:\/\/www.combattenti-interalleati.it\/wp-content\/uploads\/2025\/11\/7e5508cf-1190-45bc-a2ee-bcd6eef4456f-1024x576.jpg 1024w, https:\/\/www.combattenti-interalleati.it\/wp-content\/uploads\/2025\/11\/7e5508cf-1190-45bc-a2ee-bcd6eef4456f-768x432.jpg 768w, https:\/\/www.combattenti-interalleati.it\/wp-content\/uploads\/2025\/11\/7e5508cf-1190-45bc-a2ee-bcd6eef4456f-1536x864.jpg 1536w, https:\/\/www.combattenti-interalleati.it\/wp-content\/uploads\/2025\/11\/7e5508cf-1190-45bc-a2ee-bcd6eef4456f-1568x882.jpg 1568w, https:\/\/www.combattenti-interalleati.it\/wp-content\/uploads\/2025\/11\/7e5508cf-1190-45bc-a2ee-bcd6eef4456f.jpg 2000w\" sizes=\"auto, (max-width: 300px) 100vw, 300px\" \/> <img loading=\"lazy\" decoding=\"async\" class=\"alignnone size-medium wp-image-1052\" src=\"https:\/\/www.combattenti-interalleati.it\/wp-content\/uploads\/2025\/11\/c5f6756b-e593-4f58-b2c4-0e7e9568811f-169x300.jpg\" alt=\"\" width=\"169\" height=\"300\" srcset=\"https:\/\/www.combattenti-interalleati.it\/wp-content\/uploads\/2025\/11\/c5f6756b-e593-4f58-b2c4-0e7e9568811f-169x300.jpg 169w, https:\/\/www.combattenti-interalleati.it\/wp-content\/uploads\/2025\/11\/c5f6756b-e593-4f58-b2c4-0e7e9568811f-576x1024.jpg 576w, https:\/\/www.combattenti-interalleati.it\/wp-content\/uploads\/2025\/11\/c5f6756b-e593-4f58-b2c4-0e7e9568811f-768x1365.jpg 768w, https:\/\/www.combattenti-interalleati.it\/wp-content\/uploads\/2025\/11\/c5f6756b-e593-4f58-b2c4-0e7e9568811f-864x1536.jpg 864w, https:\/\/www.combattenti-interalleati.it\/wp-content\/uploads\/2025\/11\/c5f6756b-e593-4f58-b2c4-0e7e9568811f.jpg 1125w\" sizes=\"auto, (max-width: 169px) 100vw, 169px\" \/><\/p>\n","protected":false},"excerpt":{"rendered":"<p>SFILATA DEL 2 GIUGNO 2026\u00a0 ROMA FORI IMPERIALI &nbsp; &nbsp; &nbsp; Presidenza nazionale (Pres. Vittorio Galoppini di Carpenedolo) Roma 15 dicembre 2015 Articolo pubblicato sul sito web dell&#8217;Associazione nazionale fra mutilati ed invalidi di guerra (ANMIG) Medaglia della Liberazione: oggi la consegna a 12 Associazioni Questa mattina, a Palazzo Barberini, si \u00e8 svolta la cerimonia&hellip; <a class=\"more-link\" href=\"https:\/\/www.combattenti-interalleati.it\/?page_id=86\">Continua a leggere <span class=\"screen-reader-text\">foto<\/span><\/a><\/p>\n","protected":false},"author":1,"featured_media":0,"parent":0,"menu_order":0,"comment_status":"closed","ping_status":"closed","template":"","meta":{"footnotes":""},"class_list":["post-86","page","type-page","status-publish","hentry","entry"],"_links":{"self":[{"href":"https:\/\/www.combattenti-interalleati.it\/index.php?rest_route=\/wp\/v2\/pages\/86","targetHints":{"allow":["GET"]}}],"collection":[{"href":"https:\/\/www.combattenti-interalleati.it\/index.php?rest_route=\/wp\/v2\/pages"}],"about":[{"href":"https:\/\/www.combattenti-interalleati.it\/index.php?rest_route=\/wp\/v2\/types\/page"}],"author":[{"embeddable":true,"href":"https:\/\/www.combattenti-interalleati.it\/index.php?rest_route=\/wp\/v2\/users\/1"}],"replies":[{"embeddable":true,"href":"https:\/\/www.combattenti-interalleati.it\/index.php?rest_route=%2Fwp%2Fv2%2Fcomments&post=86"}],"version-history":[{"count":42,"href":"https:\/\/www.combattenti-interalleati.it\/index.php?rest_route=\/wp\/v2\/pages\/86\/revisions"}],"predecessor-version":[{"id":1123,"href":"https:\/\/www.combattenti-interalleati.it\/index.php?rest_route=\/wp\/v2\/pages\/86\/revisions\/1123"}],"wp:attachment":[{"href":"https:\/\/www.combattenti-interalleati.it\/index.php?rest_route=%2Fwp%2Fv2%2Fmedia&parent=86"}],"curies":[{"name":"wp","href":"https:\/\/api.w.org\/{rel}","templated":true}]}}